{"id":10007,"date":"2020-04-02T13:28:04","date_gmt":"2020-04-02T11:28:04","guid":{"rendered":"https:\/\/www.brazilecotour.com\/?page_id=10007"},"modified":"2024-03-23T20:28:10","modified_gmt":"2024-03-23T19:28:10","slug":"jericoacoara-saoluis","status":"publish","type":"page","link":"https:\/\/www.brazilecotour.com\/de\/jericoacoara-saoluis\/","title":{"rendered":"Die Route der Emotionen von S\u00e3o Luis nach Fortaleza"},"content":{"rendered":"\t\t<div data-elementor-type=\"wp-page\" data-elementor-id=\"10007\" class=\"elementor elementor-10007\">\n\t\t\t\t\t\t<section class=\"elementor-section elementor-top-section elementor-element elementor-element-4c10ef9 elementor-section-height-min-height elementor-section-boxed elementor-section-height-default elementor-section-items-middle elementor-invisible\" data-id=\"4c10ef9\" data-element_type=\"section\" data-e-type=\"section\" data-settings=\"{&quot;background_background&quot;:&quot;classic&quot;,&quot;animation&quot;:&quot;fadeIn&quot;}\">\n\t\t\t\t\t\t\t<div class=\"elementor-background-overlay\"><\/div>\n\t\t\t\t\t\t\t<div class=\"elementor-container elementor-column-gap-default\">\n\t\t\t\t\t<div class=\"elementor-column elementor-col-100 elementor-top-column elementor-element elementor-element-4a63c5fa\" data-id=\"4a63c5fa\" data-element_type=\"column\" data-e-type=\"column\">\n\t\t\t<div class=\"elementor-widget-wrap elementor-element-populated\">\n\t\t\t\t\t\t<section class=\"elementor-section elementor-inner-section elementor-element elementor-element-75fcd1ec elementor-section-boxed elementor-section-height-default elementor-section-height-default\" data-id=\"75fcd1ec\" data-element_type=\"section\" data-e-type=\"section\">\n\t\t\t\t\t\t<div class=\"elementor-container elementor-column-gap-default\">\n\t\t\t\t\t<div class=\"elementor-column elementor-col-100 elementor-inner-column elementor-element elementor-element-5b44f431\" data-id=\"5b44f431\" data-element_type=\"column\" data-e-type=\"column\">\n\t\t\t<div class=\"elementor-widget-wrap elementor-element-populated\">\n\t\t\t\t\t\t<div class=\"elementor-element elementor-element-3c81cf7f elementor-invisible elementor-widget elementor-widget-heading\" data-id=\"3c81cf7f\" data-element_type=\"widget\" data-e-type=\"widget\" data-settings=\"{&quot;_animation&quot;:&quot;fadeInUp&quot;,&quot;_animation_delay&quot;:400}\" data-widget_type=\"heading.default\">\n\t\t\t\t<div class=\"elementor-widget-container\">\n\t\t\t\t\t<h1 class=\"elementor-heading-title elementor-size-default\">Die Route der Emotionen von S\u00e3o Luis nach Fortaleza<\/h1>\t\t\t\t<\/div>\n\t\t\t\t<\/div>\n\t\t\t\t\t<\/div>\n\t\t<\/div>\n\t\t\t\t\t<\/div>\n\t\t<\/section>\n\t\t\t\t\t<\/div>\n\t\t<\/div>\n\t\t\t\t\t<\/div>\n\t\t<\/section>\n\t\t\t\t<section class=\"elementor-section elementor-top-section elementor-element elementor-element-34ff88a8 elementor-section-boxed elementor-section-height-default elementor-section-height-default\" data-id=\"34ff88a8\" data-element_type=\"section\" data-e-type=\"section\" data-settings=\"{&quot;background_background&quot;:&quot;classic&quot;}\">\n\t\t\t\t\t\t<div class=\"elementor-container elementor-column-gap-default\">\n\t\t\t\t\t<div class=\"elementor-column elementor-col-33 elementor-top-column elementor-element elementor-element-7c116bc6\" data-id=\"7c116bc6\" data-element_type=\"column\" data-e-type=\"column\">\n\t\t\t<div class=\"elementor-widget-wrap elementor-element-populated\">\n\t\t\t\t\t\t<div class=\"elementor-element elementor-element-6fe29167 elementor-invisible elementor-widget elementor-widget-image\" data-id=\"6fe29167\" data-element_type=\"widget\" data-e-type=\"widget\" data-settings=\"{&quot;_animation&quot;:&quot;fadeInUp&quot;,&quot;_animation_delay&quot;:300}\" data-widget_type=\"image.default\">\n\t\t\t\t<div class=\"elementor-widget-container\">\n\t\t\t\t\t\t\t\t\t\t\t\t\t\t\t\t<a href=\"https:\/\/www.brazilecotour.com\/wp-content\/uploads\/2021\/02\/trek-lencois-maranhenses-1.jpg\" data-elementor-open-lightbox=\"yes\" data-elementor-lightbox-title=\"trek len\u00e7ois maranhenses\" data-elementor-lightbox-description=\"trek len\u00e7ois maranhenses\" data-e-action-hash=\"#elementor-action%3Aaction%3Dlightbox%26settings%3DeyJpZCI6MTczNzUsInVybCI6Imh0dHBzOlwvXC93d3cuYnJhemlsZWNvdG91ci5jb21cL3dwLWNvbnRlbnRcL3VwbG9hZHNcLzIwMjFcLzAyXC90cmVrLWxlbmNvaXMtbWFyYW5oZW5zZXMtMS5qcGcifQ%3D%3D\">\n\t\t\t\t\t\t\t<img decoding=\"async\" src=\"https:\/\/www.brazilecotour.com\/wp-content\/uploads\/elementor\/thumbs\/trek-lencois-maranhenses-1-p3fszzl9h29ehiv80zj9ao90vlq1yhvw7a055k9gt8.jpg\" title=\"trek len\u00e7ois maranhenses\" alt=\"trek len\u00e7ois maranhenses\" class=\"elementor-animation-shrink\" loading=\"lazy\" \/>\t\t\t\t\t\t\t\t<\/a>\n\t\t\t\t\t\t\t\t\t\t\t\t\t\t\t<\/div>\n\t\t\t\t<\/div>\n\t\t\t\t<div class=\"elementor-element elementor-element-5af94ee3 elementor-invisible elementor-widget elementor-widget-heading\" data-id=\"5af94ee3\" data-element_type=\"widget\" data-e-type=\"widget\" data-settings=\"{&quot;_animation&quot;:&quot;fadeInUp&quot;,&quot;_animation_delay&quot;:500}\" data-widget_type=\"heading.default\">\n\t\t\t\t<div class=\"elementor-widget-container\">\n\t\t\t\t\t<h2 class=\"elementor-heading-title elementor-size-default\"><a href=\"#\">Atins Trekking<\/a><\/h2>\t\t\t\t<\/div>\n\t\t\t\t<\/div>\n\t\t\t\t\t<\/div>\n\t\t<\/div>\n\t\t\t\t<div class=\"elementor-column elementor-col-33 elementor-top-column elementor-element elementor-element-2046591b\" data-id=\"2046591b\" data-element_type=\"column\" data-e-type=\"column\">\n\t\t\t<div class=\"elementor-widget-wrap elementor-element-populated\">\n\t\t\t\t\t\t<div class=\"elementor-element elementor-element-6f6c5f8a elementor-invisible elementor-widget elementor-widget-image\" data-id=\"6f6c5f8a\" data-element_type=\"widget\" data-e-type=\"widget\" data-settings=\"{&quot;_animation&quot;:&quot;fadeInUp&quot;,&quot;_animation_delay&quot;:400}\" data-widget_type=\"image.default\">\n\t\t\t\t<div class=\"elementor-widget-container\">\n\t\t\t\t\t\t\t\t\t\t\t\t\t\t\t\t<a href=\"https:\/\/www.brazilecotour.com\/wp-content\/uploads\/2021\/03\/Atins-Tour-Lencois-Maranhenses.jpg\" data-elementor-open-lightbox=\"yes\" data-elementor-lightbox-title=\"Atins Tour Len\u00e7ois Maranhenses\" data-elementor-lightbox-description=\"Atins Tour Len\u00e7ois Maranhenses\" data-e-action-hash=\"#elementor-action%3Aaction%3Dlightbox%26settings%3DeyJpZCI6MTc5NTUsInVybCI6Imh0dHBzOlwvXC93d3cuYnJhemlsZWNvdG91ci5jb21cL3dwLWNvbnRlbnRcL3VwbG9hZHNcLzIwMjFcLzAzXC9BdGlucy1Ub3VyLUxlbmNvaXMtTWFyYW5oZW5zZXMuanBnIn0%3D\">\n\t\t\t\t\t\t\t<img decoding=\"async\" src=\"https:\/\/www.brazilecotour.com\/wp-content\/uploads\/elementor\/thumbs\/Atins-Tour-Lencois-Maranhenses-p3leq3q5adjrgw8ndkqqtlr37xom9mz8beqfh6ni3g.jpg\" title=\"Atins Tour Len\u00e7ois Maranhenses\" alt=\"Atins Tour Len\u00e7ois Maranhenses\" class=\"elementor-animation-shrink\" loading=\"lazy\" \/>\t\t\t\t\t\t\t\t<\/a>\n\t\t\t\t\t\t\t\t\t\t\t\t\t\t\t<\/div>\n\t\t\t\t<\/div>\n\t\t\t\t<div class=\"elementor-element elementor-element-1439d882 elementor-invisible elementor-widget elementor-widget-heading\" data-id=\"1439d882\" data-element_type=\"widget\" data-e-type=\"widget\" data-settings=\"{&quot;_animation&quot;:&quot;fadeInUp&quot;,&quot;_animation_delay&quot;:500}\" data-widget_type=\"heading.default\">\n\t\t\t\t<div class=\"elementor-widget-container\">\n\t\t\t\t\t<h2 class=\"elementor-heading-title elementor-size-default\"><a href=\"#\">Len\u00e7ois Maranhenses Tour <\/a><\/h2>\t\t\t\t<\/div>\n\t\t\t\t<\/div>\n\t\t\t\t\t<\/div>\n\t\t<\/div>\n\t\t\t\t<div class=\"elementor-column elementor-col-33 elementor-top-column elementor-element elementor-element-6077a590\" data-id=\"6077a590\" data-element_type=\"column\" data-e-type=\"column\">\n\t\t\t<div class=\"elementor-widget-wrap elementor-element-populated\">\n\t\t\t\t\t\t<div class=\"elementor-element elementor-element-5947176f elementor-invisible elementor-widget elementor-widget-image\" data-id=\"5947176f\" data-element_type=\"widget\" data-e-type=\"widget\" data-settings=\"{&quot;_animation&quot;:&quot;fadeInUp&quot;,&quot;_animation_delay&quot;:500}\" data-widget_type=\"image.default\">\n\t\t\t\t<div class=\"elementor-widget-container\">\n\t\t\t\t\t\t\t\t\t\t\t\t\t\t\t\t<a href=\"https:\/\/www.brazilecotour.com\/wp-content\/uploads\/2021\/02\/lencois-maranhenses-national-park-brazil.png\" data-elementor-open-lightbox=\"yes\" data-elementor-lightbox-title=\"len\u00e7ois maranhenses national park brazil\" data-elementor-lightbox-description=\"len\u00e7ois maranhenses national park brazil\" data-e-action-hash=\"#elementor-action%3Aaction%3Dlightbox%26settings%3DeyJpZCI6MTM3MDYsInVybCI6Imh0dHBzOlwvXC93d3cuYnJhemlsZWNvdG91ci5jb21cL3dwLWNvbnRlbnRcL3VwbG9hZHNcLzIwMjFcLzAyXC9sZW5jb2lzLW1hcmFuaGVuc2VzLW5hdGlvbmFsLXBhcmstYnJhemlsLnBuZyJ9\">\n\t\t\t\t\t\t\t<img decoding=\"async\" src=\"https:\/\/www.brazilecotour.com\/wp-content\/uploads\/elementor\/thumbs\/lencois-maranhenses-national-park-brazil-p2s2dyii05vvr88q17901dguljkhkkvo9kgcj1d1ek.png\" title=\"len\u00e7ois maranhenses national park brazil\" alt=\"len\u00e7ois maranhenses national park brazil\" class=\"elementor-animation-shrink\" loading=\"lazy\" \/>\t\t\t\t\t\t\t\t<\/a>\n\t\t\t\t\t\t\t\t\t\t\t\t\t\t\t<\/div>\n\t\t\t\t<\/div>\n\t\t\t\t<div class=\"elementor-element elementor-element-7e33747a elementor-invisible elementor-widget elementor-widget-heading\" data-id=\"7e33747a\" data-element_type=\"widget\" data-e-type=\"widget\" data-settings=\"{&quot;_animation&quot;:&quot;fadeInUp&quot;,&quot;_animation_delay&quot;:500}\" data-widget_type=\"heading.default\">\n\t\t\t\t<div class=\"elementor-widget-container\">\n\t\t\t\t\t<h2 class=\"elementor-heading-title elementor-size-default\"><a href=\"#\">Santo Amaro Len\u00e7ois Maranhenses<\/a><\/h2>\t\t\t\t<\/div>\n\t\t\t\t<\/div>\n\t\t\t\t\t<\/div>\n\t\t<\/div>\n\t\t\t\t\t<\/div>\n\t\t<\/section>\n\t\t\t\t<section class=\"elementor-section elementor-top-section elementor-element elementor-element-56d34f7f elementor-section-boxed elementor-section-height-default elementor-section-height-default\" data-id=\"56d34f7f\" data-element_type=\"section\" data-e-type=\"section\" data-settings=\"{&quot;background_background&quot;:&quot;classic&quot;}\">\n\t\t\t\t\t\t<div class=\"elementor-container elementor-column-gap-default\">\n\t\t\t\t\t<div class=\"elementor-column elementor-col-50 elementor-top-column elementor-element elementor-element-72752987 elementor-invisible\" data-id=\"72752987\" data-element_type=\"column\" data-e-type=\"column\" data-settings=\"{&quot;animation&quot;:&quot;fadeInUp&quot;,&quot;animation_delay&quot;:300,&quot;background_background&quot;:&quot;classic&quot;}\">\n\t\t\t<div class=\"elementor-widget-wrap elementor-element-populated\">\n\t\t\t\t\t\t<div class=\"elementor-element elementor-element-2cfaaf7 elementor-widget elementor-widget-image\" data-id=\"2cfaaf7\" data-element_type=\"widget\" data-e-type=\"widget\" data-widget_type=\"image.default\">\n\t\t\t\t<div class=\"elementor-widget-container\">\n\t\t\t\t\t\t\t\t\t\t\t\t\t\t\t<img fetchpriority=\"high\" decoding=\"async\" width=\"660\" height=\"467\" src=\"https:\/\/www.brazilecotour.com\/wp-content\/uploads\/2021\/02\/map-lencois-maranhenses-atins-1024x724.jpg\" class=\"attachment-large size-large wp-image-13694\" alt=\"map-len\u00e7ois-maranhenses-atins\" srcset=\"https:\/\/www.brazilecotour.com\/wp-content\/uploads\/2021\/02\/map-lencois-maranhenses-atins-1024x724.jpg 1024w, https:\/\/www.brazilecotour.com\/wp-content\/uploads\/2021\/02\/map-lencois-maranhenses-atins-300x212.jpg 300w, https:\/\/www.brazilecotour.com\/wp-content\/uploads\/2021\/02\/map-lencois-maranhenses-atins-768x543.jpg 768w, https:\/\/www.brazilecotour.com\/wp-content\/uploads\/2021\/02\/map-lencois-maranhenses-atins.jpg 1080w\" sizes=\"(max-width: 660px) 100vw, 660px\" \/>\t\t\t\t\t\t\t\t\t\t\t\t\t\t\t<\/div>\n\t\t\t\t<\/div>\n\t\t\t\t<div class=\"elementor-element elementor-element-4a66410f elementor-widget elementor-widget-spacer\" data-id=\"4a66410f\" data-element_type=\"widget\" data-e-type=\"widget\" data-widget_type=\"spacer.default\">\n\t\t\t\t<div class=\"elementor-widget-container\">\n\t\t\t\t\t\t\t<div class=\"elementor-spacer\">\n\t\t\t<div class=\"elementor-spacer-inner\"><\/div>\n\t\t<\/div>\n\t\t\t\t\t\t<\/div>\n\t\t\t\t<\/div>\n\t\t\t\t\t<\/div>\n\t\t<\/div>\n\t\t\t\t<div class=\"elementor-column elementor-col-50 elementor-top-column elementor-element elementor-element-1511b81c\" data-id=\"1511b81c\" data-element_type=\"column\" data-e-type=\"column\">\n\t\t\t<div class=\"elementor-widget-wrap elementor-element-populated\">\n\t\t\t\t\t\t<div class=\"elementor-element elementor-element-21991753 elementor-invisible elementor-widget elementor-widget-text-editor\" data-id=\"21991753\" data-element_type=\"widget\" data-e-type=\"widget\" data-settings=\"{&quot;_animation&quot;:&quot;fadeInUp&quot;,&quot;_animation_delay&quot;:500}\" data-widget_type=\"text-editor.default\">\n\t\t\t\t<div class=\"elementor-widget-container\">\n\t\t\t\t\t\t\t\t\t<h3>Brazil Ecotour Ihr Reiseb\u00fcro in Brasilien<\/h3>\t\t\t\t\t\t\t\t<\/div>\n\t\t\t\t<\/div>\n\t\t\t\t<div class=\"elementor-element elementor-element-41daedac elementor-invisible elementor-widget elementor-widget-text-editor\" data-id=\"41daedac\" data-element_type=\"widget\" data-e-type=\"widget\" data-settings=\"{&quot;_animation&quot;:&quot;fadeInUp&quot;,&quot;_animation_delay&quot;:500}\" data-widget_type=\"text-editor.default\">\n\t\t\t\t<div class=\"elementor-widget-container\">\n\t\t\t\t\t\t\t\t\t<h4><strong>S\u00e3o luis \u2013 Barreirinhas \u2013 Atins \u2013 Deltas das Americas \u2013 Camocim \u2013 Jericoacoara<\/strong><\/h4>\t\t\t\t\t\t\t\t<\/div>\n\t\t\t\t<\/div>\n\t\t\t\t\t<\/div>\n\t\t<\/div>\n\t\t\t\t\t<\/div>\n\t\t<\/section>\n\t\t\t\t<section class=\"elementor-section elementor-top-section elementor-element elementor-element-542b239d elementor-section-height-min-height elementor-section-boxed elementor-section-height-default elementor-section-items-middle elementor-invisible\" data-id=\"542b239d\" data-element_type=\"section\" data-e-type=\"section\" data-settings=\"{&quot;background_background&quot;:&quot;classic&quot;,&quot;animation&quot;:&quot;fadeIn&quot;}\">\n\t\t\t\t\t\t\t<div class=\"elementor-background-overlay\"><\/div>\n\t\t\t\t\t\t\t<div class=\"elementor-container elementor-column-gap-default\">\n\t\t\t\t\t<div class=\"elementor-column elementor-col-100 elementor-top-column elementor-element elementor-element-7a15ed90\" data-id=\"7a15ed90\" data-element_type=\"column\" data-e-type=\"column\">\n\t\t\t<div class=\"elementor-widget-wrap elementor-element-populated\">\n\t\t\t\t\t\t<section class=\"elementor-section elementor-inner-section elementor-element elementor-element-35804a7f elementor-section-boxed elementor-section-height-default elementor-section-height-default\" data-id=\"35804a7f\" data-element_type=\"section\" data-e-type=\"section\">\n\t\t\t\t\t\t<div class=\"elementor-container elementor-column-gap-default\">\n\t\t\t\t\t<div class=\"elementor-column elementor-col-100 elementor-inner-column elementor-element elementor-element-731b77b5\" data-id=\"731b77b5\" data-element_type=\"column\" data-e-type=\"column\">\n\t\t\t<div class=\"elementor-widget-wrap elementor-element-populated\">\n\t\t\t\t\t\t<div class=\"elementor-element elementor-element-5addcac8 elementor-invisible elementor-widget elementor-widget-heading\" data-id=\"5addcac8\" data-element_type=\"widget\" data-e-type=\"widget\" data-settings=\"{&quot;_animation&quot;:&quot;fadeInUp&quot;,&quot;_animation_delay&quot;:400}\" data-widget_type=\"heading.default\">\n\t\t\t\t<div class=\"elementor-widget-container\">\n\t\t\t\t\t<h2 class=\"elementor-heading-title elementor-size-default\">Len\u00e7ois Maranhenses <\/h2>\t\t\t\t<\/div>\n\t\t\t\t<\/div>\n\t\t\t\t\t<\/div>\n\t\t<\/div>\n\t\t\t\t\t<\/div>\n\t\t<\/section>\n\t\t\t\t\t<\/div>\n\t\t<\/div>\n\t\t\t\t\t<\/div>\n\t\t<\/section>\n\t\t\t\t<section class=\"elementor-section elementor-top-section elementor-element elementor-element-4261674c elementor-section-boxed elementor-section-height-default elementor-section-height-default\" data-id=\"4261674c\" data-element_type=\"section\" data-e-type=\"section\" data-settings=\"{&quot;background_background&quot;:&quot;classic&quot;}\">\n\t\t\t\t\t\t<div class=\"elementor-container elementor-column-gap-default\">\n\t\t\t\t\t<div class=\"elementor-column elementor-col-100 elementor-top-column elementor-element elementor-element-147bce25\" data-id=\"147bce25\" data-element_type=\"column\" data-e-type=\"column\">\n\t\t\t<div class=\"elementor-widget-wrap elementor-element-populated\">\n\t\t\t\t\t\t<section class=\"elementor-section elementor-inner-section elementor-element elementor-element-8f80643 elementor-section-boxed elementor-section-height-default elementor-section-height-default\" data-id=\"8f80643\" data-element_type=\"section\" data-e-type=\"section\">\n\t\t\t\t\t\t<div class=\"elementor-container elementor-column-gap-default\">\n\t\t\t\t\t<div class=\"elementor-column elementor-col-50 elementor-inner-column elementor-element elementor-element-237c921b elementor-invisible\" data-id=\"237c921b\" data-element_type=\"column\" data-e-type=\"column\" data-settings=\"{&quot;animation&quot;:&quot;fadeInLeft&quot;,&quot;animation_delay&quot;:300}\">\n\t\t\t<div class=\"elementor-widget-wrap elementor-element-populated\">\n\t\t\t\t\t\t<div class=\"elementor-element elementor-element-56adcef5 elementor-widget elementor-widget-image\" data-id=\"56adcef5\" data-element_type=\"widget\" data-e-type=\"widget\" data-widget_type=\"image.default\">\n\t\t\t\t<div class=\"elementor-widget-container\">\n\t\t\t\t\t\t\t\t\t\t\t\t\t\t\t<img decoding=\"async\" width=\"1500\" height=\"998\" src=\"https:\/\/www.brazilecotour.com\/wp-content\/uploads\/2017\/05\/THE-ROUTE-OF-EMOTION-FROM-SAO-LUIS-TO-JERICOACOARA2.jpg\" class=\"attachment-full size-full wp-image-10481\" alt=\"\" srcset=\"https:\/\/www.brazilecotour.com\/wp-content\/uploads\/2017\/05\/THE-ROUTE-OF-EMOTION-FROM-SAO-LUIS-TO-JERICOACOARA2.jpg 1500w, https:\/\/www.brazilecotour.com\/wp-content\/uploads\/2017\/05\/THE-ROUTE-OF-EMOTION-FROM-SAO-LUIS-TO-JERICOACOARA2-300x200.jpg 300w, https:\/\/www.brazilecotour.com\/wp-content\/uploads\/2017\/05\/THE-ROUTE-OF-EMOTION-FROM-SAO-LUIS-TO-JERICOACOARA2-768x511.jpg 768w, https:\/\/www.brazilecotour.com\/wp-content\/uploads\/2017\/05\/THE-ROUTE-OF-EMOTION-FROM-SAO-LUIS-TO-JERICOACOARA2-1024x681.jpg 1024w, https:\/\/www.brazilecotour.com\/wp-content\/uploads\/2017\/05\/THE-ROUTE-OF-EMOTION-FROM-SAO-LUIS-TO-JERICOACOARA2-960x639.jpg 960w, https:\/\/www.brazilecotour.com\/wp-content\/uploads\/2017\/05\/THE-ROUTE-OF-EMOTION-FROM-SAO-LUIS-TO-JERICOACOARA2-440x293.jpg 440w\" sizes=\"(max-width: 1500px) 100vw, 1500px\" \/>\t\t\t\t\t\t\t\t\t\t\t\t\t\t\t<\/div>\n\t\t\t\t<\/div>\n\t\t\t\t\t<\/div>\n\t\t<\/div>\n\t\t\t\t<div class=\"elementor-column elementor-col-50 elementor-inner-column elementor-element elementor-element-3d322f28 elementor-invisible\" data-id=\"3d322f28\" data-element_type=\"column\" data-e-type=\"column\" data-settings=\"{&quot;background_background&quot;:&quot;classic&quot;,&quot;animation&quot;:&quot;fadeInRight&quot;,&quot;animation_delay&quot;:350}\">\n\t\t\t<div class=\"elementor-widget-wrap elementor-element-populated\">\n\t\t\t\t\t\t<div class=\"elementor-element elementor-element-aa33868 elementor-invisible elementor-widget elementor-widget-heading\" data-id=\"aa33868\" data-element_type=\"widget\" data-e-type=\"widget\" data-settings=\"{&quot;_animation&quot;:&quot;fadeInUp&quot;,&quot;_animation_delay&quot;:400}\" data-widget_type=\"heading.default\">\n\t\t\t\t<div class=\"elementor-widget-container\">\n\t\t\t\t\t<h3 class=\"elementor-heading-title elementor-size-default\">Tag 01 :<\/h3>\t\t\t\t<\/div>\n\t\t\t\t<\/div>\n\t\t\t\t<div class=\"elementor-element elementor-element-4cac746e elementor-invisible elementor-widget elementor-widget-heading\" data-id=\"4cac746e\" data-element_type=\"widget\" data-e-type=\"widget\" data-settings=\"{&quot;_animation&quot;:&quot;fadeInUp&quot;,&quot;_animation_delay&quot;:500}\" data-widget_type=\"heading.default\">\n\t\t\t\t<div class=\"elementor-widget-container\">\n\t\t\t\t\t<h2 class=\"elementor-heading-title elementor-size-default\"> S\u00e3o luis \u2013 Barreirinhas Tour im Lencois-Maranhenses-Nationalpark<\/h2>\t\t\t\t<\/div>\n\t\t\t\t<\/div>\n\t\t\t\t<div class=\"elementor-element elementor-element-5f53040c elementor-invisible elementor-widget elementor-widget-text-editor\" data-id=\"5f53040c\" data-element_type=\"widget\" data-e-type=\"widget\" data-settings=\"{&quot;_animation&quot;:&quot;fadeInUp&quot;,&quot;_animation_delay&quot;:500}\" data-widget_type=\"text-editor.default\">\n\t\t\t\t<div class=\"elementor-widget-container\">\n\t\t\t\t\t\t\t\t\t<p style=\"text-align: left;\">Am Morgen holt Sie ein Sammeltransporter von Ihrem Hotel ab und f\u00e4hrt Sie in die kleine Stadt Barreirinhas. Die Fahrt dauert etwa 4h30.<br \/>Nach dem Mittagessen holt Sie ein Privatwagen mit einem lokalen F\u00fchrer an Ihrer Pousada ab und f\u00e4hrt Sie zu einer privaten Tour im Nationalpark Lencois Maranhenses, wo Sie in freier Zeit die D\u00fcnen besteigen und in den Lagunen schwimmen k\u00f6nnen. Sie kommen nach Sonnenuntergang zu Ihrer Pousada zur\u00fcck.<\/p><p style=\"text-align: left;\">Nacht in der Pousada in Barreirinhas<\/p>\t\t\t\t\t\t\t\t<\/div>\n\t\t\t\t<\/div>\n\t\t\t\t\t<\/div>\n\t\t<\/div>\n\t\t\t\t\t<\/div>\n\t\t<\/section>\n\t\t\t\t<section class=\"elementor-section elementor-inner-section elementor-element elementor-element-641c24e7 elementor-section-boxed elementor-section-height-default elementor-section-height-default\" data-id=\"641c24e7\" data-element_type=\"section\" data-e-type=\"section\">\n\t\t\t\t\t\t<div class=\"elementor-container elementor-column-gap-default\">\n\t\t\t\t\t<div class=\"elementor-column elementor-col-50 elementor-inner-column elementor-element elementor-element-e9bbf0a elementor-invisible\" data-id=\"e9bbf0a\" data-element_type=\"column\" data-e-type=\"column\" data-settings=\"{&quot;animation&quot;:&quot;fadeInLeft&quot;,&quot;animation_delay&quot;:300}\">\n\t\t\t<div class=\"elementor-widget-wrap elementor-element-populated\">\n\t\t\t\t\t\t<div class=\"elementor-element elementor-element-71c0196e elementor-widget elementor-widget-image\" data-id=\"71c0196e\" data-element_type=\"widget\" data-e-type=\"widget\" data-widget_type=\"image.default\">\n\t\t\t\t<div class=\"elementor-widget-container\">\n\t\t\t\t\t\t\t\t\t\t\t\t\t\t\t<img decoding=\"async\" width=\"1500\" height=\"1125\" src=\"https:\/\/www.brazilecotour.com\/wp-content\/uploads\/2017\/05\/IMG_0400.jpg\" class=\"attachment-full size-full wp-image-10691\" alt=\"\" srcset=\"https:\/\/www.brazilecotour.com\/wp-content\/uploads\/2017\/05\/IMG_0400.jpg 1500w, https:\/\/www.brazilecotour.com\/wp-content\/uploads\/2017\/05\/IMG_0400-300x225.jpg 300w, https:\/\/www.brazilecotour.com\/wp-content\/uploads\/2017\/05\/IMG_0400-768x576.jpg 768w, https:\/\/www.brazilecotour.com\/wp-content\/uploads\/2017\/05\/IMG_0400-1024x768.jpg 1024w, https:\/\/www.brazilecotour.com\/wp-content\/uploads\/2017\/05\/IMG_0400-960x720.jpg 960w, https:\/\/www.brazilecotour.com\/wp-content\/uploads\/2017\/05\/IMG_0400-440x330.jpg 440w\" sizes=\"(max-width: 1500px) 100vw, 1500px\" \/>\t\t\t\t\t\t\t\t\t\t\t\t\t\t\t<\/div>\n\t\t\t\t<\/div>\n\t\t\t\t\t<\/div>\n\t\t<\/div>\n\t\t\t\t<div class=\"elementor-column elementor-col-50 elementor-inner-column elementor-element elementor-element-5b3f4cd3 elementor-invisible\" data-id=\"5b3f4cd3\" data-element_type=\"column\" data-e-type=\"column\" data-settings=\"{&quot;background_background&quot;:&quot;classic&quot;,&quot;animation&quot;:&quot;fadeInRight&quot;,&quot;animation_delay&quot;:350}\">\n\t\t\t<div class=\"elementor-widget-wrap elementor-element-populated\">\n\t\t\t\t\t\t<div class=\"elementor-element elementor-element-23adcef8 elementor-invisible elementor-widget elementor-widget-heading\" data-id=\"23adcef8\" data-element_type=\"widget\" data-e-type=\"widget\" data-settings=\"{&quot;_animation&quot;:&quot;fadeInUp&quot;,&quot;_animation_delay&quot;:400}\" data-widget_type=\"heading.default\">\n\t\t\t\t<div class=\"elementor-widget-container\">\n\t\t\t\t\t<h3 class=\"elementor-heading-title elementor-size-default\">Tag 02:<\/h3>\t\t\t\t<\/div>\n\t\t\t\t<\/div>\n\t\t\t\t<div class=\"elementor-element elementor-element-4df0e60d elementor-invisible elementor-widget elementor-widget-heading\" data-id=\"4df0e60d\" data-element_type=\"widget\" data-e-type=\"widget\" data-settings=\"{&quot;_animation&quot;:&quot;fadeInUp&quot;,&quot;_animation_delay&quot;:500}\" data-widget_type=\"heading.default\">\n\t\t\t\t<div class=\"elementor-widget-container\">\n\t\t\t\t\t<h2 class=\"elementor-heading-title elementor-size-default\"> Barreirinhas \u2013 Atins Exkursion Rio Preguicas<\/h2>\t\t\t\t<\/div>\n\t\t\t\t<\/div>\n\t\t\t\t<div class=\"elementor-element elementor-element-7e526c6a elementor-invisible elementor-widget elementor-widget-text-editor\" data-id=\"7e526c6a\" data-element_type=\"widget\" data-e-type=\"widget\" data-settings=\"{&quot;_animation&quot;:&quot;fadeInUp&quot;,&quot;_animation_delay&quot;:500}\" data-widget_type=\"text-editor.default\">\n\t\t\t\t<div class=\"elementor-widget-container\">\n\t\t\t\t\t\t\t\t\t<p style=\"text-align: left;\">Am Morgen holt Sie ein privater Wagen von Ihrem Hotel ab und f\u00e4hrt Sie zum Hafen von Barreirinhas, wo ein privates Schnellboot auf Sie wartet, um Sie bis Atins zu einer privaten Tour zu bringen. Sie machen einen Zwischenstopp in der Gemeinde Vassouras. Dann ist der Leuchtturm von Mandacaru und das kleine Dorf Cabur\u00e9 unsere letzte Station, bevor Sie das kleine Fischerdorf Atins erreichen.<br \/>Freier Rest des Nachmittags<br \/>Nacht im Hotel in Atins<\/p>\t\t\t\t\t\t\t\t<\/div>\n\t\t\t\t<\/div>\n\t\t\t\t\t<\/div>\n\t\t<\/div>\n\t\t\t\t\t<\/div>\n\t\t<\/section>\n\t\t\t\t<section class=\"elementor-section elementor-inner-section elementor-element elementor-element-33917dbb elementor-section-boxed elementor-section-height-default elementor-section-height-default\" data-id=\"33917dbb\" data-element_type=\"section\" data-e-type=\"section\">\n\t\t\t\t\t\t<div class=\"elementor-container elementor-column-gap-default\">\n\t\t\t\t\t<div class=\"elementor-column elementor-col-50 elementor-inner-column elementor-element elementor-element-8417ac5 elementor-invisible\" data-id=\"8417ac5\" data-element_type=\"column\" data-e-type=\"column\" data-settings=\"{&quot;animation&quot;:&quot;fadeInLeft&quot;,&quot;animation_delay&quot;:300}\">\n\t\t\t<div class=\"elementor-widget-wrap elementor-element-populated\">\n\t\t\t\t\t\t<div class=\"elementor-element elementor-element-6343a4e2 elementor-widget elementor-widget-image\" data-id=\"6343a4e2\" data-element_type=\"widget\" data-e-type=\"widget\" data-widget_type=\"image.default\">\n\t\t\t\t<div class=\"elementor-widget-container\">\n\t\t\t\t\t\t\t\t\t\t\t\t\t\t\t<img loading=\"lazy\" decoding=\"async\" width=\"750\" height=\"928\" src=\"https:\/\/www.brazilecotour.com\/wp-content\/uploads\/2017\/12\/Brazil-LENCOIS-MARANHENSES-OFF-BEATEN-PATH-min.jpg\" class=\"attachment-full size-full wp-image-10885\" alt=\"\" srcset=\"https:\/\/www.brazilecotour.com\/wp-content\/uploads\/2017\/12\/Brazil-LENCOIS-MARANHENSES-OFF-BEATEN-PATH-min.jpg 750w, https:\/\/www.brazilecotour.com\/wp-content\/uploads\/2017\/12\/Brazil-LENCOIS-MARANHENSES-OFF-BEATEN-PATH-min-242x300.jpg 242w, https:\/\/www.brazilecotour.com\/wp-content\/uploads\/2017\/12\/Brazil-LENCOIS-MARANHENSES-OFF-BEATEN-PATH-min-440x544.jpg 440w\" sizes=\"(max-width: 750px) 100vw, 750px\" \/>\t\t\t\t\t\t\t\t\t\t\t\t\t\t\t<\/div>\n\t\t\t\t<\/div>\n\t\t\t\t\t<\/div>\n\t\t<\/div>\n\t\t\t\t<div class=\"elementor-column elementor-col-50 elementor-inner-column elementor-element elementor-element-6a1ed47e elementor-invisible\" data-id=\"6a1ed47e\" data-element_type=\"column\" data-e-type=\"column\" data-settings=\"{&quot;background_background&quot;:&quot;classic&quot;,&quot;animation&quot;:&quot;fadeInRight&quot;,&quot;animation_delay&quot;:350}\">\n\t\t\t<div class=\"elementor-widget-wrap elementor-element-populated\">\n\t\t\t\t\t\t<div class=\"elementor-element elementor-element-64d7bdab elementor-invisible elementor-widget elementor-widget-heading\" data-id=\"64d7bdab\" data-element_type=\"widget\" data-e-type=\"widget\" data-settings=\"{&quot;_animation&quot;:&quot;fadeInUp&quot;,&quot;_animation_delay&quot;:400}\" data-widget_type=\"heading.default\">\n\t\t\t\t<div class=\"elementor-widget-container\">\n\t\t\t\t\t<h3 class=\"elementor-heading-title elementor-size-default\">Tag 03: <\/h3>\t\t\t\t<\/div>\n\t\t\t\t<\/div>\n\t\t\t\t<div class=\"elementor-element elementor-element-7f12c074 elementor-invisible elementor-widget elementor-widget-heading\" data-id=\"7f12c074\" data-element_type=\"widget\" data-e-type=\"widget\" data-settings=\"{&quot;_animation&quot;:&quot;fadeInUp&quot;,&quot;_animation_delay&quot;:500}\" data-widget_type=\"heading.default\">\n\t\t\t\t<div class=\"elementor-widget-container\">\n\t\t\t\t\t<h2 class=\"elementor-heading-title elementor-size-default\">Atins Excurion Lencois Maranhenses-Nationalpark<\/h2>\t\t\t\t<\/div>\n\t\t\t\t<\/div>\n\t\t\t\t<div class=\"elementor-element elementor-element-6228ded2 elementor-invisible elementor-widget elementor-widget-text-editor\" data-id=\"6228ded2\" data-element_type=\"widget\" data-e-type=\"widget\" data-settings=\"{&quot;_animation&quot;:&quot;fadeInUp&quot;,&quot;_animation_delay&quot;:500}\" data-widget_type=\"text-editor.default\">\n\t\t\t\t<div class=\"elementor-widget-container\">\n\t\t\t\t\t\t\t\t\t<p style=\"text-align: left;\">Zur festgelegten Zeit holt Sie ein Privatwagen mit einem lokalen F\u00fchrer an Ihrer Pousada ab, um eine private Tour zur Lagoa Verde zu unternehmen. Freie Zeit, um die Lagunen und die D\u00fcnen zu genie\u00dfen. Auf dem R\u00fcckweg zu Ihrem Hotel machen Sie einen Zwischenstopp im Canto von Atins, wo Sie die besten Garnelen Brasiliens testen k\u00f6nnen.<\/p><p style=\"text-align: left;\">Nacht im Hotel in Atins<\/p>\t\t\t\t\t\t\t\t<\/div>\n\t\t\t\t<\/div>\n\t\t\t\t\t<\/div>\n\t\t<\/div>\n\t\t\t\t\t<\/div>\n\t\t<\/section>\n\t\t\t\t<section class=\"elementor-section elementor-inner-section elementor-element elementor-element-525eb5b elementor-section-boxed elementor-section-height-default elementor-section-height-default\" data-id=\"525eb5b\" data-element_type=\"section\" data-e-type=\"section\">\n\t\t\t\t\t\t<div class=\"elementor-container elementor-column-gap-default\">\n\t\t\t\t\t<div class=\"elementor-column elementor-col-50 elementor-inner-column elementor-element elementor-element-474c45b elementor-invisible\" data-id=\"474c45b\" data-element_type=\"column\" data-e-type=\"column\" data-settings=\"{&quot;animation&quot;:&quot;fadeInLeft&quot;,&quot;animation_delay&quot;:300}\">\n\t\t\t<div class=\"elementor-widget-wrap elementor-element-populated\">\n\t\t\t\t\t\t<div class=\"elementor-element elementor-element-b106bf4 elementor-widget elementor-widget-image\" data-id=\"b106bf4\" data-element_type=\"widget\" data-e-type=\"widget\" data-widget_type=\"image.default\">\n\t\t\t\t<div class=\"elementor-widget-container\">\n\t\t\t\t\t\t\t\t\t\t\t\t\t\t\t<img loading=\"lazy\" decoding=\"async\" width=\"1220\" height=\"860\" src=\"https:\/\/www.brazilecotour.com\/wp-content\/uploads\/2017\/05\/delta-of-parnaiba-www.brazilecotour.com-guaras-2016.jpg\" class=\"attachment-full size-full wp-image-10474\" alt=\"\" srcset=\"https:\/\/www.brazilecotour.com\/wp-content\/uploads\/2017\/05\/delta-of-parnaiba-www.brazilecotour.com-guaras-2016.jpg 1220w, https:\/\/www.brazilecotour.com\/wp-content\/uploads\/2017\/05\/delta-of-parnaiba-www.brazilecotour.com-guaras-2016-300x211.jpg 300w, https:\/\/www.brazilecotour.com\/wp-content\/uploads\/2017\/05\/delta-of-parnaiba-www.brazilecotour.com-guaras-2016-768x541.jpg 768w, https:\/\/www.brazilecotour.com\/wp-content\/uploads\/2017\/05\/delta-of-parnaiba-www.brazilecotour.com-guaras-2016-1024x722.jpg 1024w, https:\/\/www.brazilecotour.com\/wp-content\/uploads\/2017\/05\/delta-of-parnaiba-www.brazilecotour.com-guaras-2016-960x677.jpg 960w, https:\/\/www.brazilecotour.com\/wp-content\/uploads\/2017\/05\/delta-of-parnaiba-www.brazilecotour.com-guaras-2016-440x310.jpg 440w\" sizes=\"(max-width: 1220px) 100vw, 1220px\" \/>\t\t\t\t\t\t\t\t\t\t\t\t\t\t\t<\/div>\n\t\t\t\t<\/div>\n\t\t\t\t\t<\/div>\n\t\t<\/div>\n\t\t\t\t<div class=\"elementor-column elementor-col-50 elementor-inner-column elementor-element elementor-element-075c83e elementor-invisible\" data-id=\"075c83e\" data-element_type=\"column\" data-e-type=\"column\" data-settings=\"{&quot;background_background&quot;:&quot;classic&quot;,&quot;animation&quot;:&quot;fadeInRight&quot;,&quot;animation_delay&quot;:350}\">\n\t\t\t<div class=\"elementor-widget-wrap elementor-element-populated\">\n\t\t\t\t\t\t<div class=\"elementor-element elementor-element-754d518 elementor-invisible elementor-widget elementor-widget-heading\" data-id=\"754d518\" data-element_type=\"widget\" data-e-type=\"widget\" data-settings=\"{&quot;_animation&quot;:&quot;fadeInUp&quot;,&quot;_animation_delay&quot;:400}\" data-widget_type=\"heading.default\">\n\t\t\t\t<div class=\"elementor-widget-container\">\n\t\t\t\t\t<h3 class=\"elementor-heading-title elementor-size-default\">Tag 04: <\/h3>\t\t\t\t<\/div>\n\t\t\t\t<\/div>\n\t\t\t\t<div class=\"elementor-element elementor-element-eb0a693 elementor-invisible elementor-widget elementor-widget-heading\" data-id=\"eb0a693\" data-element_type=\"widget\" data-e-type=\"widget\" data-settings=\"{&quot;_animation&quot;:&quot;fadeInUp&quot;,&quot;_animation_delay&quot;:500}\" data-widget_type=\"heading.default\">\n\t\t\t\t<div class=\"elementor-widget-container\">\n\t\t\t\t\t<h2 class=\"elementor-heading-title elementor-size-default\">Atins \u2013 Cabur\u00e9 \u2013 Exkursion Delta of Americas \u2013 Ilha das Canarias<\/h2>\t\t\t\t<\/div>\n\t\t\t\t<\/div>\n\t\t\t\t<div class=\"elementor-element elementor-element-567e659 elementor-invisible elementor-widget elementor-widget-text-editor\" data-id=\"567e659\" data-element_type=\"widget\" data-e-type=\"widget\" data-settings=\"{&quot;_animation&quot;:&quot;fadeInUp&quot;,&quot;_animation_delay&quot;:500}\" data-widget_type=\"text-editor.default\">\n\t\t\t\t<div class=\"elementor-widget-container\">\n\t\t\t\t\t\t\t\t\t<p style=\"text-align: left;\">Am Morgen holt Sie ein Privatwagen von Ihrem Hotel ab. Das Auto wird Sie zum Hafen von Atins fahren. Dort wartet ein privates Schnellboot auf Sie, um den Fluss Rio Preguicas bis Cabur\u00e9 zu \u00fcberqueren.<br \/>In Cabur\u00e9 angekommen, werden Sie von einem Privatfahrzeug abgeholt. Ein privates 4\u00d74 wartet auf Sie am Hafen und f\u00e4hrt Sie in die kleine Stadt Tutoia. In Tutoia erwartet Sie ein Schnellboot, um das gesamte Delta von Parnaiba bis zur kanarischen Insel \u00ab\u00a0Ilha das Canarias\u00a0\u00bb zu \u00fcberqueren. Am Ende des Nachmittags erreichen Sie die \u00ab\u00a0Ilha das Canarias\u00a0\u00bb.<br \/>Nach dem Einchecken machen Sie eine Nachttour im Delta von Amerika, wo Sie die biologische Vielfalt des Deltas von Parnaiba sehen und genie\u00dfen k\u00f6nnen. In der Nacht kehren Sie zu Ihrer Pousada zur\u00fcck.<br \/>Nacht in einem Hotel in Parnaiba.<\/p>\t\t\t\t\t\t\t\t<\/div>\n\t\t\t\t<\/div>\n\t\t\t\t\t<\/div>\n\t\t<\/div>\n\t\t\t\t\t<\/div>\n\t\t<\/section>\n\t\t\t\t<section class=\"elementor-section elementor-inner-section elementor-element elementor-element-a9c3e1e elementor-section-boxed elementor-section-height-default elementor-section-height-default\" data-id=\"a9c3e1e\" data-element_type=\"section\" data-e-type=\"section\">\n\t\t\t\t\t\t<div class=\"elementor-container elementor-column-gap-default\">\n\t\t\t\t\t<div class=\"elementor-column elementor-col-50 elementor-inner-column elementor-element elementor-element-c176ae4 elementor-invisible\" data-id=\"c176ae4\" data-element_type=\"column\" data-e-type=\"column\" data-settings=\"{&quot;animation&quot;:&quot;fadeInLeft&quot;,&quot;animation_delay&quot;:300}\">\n\t\t\t<div class=\"elementor-widget-wrap elementor-element-populated\">\n\t\t\t\t\t\t<div class=\"elementor-element elementor-element-0850a6c elementor-widget elementor-widget-image\" data-id=\"0850a6c\" data-element_type=\"widget\" data-e-type=\"widget\" data-widget_type=\"image.default\">\n\t\t\t\t<div class=\"elementor-widget-container\">\n\t\t\t\t\t\t\t\t\t\t\t\t\t\t\t<img loading=\"lazy\" decoding=\"async\" width=\"1080\" height=\"700\" src=\"https:\/\/www.brazilecotour.com\/wp-content\/uploads\/2021\/03\/Guaras-Lencois-Maranhenses.jpg\" class=\"attachment-full size-full wp-image-17960\" alt=\"Guaras Len\u00e7ois Maranhenses\" srcset=\"https:\/\/www.brazilecotour.com\/wp-content\/uploads\/2021\/03\/Guaras-Lencois-Maranhenses.jpg 1080w, https:\/\/www.brazilecotour.com\/wp-content\/uploads\/2021\/03\/Guaras-Lencois-Maranhenses-300x194.jpg 300w, https:\/\/www.brazilecotour.com\/wp-content\/uploads\/2021\/03\/Guaras-Lencois-Maranhenses-1024x664.jpg 1024w, https:\/\/www.brazilecotour.com\/wp-content\/uploads\/2021\/03\/Guaras-Lencois-Maranhenses-768x498.jpg 768w\" sizes=\"(max-width: 1080px) 100vw, 1080px\" \/>\t\t\t\t\t\t\t\t\t\t\t\t\t\t\t<\/div>\n\t\t\t\t<\/div>\n\t\t\t\t\t<\/div>\n\t\t<\/div>\n\t\t\t\t<div class=\"elementor-column elementor-col-50 elementor-inner-column elementor-element elementor-element-15c3cdb elementor-invisible\" data-id=\"15c3cdb\" data-element_type=\"column\" data-e-type=\"column\" data-settings=\"{&quot;background_background&quot;:&quot;classic&quot;,&quot;animation&quot;:&quot;fadeInRight&quot;,&quot;animation_delay&quot;:350}\">\n\t\t\t<div class=\"elementor-widget-wrap elementor-element-populated\">\n\t\t\t\t\t\t<div class=\"elementor-element elementor-element-d4a34d9 elementor-invisible elementor-widget elementor-widget-heading\" data-id=\"d4a34d9\" data-element_type=\"widget\" data-e-type=\"widget\" data-settings=\"{&quot;_animation&quot;:&quot;fadeInUp&quot;,&quot;_animation_delay&quot;:400}\" data-widget_type=\"heading.default\">\n\t\t\t\t<div class=\"elementor-widget-container\">\n\t\t\t\t\t<h3 class=\"elementor-heading-title elementor-size-default\">Tag 05: <\/h3>\t\t\t\t<\/div>\n\t\t\t\t<\/div>\n\t\t\t\t<div class=\"elementor-element elementor-element-57f22b2 elementor-invisible elementor-widget elementor-widget-heading\" data-id=\"57f22b2\" data-element_type=\"widget\" data-e-type=\"widget\" data-settings=\"{&quot;_animation&quot;:&quot;fadeInUp&quot;,&quot;_animation_delay&quot;:500}\" data-widget_type=\"heading.default\">\n\t\t\t\t<div class=\"elementor-widget-container\">\n\t\t\t\t\t<h2 class=\"elementor-heading-title elementor-size-default\">Ilhas das Canarias \u2013 Camocim<\/h2>\t\t\t\t<\/div>\n\t\t\t\t<\/div>\n\t\t\t\t<div class=\"elementor-element elementor-element-2775c14 elementor-invisible elementor-widget elementor-widget-text-editor\" data-id=\"2775c14\" data-element_type=\"widget\" data-e-type=\"widget\" data-settings=\"{&quot;_animation&quot;:&quot;fadeInUp&quot;,&quot;_animation_delay&quot;:500}\" data-widget_type=\"text-editor.default\">\n\t\t\t\t<div class=\"elementor-widget-container\">\n\t\t\t\t\t\t\t\t\t<p style=\"text-align: left;\">Am Morgen erwartet Sie ein Privatboot an Ihrer Pousada, das Sie zum Hafen von Parnaiba f\u00e4hrt, wo ein Privatfahrzeug auf Sie wartet, um Sie in die kleine Stadt Camocim zu fahren. Die Fahrt dauert etwa 2 Stunden. Am Nachmittag wird ein privater Buggy an der Rezeption Ihres Hotels auf Sie warten. F\u00fcr eine private Tour am Strand in der N\u00e4he von Camocim<br \/>Nacht in einem Hotel Camocim<\/p>\t\t\t\t\t\t\t\t<\/div>\n\t\t\t\t<\/div>\n\t\t\t\t\t<\/div>\n\t\t<\/div>\n\t\t\t\t\t<\/div>\n\t\t<\/section>\n\t\t\t\t<section class=\"elementor-section elementor-inner-section elementor-element elementor-element-69574d7 elementor-section-boxed elementor-section-height-default elementor-section-height-default\" data-id=\"69574d7\" data-element_type=\"section\" data-e-type=\"section\">\n\t\t\t\t\t\t<div class=\"elementor-container elementor-column-gap-default\">\n\t\t\t\t\t<div class=\"elementor-column elementor-col-50 elementor-inner-column elementor-element elementor-element-7934da8 elementor-invisible\" data-id=\"7934da8\" data-element_type=\"column\" data-e-type=\"column\" data-settings=\"{&quot;animation&quot;:&quot;fadeInLeft&quot;,&quot;animation_delay&quot;:300}\">\n\t\t\t<div class=\"elementor-widget-wrap elementor-element-populated\">\n\t\t\t\t\t\t<div class=\"elementor-element elementor-element-4d1e94b elementor-widget elementor-widget-image\" data-id=\"4d1e94b\" data-element_type=\"widget\" data-e-type=\"widget\" data-widget_type=\"image.default\">\n\t\t\t\t<div class=\"elementor-widget-container\">\n\t\t\t\t\t\t\t\t\t\t\t\t\t\t\t<img loading=\"lazy\" decoding=\"async\" width=\"640\" height=\"640\" src=\"https:\/\/www.brazilecotour.com\/wp-content\/uploads\/2021\/02\/buggy-tour-galinhos.jpg\" class=\"attachment-full size-full wp-image-13240\" alt=\"buggy tour galinhos\" srcset=\"https:\/\/www.brazilecotour.com\/wp-content\/uploads\/2021\/02\/buggy-tour-galinhos.jpg 640w, https:\/\/www.brazilecotour.com\/wp-content\/uploads\/2021\/02\/buggy-tour-galinhos-300x300.jpg 300w, https:\/\/www.brazilecotour.com\/wp-content\/uploads\/2021\/02\/buggy-tour-galinhos-150x150.jpg 150w\" sizes=\"(max-width: 640px) 100vw, 640px\" \/>\t\t\t\t\t\t\t\t\t\t\t\t\t\t\t<\/div>\n\t\t\t\t<\/div>\n\t\t\t\t\t<\/div>\n\t\t<\/div>\n\t\t\t\t<div class=\"elementor-column elementor-col-50 elementor-inner-column elementor-element elementor-element-fa5c2f9 elementor-invisible\" data-id=\"fa5c2f9\" data-element_type=\"column\" data-e-type=\"column\" data-settings=\"{&quot;background_background&quot;:&quot;classic&quot;,&quot;animation&quot;:&quot;fadeInRight&quot;,&quot;animation_delay&quot;:350}\">\n\t\t\t<div class=\"elementor-widget-wrap elementor-element-populated\">\n\t\t\t\t\t\t<div class=\"elementor-element elementor-element-4e1dfbf elementor-invisible elementor-widget elementor-widget-heading\" data-id=\"4e1dfbf\" data-element_type=\"widget\" data-e-type=\"widget\" data-settings=\"{&quot;_animation&quot;:&quot;fadeInUp&quot;,&quot;_animation_delay&quot;:400}\" data-widget_type=\"heading.default\">\n\t\t\t\t<div class=\"elementor-widget-container\">\n\t\t\t\t\t<h3 class=\"elementor-heading-title elementor-size-default\">Tag 06: <\/h3>\t\t\t\t<\/div>\n\t\t\t\t<\/div>\n\t\t\t\t<div class=\"elementor-element elementor-element-f2ef468 elementor-invisible elementor-widget elementor-widget-heading\" data-id=\"f2ef468\" data-element_type=\"widget\" data-e-type=\"widget\" data-settings=\"{&quot;_animation&quot;:&quot;fadeInUp&quot;,&quot;_animation_delay&quot;:500}\" data-widget_type=\"heading.default\">\n\t\t\t\t<div class=\"elementor-widget-container\">\n\t\t\t\t\t<h2 class=\"elementor-heading-title elementor-size-default\">Camocim \u2013 Jericoacoara Buggy-Exkursion<\/h2>\t\t\t\t<\/div>\n\t\t\t\t<\/div>\n\t\t\t\t<div class=\"elementor-element elementor-element-c18ed6f elementor-invisible elementor-widget elementor-widget-text-editor\" data-id=\"c18ed6f\" data-element_type=\"widget\" data-e-type=\"widget\" data-settings=\"{&quot;_animation&quot;:&quot;fadeInUp&quot;,&quot;_animation_delay&quot;:500}\" data-widget_type=\"text-editor.default\">\n\t\t\t\t<div class=\"elementor-widget-container\">\n\t\t\t\t\t\t\t\t\t<p style=\"text-align: left;\">Am Morgen erwartet Sie ein Privatboot an Ihrer Pousada, das Sie zum Hafen von Parnaiba f\u00e4hrt, wo ein Privatfahrzeug auf Sie wartet, um Sie in die kleine Stadt Camocim zu fahren. Die Fahrt dauert etwa 2 Stunden. Am Nachmittag wird ein privater Buggy an der Rezeption Ihres Hotels auf Sie warten. F\u00fcr eine private Tour am Strand in der N\u00e4he von Camocim<br \/>Nacht in einem Hotel Camocim<\/p>\t\t\t\t\t\t\t\t<\/div>\n\t\t\t\t<\/div>\n\t\t\t\t\t<\/div>\n\t\t<\/div>\n\t\t\t\t\t<\/div>\n\t\t<\/section>\n\t\t\t\t<section class=\"elementor-section elementor-inner-section elementor-element elementor-element-a765ef9 elementor-section-boxed elementor-section-height-default elementor-section-height-default\" data-id=\"a765ef9\" data-element_type=\"section\" data-e-type=\"section\">\n\t\t\t\t\t\t<div class=\"elementor-container elementor-column-gap-default\">\n\t\t\t\t\t<div class=\"elementor-column elementor-col-50 elementor-inner-column elementor-element elementor-element-6c3dfc0 elementor-invisible\" data-id=\"6c3dfc0\" data-element_type=\"column\" data-e-type=\"column\" data-settings=\"{&quot;animation&quot;:&quot;fadeInLeft&quot;,&quot;animation_delay&quot;:300}\">\n\t\t\t<div class=\"elementor-widget-wrap elementor-element-populated\">\n\t\t\t\t\t\t<div class=\"elementor-element elementor-element-cb15fe0 elementor-widget elementor-widget-image\" data-id=\"cb15fe0\" data-element_type=\"widget\" data-e-type=\"widget\" data-widget_type=\"image.default\">\n\t\t\t\t<div class=\"elementor-widget-container\">\n\t\t\t\t\t\t\t\t\t\t\t\t\t\t\t<img loading=\"lazy\" decoding=\"async\" width=\"640\" height=\"801\" src=\"https:\/\/www.brazilecotour.com\/wp-content\/uploads\/2021\/02\/jericoacoara-beach-.jpg\" class=\"attachment-full size-full wp-image-16764\" alt=\"jericoacoara beach\" srcset=\"https:\/\/www.brazilecotour.com\/wp-content\/uploads\/2021\/02\/jericoacoara-beach-.jpg 640w, https:\/\/www.brazilecotour.com\/wp-content\/uploads\/2021\/02\/jericoacoara-beach--240x300.jpg 240w\" sizes=\"(max-width: 640px) 100vw, 640px\" \/>\t\t\t\t\t\t\t\t\t\t\t\t\t\t\t<\/div>\n\t\t\t\t<\/div>\n\t\t\t\t\t<\/div>\n\t\t<\/div>\n\t\t\t\t<div class=\"elementor-column elementor-col-50 elementor-inner-column elementor-element elementor-element-6ec03d9 elementor-invisible\" data-id=\"6ec03d9\" data-element_type=\"column\" data-e-type=\"column\" data-settings=\"{&quot;background_background&quot;:&quot;classic&quot;,&quot;animation&quot;:&quot;fadeInRight&quot;,&quot;animation_delay&quot;:350}\">\n\t\t\t<div class=\"elementor-widget-wrap elementor-element-populated\">\n\t\t\t\t\t\t<div class=\"elementor-element elementor-element-86236a4 elementor-invisible elementor-widget elementor-widget-heading\" data-id=\"86236a4\" data-element_type=\"widget\" data-e-type=\"widget\" data-settings=\"{&quot;_animation&quot;:&quot;fadeInUp&quot;,&quot;_animation_delay&quot;:400}\" data-widget_type=\"heading.default\">\n\t\t\t\t<div class=\"elementor-widget-container\">\n\t\t\t\t\t<h3 class=\"elementor-heading-title elementor-size-default\">Tag 07 &amp; 08:<\/h3>\t\t\t\t<\/div>\n\t\t\t\t<\/div>\n\t\t\t\t<div class=\"elementor-element elementor-element-82de78d elementor-invisible elementor-widget elementor-widget-heading\" data-id=\"82de78d\" data-element_type=\"widget\" data-e-type=\"widget\" data-settings=\"{&quot;_animation&quot;:&quot;fadeInUp&quot;,&quot;_animation_delay&quot;:500}\" data-widget_type=\"heading.default\">\n\t\t\t\t<div class=\"elementor-widget-container\">\n\t\t\t\t\t<h2 class=\"elementor-heading-title elementor-size-default\"> Jericoacoara<\/h2>\t\t\t\t<\/div>\n\t\t\t\t<\/div>\n\t\t\t\t<div class=\"elementor-element elementor-element-60b9ccc elementor-invisible elementor-widget elementor-widget-text-editor\" data-id=\"60b9ccc\" data-element_type=\"widget\" data-e-type=\"widget\" data-settings=\"{&quot;_animation&quot;:&quot;fadeInUp&quot;,&quot;_animation_delay&quot;:500}\" data-widget_type=\"text-editor.default\">\n\t\t\t\t<div class=\"elementor-widget-container\">\n\t\t\t\t\t\t\t\t\t<p>Freie Tage in Jericoacoara \u2013 Nacht im Hotel Jericoacoara<\/p>\t\t\t\t\t\t\t\t<\/div>\n\t\t\t\t<\/div>\n\t\t\t\t\t<\/div>\n\t\t<\/div>\n\t\t\t\t\t<\/div>\n\t\t<\/section>\n\t\t\t\t<section class=\"elementor-section elementor-inner-section elementor-element elementor-element-94d10a1 elementor-section-boxed elementor-section-height-default elementor-section-height-default\" data-id=\"94d10a1\" data-element_type=\"section\" data-e-type=\"section\">\n\t\t\t\t\t\t<div class=\"elementor-container elementor-column-gap-default\">\n\t\t\t\t\t<div class=\"elementor-column elementor-col-50 elementor-inner-column elementor-element elementor-element-1a994c3 elementor-invisible\" data-id=\"1a994c3\" data-element_type=\"column\" data-e-type=\"column\" data-settings=\"{&quot;animation&quot;:&quot;fadeInLeft&quot;,&quot;animation_delay&quot;:300}\">\n\t\t\t<div class=\"elementor-widget-wrap elementor-element-populated\">\n\t\t\t\t\t\t<div class=\"elementor-element elementor-element-71d277f elementor-widget elementor-widget-image\" data-id=\"71d277f\" data-element_type=\"widget\" data-e-type=\"widget\" data-widget_type=\"image.default\">\n\t\t\t\t<div class=\"elementor-widget-container\">\n\t\t\t\t\t\t\t\t\t\t\t\t\t\t\t<img loading=\"lazy\" decoding=\"async\" width=\"1500\" height=\"842\" src=\"https:\/\/www.brazilecotour.com\/wp-content\/uploads\/2017\/05\/surf-1533278.jpg\" class=\"attachment-full size-full wp-image-10649\" alt=\"\" srcset=\"https:\/\/www.brazilecotour.com\/wp-content\/uploads\/2017\/05\/surf-1533278.jpg 1500w, https:\/\/www.brazilecotour.com\/wp-content\/uploads\/2017\/05\/surf-1533278-300x168.jpg 300w, https:\/\/www.brazilecotour.com\/wp-content\/uploads\/2017\/05\/surf-1533278-768x431.jpg 768w, https:\/\/www.brazilecotour.com\/wp-content\/uploads\/2017\/05\/surf-1533278-1024x575.jpg 1024w, https:\/\/www.brazilecotour.com\/wp-content\/uploads\/2017\/05\/surf-1533278-960x539.jpg 960w, https:\/\/www.brazilecotour.com\/wp-content\/uploads\/2017\/05\/surf-1533278-440x247.jpg 440w\" sizes=\"(max-width: 1500px) 100vw, 1500px\" \/>\t\t\t\t\t\t\t\t\t\t\t\t\t\t\t<\/div>\n\t\t\t\t<\/div>\n\t\t\t\t\t<\/div>\n\t\t<\/div>\n\t\t\t\t<div class=\"elementor-column elementor-col-50 elementor-inner-column elementor-element elementor-element-7b6d362 elementor-invisible\" data-id=\"7b6d362\" data-element_type=\"column\" data-e-type=\"column\" data-settings=\"{&quot;background_background&quot;:&quot;classic&quot;,&quot;animation&quot;:&quot;fadeInRight&quot;,&quot;animation_delay&quot;:350}\">\n\t\t\t<div class=\"elementor-widget-wrap elementor-element-populated\">\n\t\t\t\t\t\t<div class=\"elementor-element elementor-element-b4900b7 elementor-invisible elementor-widget elementor-widget-heading\" data-id=\"b4900b7\" data-element_type=\"widget\" data-e-type=\"widget\" data-settings=\"{&quot;_animation&quot;:&quot;fadeInUp&quot;,&quot;_animation_delay&quot;:400}\" data-widget_type=\"heading.default\">\n\t\t\t\t<div class=\"elementor-widget-container\">\n\t\t\t\t\t<h3 class=\"elementor-heading-title elementor-size-default\">Tag 09 : Jericoacoara \u2013 Fortaleza<\/h3>\t\t\t\t<\/div>\n\t\t\t\t<\/div>\n\t\t\t\t<div class=\"elementor-element elementor-element-12608fb elementor-invisible elementor-widget elementor-widget-heading\" data-id=\"12608fb\" data-element_type=\"widget\" data-e-type=\"widget\" data-settings=\"{&quot;_animation&quot;:&quot;fadeInUp&quot;,&quot;_animation_delay&quot;:500}\" data-widget_type=\"heading.default\">\n\t\t\t\t<div class=\"elementor-widget-container\">\n\t\t\t\t\t<h2 class=\"elementor-heading-title elementor-size-default\">Jericoacoara \u2013 Fortaleza<\/h2>\t\t\t\t<\/div>\n\t\t\t\t<\/div>\n\t\t\t\t<div class=\"elementor-element elementor-element-992ef27 elementor-invisible elementor-widget elementor-widget-text-editor\" data-id=\"992ef27\" data-element_type=\"widget\" data-e-type=\"widget\" data-settings=\"{&quot;_animation&quot;:&quot;fadeInUp&quot;,&quot;_animation_delay&quot;:500}\" data-widget_type=\"text-editor.default\">\n\t\t\t\t<div class=\"elementor-widget-container\">\n\t\t\t\t\t\t\t\t\t<p style=\"text-align: left;\">Zu der festgelegten Zeit wird ein privater 4\u00d74 in Ihrem Hotel auf Sie warten, um Sie zum Flughafen von Fortaleza zu fahren. Die Fahrt dauert 6 Stunden.<\/p><p style=\"text-align: left;\">Ende unserer Dienstleistungen<\/p><p style=\"text-align: left;\">Alle unsere Reisen sind ma\u00dfgeschneidert und k\u00f6nnen Ihren W\u00fcnschen angepasst werden.<\/p>\t\t\t\t\t\t\t\t<\/div>\n\t\t\t\t<\/div>\n\t\t\t\t\t<\/div>\n\t\t<\/div>\n\t\t\t\t\t<\/div>\n\t\t<\/section>\n\t\t\t\t\t<\/div>\n\t\t<\/div>\n\t\t\t\t\t<\/div>\n\t\t<\/section>\n\t\t\t\t<section class=\"elementor-section elementor-top-section elementor-element elementor-element-59977299 elementor-section-height-min-height elementor-section-items-stretch elementor-section-boxed elementor-section-height-default elementor-invisible\" data-id=\"59977299\" data-element_type=\"section\" data-e-type=\"section\" data-settings=\"{&quot;background_background&quot;:&quot;classic&quot;,&quot;animation&quot;:&quot;fadeIn&quot;}\">\n\t\t\t\t\t\t\t<div class=\"elementor-background-overlay\"><\/div>\n\t\t\t\t\t\t\t<div class=\"elementor-container elementor-column-gap-default\">\n\t\t\t\t\t<div class=\"elementor-column elementor-col-100 elementor-top-column elementor-element elementor-element-37dde0c7\" data-id=\"37dde0c7\" data-element_type=\"column\" data-e-type=\"column\">\n\t\t\t<div class=\"elementor-widget-wrap elementor-element-populated\">\n\t\t\t\t\t\t<div class=\"elementor-element elementor-element-52239445 elementor-invisible elementor-widget elementor-widget-heading\" data-id=\"52239445\" data-element_type=\"widget\" data-e-type=\"widget\" data-settings=\"{&quot;_animation&quot;:&quot;fadeInUp&quot;,&quot;_animation_delay&quot;:400}\" data-widget_type=\"heading.default\">\n\t\t\t\t<div class=\"elementor-widget-container\">\n\t\t\t\t\t<h1 class=\"elementor-heading-title elementor-size-default\">Fordern Sie Ihr kostenloses Angebot an<\/h1>\t\t\t\t<\/div>\n\t\t\t\t<\/div>\n\t\t\t\t<div class=\"elementor-element elementor-element-ac9be55 elementor-widget elementor-widget-shortcode\" data-id=\"ac9be55\" data-element_type=\"widget\" data-e-type=\"widget\" data-widget_type=\"shortcode.default\">\n\t\t\t\t<div class=\"elementor-widget-container\">\n\t\t\t\t\t\t\t<div class=\"elementor-shortcode\"> \n<div class=\"wpcf7 no-js\" id=\"wpcf7-f25230-o1\" lang=\"fr-FR\" dir=\"ltr\" data-wpcf7-id=\"25230\">\n<div class=\"screen-reader-response\"><p role=\"status\" aria-live=\"polite\" aria-atomic=\"true\"><\/p> <ul><\/ul><\/div>\n<form action=\"\/de\/wp-json\/wp\/v2\/pages\/10007#wpcf7-f25230-o1\" method=\"post\" class=\"wpcf7-form init\" aria-label=\"Formulaire de contact\" novalidate=\"novalidate\" data-status=\"init\">\n<fieldset class=\"hidden-fields-container\"><input type=\"hidden\" name=\"_wpcf7\" value=\"25230\" \/><input type=\"hidden\" name=\"_wpcf7_version\" value=\"6.1.5\" \/><input type=\"hidden\" name=\"_wpcf7_locale\" value=\"fr_FR\" \/><input type=\"hidden\" name=\"_wpcf7_unit_tag\" value=\"wpcf7-f25230-o1\" \/><input type=\"hidden\" name=\"_wpcf7_container_post\" value=\"0\" \/><input type=\"hidden\" name=\"_wpcf7_posted_data_hash\" value=\"\" \/>\n<\/fieldset>\n<p><label><span style=\"background-color: #ffffff;\"> Your Name<\/span> <span class=\"wpcf7-form-control-wrap\" data-name=\"your-name\"><input size=\"40\" maxlength=\"400\" class=\"wpcf7-form-control wpcf7-text wpcf7-validates-as-required\" autocomplete=\"name\" aria-required=\"true\" aria-invalid=\"false\" value=\"\" type=\"text\" name=\"your-name\" \/><\/span> <\/label><label><span style=\"background-color: #ffffff;\"> Your Email<\/span> <span class=\"wpcf7-form-control-wrap\" data-name=\"your-email\"><input size=\"40\" maxlength=\"400\" class=\"wpcf7-form-control wpcf7-email wpcf7-validates-as-required wpcf7-text wpcf7-validates-as-email\" autocomplete=\"email\" aria-required=\"true\" aria-invalid=\"false\" value=\"\" type=\"email\" name=\"your-email\" \/><\/span> <\/label><label><span style=\"background-color: #ffffff;\"> Phone<\/span> <span class=\"wpcf7-form-control-wrap\" data-name=\"your-subject\"><input size=\"40\" maxlength=\"400\" class=\"wpcf7-form-control wpcf7-text wpcf7-validates-as-required\" aria-required=\"true\" aria-invalid=\"false\" value=\"\" type=\"text\" name=\"your-subject\" \/><\/span> <\/label><label><span style=\"background-color: #ffffff;\"> Your Message&nbsp;<\/span> <span class=\"wpcf7-form-control-wrap\" data-name=\"your-message\"><textarea cols=\"40\" rows=\"10\" maxlength=\"2000\" class=\"wpcf7-form-control wpcf7-textarea\" aria-invalid=\"false\" name=\"your-message\"><\/textarea><\/span> <\/label><input class=\"wpcf7-form-control wpcf7-submit has-spinner\" type=\"submit\" value=\"Envoyer\" \/>\n<\/p><div class=\"wpcf7-response-output\" aria-hidden=\"true\"><\/div>\n<\/form>\n<\/div>\n<\/div>\n\t\t\t\t\t\t<\/div>\n\t\t\t\t<\/div>\n\t\t\t\t\t<\/div>\n\t\t<\/div>\n\t\t\t\t\t<\/div>\n\t\t<\/section>\n\t\t\t\t<\/div>\n\t\t","protected":false},"excerpt":{"rendered":"<p>Die Route der Emotionen von S\u00e3o Luis nach Fortaleza Atins Trekking Len\u00e7ois Maranhenses Tour Santo Amaro Len\u00e7ois Maranhenses Brazil Ecotour Ihr Reiseb\u00fcro in Brasilien S\u00e3o luis \u2013 Barreirinhas \u2013 Atins \u2013 Deltas das Americas \u2013 Camocim \u2013 Jericoacoara Len\u00e7ois Maranhenses Tag 01 : S\u00e3o luis \u2013 Barreirinhas Tour im Lencois-Maranhenses-Nationalpark Am Morgen holt Sie ein [&hellip;]<\/p>\n","protected":false},"author":2,"featured_media":0,"parent":0,"menu_order":0,"comment_status":"closed","ping_status":"closed","template":"elementor_canvas","meta":{"_coblocks_attr":"","_coblocks_dimensions":"","_coblocks_responsive_height":"","_coblocks_accordion_ie_support":"","hide_page_title":"","footnotes":""},"class_list":["post-10007","page","type-page","status-publish","hentry"],"yoast_head":"<!-- This site is optimized with the Yoast SEO Premium plugin v25.9 (Yoast SEO v27.4) - https:\/\/yoast.com\/product\/yoast-seo-premium-wordpress\/ -->\n<title>Die Route der Emotionen von S\u00e3o Luis nach Fortaleza<\/title>\n<meta name=\"description\" content=\"Die Route der Emotionen f\u00fchrt durch drei Staaten im Nordosten Brasiliens! .. Von Sao Luis nach Fortaleza in 7 Tage mit inkludierten Bootsfahrten, Buggy-Touren ..Die Rota de Emocoes f\u00fchrt Sie in 7 Tagen von Sao Luis nach Jericoacoara.\" \/>\n<meta name=\"robots\" content=\"index, follow, max-snippet:-1, max-image-preview:large, max-video-preview:-1\" \/>\n<link rel=\"canonical\" href=\"https:\/\/www.brazilecotour.com\/de\/jericoacoara-saoluis\/\" \/>\n<meta property=\"og:locale\" content=\"de_DE\" \/>\n<meta property=\"og:type\" content=\"article\" \/>\n<meta property=\"og:title\" content=\"Die Route der Emotionen von S\u00e3o Luis nach Fortaleza\" \/>\n<meta property=\"og:description\" content=\"Die Route der Emotionen f\u00fchrt durch drei Staaten im Nordosten Brasiliens! .. Von Sao Luis nach Fortaleza in 7 Tage mit inkludierten Bootsfahrten, Buggy-Touren ..Die Rota de Emocoes f\u00fchrt Sie in 7 Tagen von Sao Luis nach Jericoacoara.\" \/>\n<meta property=\"og:url\" content=\"https:\/\/www.brazilecotour.com\/de\/jericoacoara-saoluis\/\" \/>\n<meta property=\"og:site_name\" content=\"Brazil Ecotour | DMC &amp; Travel agency in Brazil\" \/>\n<meta property=\"article:publisher\" content=\"https:\/\/www.facebook.com\/brazilecotour\/\" \/>\n<meta property=\"article:modified_time\" content=\"2024-03-23T19:28:10+00:00\" \/>\n<meta property=\"og:image\" content=\"https:\/\/www.brazilecotour.com\/wp-content\/uploads\/elementor\/thumbs\/trek-lencois-maranhenses-1-p3fszzl9h29ehiv80zj9ao90vlq1yhvw7a055k9gt8.jpg\" \/>\n<meta name=\"twitter:card\" content=\"summary_large_image\" \/>\n<meta name=\"twitter:site\" content=\"@brazilecotour01\" \/>\n<meta name=\"twitter:label1\" content=\"Gesch\u00e4tzte Lesezeit\" \/>\n\t<meta name=\"twitter:data1\" content=\"3\u00a0Minuten\" \/>\n<script type=\"application\/ld+json\" class=\"yoast-schema-graph\">{\"@context\":\"https:\\\/\\\/schema.org\",\"@graph\":[{\"@type\":\"WebPage\",\"@id\":\"https:\\\/\\\/www.brazilecotour.com\\\/de\\\/jericoacoara-saoluis\\\/\",\"url\":\"https:\\\/\\\/www.brazilecotour.com\\\/de\\\/jericoacoara-saoluis\\\/\",\"name\":\"Die Route der Emotionen von S\u00e3o Luis nach Fortaleza\",\"isPartOf\":{\"@id\":\"https:\\\/\\\/www.brazilecotour.com\\\/de\\\/#website\"},\"primaryImageOfPage\":{\"@id\":\"https:\\\/\\\/www.brazilecotour.com\\\/de\\\/jericoacoara-saoluis\\\/#primaryimage\"},\"image\":{\"@id\":\"https:\\\/\\\/www.brazilecotour.com\\\/de\\\/jericoacoara-saoluis\\\/#primaryimage\"},\"thumbnailUrl\":\"https:\\\/\\\/www.brazilecotour.com\\\/wp-content\\\/uploads\\\/elementor\\\/thumbs\\\/trek-lencois-maranhenses-1-p3fszzl9h29ehiv80zj9ao90vlq1yhvw7a055k9gt8.jpg\",\"datePublished\":\"2020-04-02T11:28:04+00:00\",\"dateModified\":\"2024-03-23T19:28:10+00:00\",\"description\":\"Die Route der Emotionen f\u00fchrt durch drei Staaten im Nordosten Brasiliens! .. Von Sao Luis nach Fortaleza in 7 Tage mit inkludierten Bootsfahrten, Buggy-Touren ..Die Rota de Emocoes f\u00fchrt Sie in 7 Tagen von Sao Luis nach Jericoacoara.\",\"breadcrumb\":{\"@id\":\"https:\\\/\\\/www.brazilecotour.com\\\/de\\\/jericoacoara-saoluis\\\/#breadcrumb\"},\"inLanguage\":\"de\",\"potentialAction\":[{\"@type\":\"ReadAction\",\"target\":[\"https:\\\/\\\/www.brazilecotour.com\\\/de\\\/jericoacoara-saoluis\\\/\"]}]},{\"@type\":\"ImageObject\",\"inLanguage\":\"de\",\"@id\":\"https:\\\/\\\/www.brazilecotour.com\\\/de\\\/jericoacoara-saoluis\\\/#primaryimage\",\"url\":\"https:\\\/\\\/www.brazilecotour.com\\\/wp-content\\\/uploads\\\/elementor\\\/thumbs\\\/trek-lencois-maranhenses-1-p3fszzl9h29ehiv80zj9ao90vlq1yhvw7a055k9gt8.jpg\",\"contentUrl\":\"https:\\\/\\\/www.brazilecotour.com\\\/wp-content\\\/uploads\\\/elementor\\\/thumbs\\\/trek-lencois-maranhenses-1-p3fszzl9h29ehiv80zj9ao90vlq1yhvw7a055k9gt8.jpg\"},{\"@type\":\"BreadcrumbList\",\"@id\":\"https:\\\/\\\/www.brazilecotour.com\\\/de\\\/jericoacoara-saoluis\\\/#breadcrumb\",\"itemListElement\":[{\"@type\":\"ListItem\",\"position\":1,\"name\":\"Accueil\",\"item\":\"https:\\\/\\\/www.brazilecotour.com\\\/de\\\/\"},{\"@type\":\"ListItem\",\"position\":2,\"name\":\"Die Route der Emotionen von S\u00e3o Luis nach Fortaleza\"}]},{\"@type\":\"WebSite\",\"@id\":\"https:\\\/\\\/www.brazilecotour.com\\\/de\\\/#website\",\"url\":\"https:\\\/\\\/www.brazilecotour.com\\\/de\\\/\",\"name\":\"Brazil Ecotour | DMC and Travel Agency in Brazil\",\"description\":\"Beyond Travel, Real Experiences\",\"publisher\":{\"@id\":\"https:\\\/\\\/www.brazilecotour.com\\\/de\\\/#organization\"},\"potentialAction\":[{\"@type\":\"SearchAction\",\"target\":{\"@type\":\"EntryPoint\",\"urlTemplate\":\"https:\\\/\\\/www.brazilecotour.com\\\/de\\\/?s={search_term_string}\"},\"query-input\":{\"@type\":\"PropertyValueSpecification\",\"valueRequired\":true,\"valueName\":\"search_term_string\"}}],\"inLanguage\":\"de\"},{\"@type\":\"Organization\",\"@id\":\"https:\\\/\\\/www.brazilecotour.com\\\/de\\\/#organization\",\"name\":\"Brazil Ecotour | DMC & Travel agency in Brazil\",\"url\":\"https:\\\/\\\/www.brazilecotour.com\\\/de\\\/\",\"logo\":{\"@type\":\"ImageObject\",\"inLanguage\":\"de\",\"@id\":\"https:\\\/\\\/www.brazilecotour.com\\\/de\\\/#\\\/schema\\\/logo\\\/image\\\/\",\"url\":\"https:\\\/\\\/www.brazilecotour.com\\\/wp-content\\\/uploads\\\/2017\\\/06\\\/brazilecotour_logo.png\",\"contentUrl\":\"https:\\\/\\\/www.brazilecotour.com\\\/wp-content\\\/uploads\\\/2017\\\/06\\\/brazilecotour_logo.png\",\"width\":350,\"height\":100,\"caption\":\"Brazil Ecotour | DMC & Travel agency in Brazil\"},\"image\":{\"@id\":\"https:\\\/\\\/www.brazilecotour.com\\\/de\\\/#\\\/schema\\\/logo\\\/image\\\/\"},\"sameAs\":[\"https:\\\/\\\/www.facebook.com\\\/brazilecotour\\\/\",\"https:\\\/\\\/x.com\\\/brazilecotour01\",\"https:\\\/\\\/www.instagram.com\\\/brazilecotour\\\/\",\"https:\\\/\\\/www.linkedin.com\\\/company\\\/brazilecotour\",\"https:\\\/\\\/www.pinterest.com\\\/brazilecotour\\\/\",\"https:\\\/\\\/www.youtube.com\\\/channel\\\/UCbaIa7Xo7DuwNz0z3H1zDnA\"]}]}<\/script>\n<!-- \/ Yoast SEO Premium plugin. -->","yoast_head_json":{"title":"Die Route der Emotionen von S\u00e3o Luis nach Fortaleza","description":"Die Route der Emotionen f\u00fchrt durch drei Staaten im Nordosten Brasiliens! .. Von Sao Luis nach Fortaleza in 7 Tage mit inkludierten Bootsfahrten, Buggy-Touren ..Die Rota de Emocoes f\u00fchrt Sie in 7 Tagen von Sao Luis nach Jericoacoara.","robots":{"index":"index","follow":"follow","max-snippet":"max-snippet:-1","max-image-preview":"max-image-preview:large","max-video-preview":"max-video-preview:-1"},"canonical":"https:\/\/www.brazilecotour.com\/de\/jericoacoara-saoluis\/","og_locale":"de_DE","og_type":"article","og_title":"Die Route der Emotionen von S\u00e3o Luis nach Fortaleza","og_description":"Die Route der Emotionen f\u00fchrt durch drei Staaten im Nordosten Brasiliens! .. Von Sao Luis nach Fortaleza in 7 Tage mit inkludierten Bootsfahrten, Buggy-Touren ..Die Rota de Emocoes f\u00fchrt Sie in 7 Tagen von Sao Luis nach Jericoacoara.","og_url":"https:\/\/www.brazilecotour.com\/de\/jericoacoara-saoluis\/","og_site_name":"Brazil Ecotour | DMC &amp; Travel agency in Brazil","article_publisher":"https:\/\/www.facebook.com\/brazilecotour\/","article_modified_time":"2024-03-23T19:28:10+00:00","og_image":[{"url":"https:\/\/www.brazilecotour.com\/wp-content\/uploads\/elementor\/thumbs\/trek-lencois-maranhenses-1-p3fszzl9h29ehiv80zj9ao90vlq1yhvw7a055k9gt8.jpg","type":"","width":"","height":""}],"twitter_card":"summary_large_image","twitter_site":"@brazilecotour01","twitter_misc":{"Gesch\u00e4tzte Lesezeit":"3\u00a0Minuten"},"schema":{"@context":"https:\/\/schema.org","@graph":[{"@type":"WebPage","@id":"https:\/\/www.brazilecotour.com\/de\/jericoacoara-saoluis\/","url":"https:\/\/www.brazilecotour.com\/de\/jericoacoara-saoluis\/","name":"Die Route der Emotionen von S\u00e3o Luis nach Fortaleza","isPartOf":{"@id":"https:\/\/www.brazilecotour.com\/de\/#website"},"primaryImageOfPage":{"@id":"https:\/\/www.brazilecotour.com\/de\/jericoacoara-saoluis\/#primaryimage"},"image":{"@id":"https:\/\/www.brazilecotour.com\/de\/jericoacoara-saoluis\/#primaryimage"},"thumbnailUrl":"https:\/\/www.brazilecotour.com\/wp-content\/uploads\/elementor\/thumbs\/trek-lencois-maranhenses-1-p3fszzl9h29ehiv80zj9ao90vlq1yhvw7a055k9gt8.jpg","datePublished":"2020-04-02T11:28:04+00:00","dateModified":"2024-03-23T19:28:10+00:00","description":"Die Route der Emotionen f\u00fchrt durch drei Staaten im Nordosten Brasiliens! .. Von Sao Luis nach Fortaleza in 7 Tage mit inkludierten Bootsfahrten, Buggy-Touren ..Die Rota de Emocoes f\u00fchrt Sie in 7 Tagen von Sao Luis nach Jericoacoara.","breadcrumb":{"@id":"https:\/\/www.brazilecotour.com\/de\/jericoacoara-saoluis\/#breadcrumb"},"inLanguage":"de","potentialAction":[{"@type":"ReadAction","target":["https:\/\/www.brazilecotour.com\/de\/jericoacoara-saoluis\/"]}]},{"@type":"ImageObject","inLanguage":"de","@id":"https:\/\/www.brazilecotour.com\/de\/jericoacoara-saoluis\/#primaryimage","url":"https:\/\/www.brazilecotour.com\/wp-content\/uploads\/elementor\/thumbs\/trek-lencois-maranhenses-1-p3fszzl9h29ehiv80zj9ao90vlq1yhvw7a055k9gt8.jpg","contentUrl":"https:\/\/www.brazilecotour.com\/wp-content\/uploads\/elementor\/thumbs\/trek-lencois-maranhenses-1-p3fszzl9h29ehiv80zj9ao90vlq1yhvw7a055k9gt8.jpg"},{"@type":"BreadcrumbList","@id":"https:\/\/www.brazilecotour.com\/de\/jericoacoara-saoluis\/#breadcrumb","itemListElement":[{"@type":"ListItem","position":1,"name":"Accueil","item":"https:\/\/www.brazilecotour.com\/de\/"},{"@type":"ListItem","position":2,"name":"Die Route der Emotionen von S\u00e3o Luis nach Fortaleza"}]},{"@type":"WebSite","@id":"https:\/\/www.brazilecotour.com\/de\/#website","url":"https:\/\/www.brazilecotour.com\/de\/","name":"Brazil Ecotour | DMC and Travel Agency in Brazil","description":"Beyond Travel, Real Experiences","publisher":{"@id":"https:\/\/www.brazilecotour.com\/de\/#organization"},"potentialAction":[{"@type":"SearchAction","target":{"@type":"EntryPoint","urlTemplate":"https:\/\/www.brazilecotour.com\/de\/?s={search_term_string}"},"query-input":{"@type":"PropertyValueSpecification","valueRequired":true,"valueName":"search_term_string"}}],"inLanguage":"de"},{"@type":"Organization","@id":"https:\/\/www.brazilecotour.com\/de\/#organization","name":"Brazil Ecotour | DMC & Travel agency in Brazil","url":"https:\/\/www.brazilecotour.com\/de\/","logo":{"@type":"ImageObject","inLanguage":"de","@id":"https:\/\/www.brazilecotour.com\/de\/#\/schema\/logo\/image\/","url":"https:\/\/www.brazilecotour.com\/wp-content\/uploads\/2017\/06\/brazilecotour_logo.png","contentUrl":"https:\/\/www.brazilecotour.com\/wp-content\/uploads\/2017\/06\/brazilecotour_logo.png","width":350,"height":100,"caption":"Brazil Ecotour | DMC & Travel agency in Brazil"},"image":{"@id":"https:\/\/www.brazilecotour.com\/de\/#\/schema\/logo\/image\/"},"sameAs":["https:\/\/www.facebook.com\/brazilecotour\/","https:\/\/x.com\/brazilecotour01","https:\/\/www.instagram.com\/brazilecotour\/","https:\/\/www.linkedin.com\/company\/brazilecotour","https:\/\/www.pinterest.com\/brazilecotour\/","https:\/\/www.youtube.com\/channel\/UCbaIa7Xo7DuwNz0z3H1zDnA"]}]}},"_links":{"self":[{"href":"https:\/\/www.brazilecotour.com\/de\/wp-json\/wp\/v2\/pages\/10007","targetHints":{"allow":["GET"]}}],"collection":[{"href":"https:\/\/www.brazilecotour.com\/de\/wp-json\/wp\/v2\/pages"}],"about":[{"href":"https:\/\/www.brazilecotour.com\/de\/wp-json\/wp\/v2\/types\/page"}],"author":[{"embeddable":true,"href":"https:\/\/www.brazilecotour.com\/de\/wp-json\/wp\/v2\/users\/2"}],"replies":[{"embeddable":true,"href":"https:\/\/www.brazilecotour.com\/de\/wp-json\/wp\/v2\/comments?post=10007"}],"version-history":[{"count":3,"href":"https:\/\/www.brazilecotour.com\/de\/wp-json\/wp\/v2\/pages\/10007\/revisions"}],"predecessor-version":[{"id":25556,"href":"https:\/\/www.brazilecotour.com\/de\/wp-json\/wp\/v2\/pages\/10007\/revisions\/25556"}],"wp:attachment":[{"href":"https:\/\/www.brazilecotour.com\/de\/wp-json\/wp\/v2\/media?parent=10007"}],"curies":[{"name":"wp","href":"https:\/\/api.w.org\/{rel}","templated":true}]}}