{"id":9588,"date":"2020-03-28T22:30:43","date_gmt":"2020-03-28T21:30:43","guid":{"rendered":"https:\/\/www.brazilecotour.com\/?page_id=9588"},"modified":"2024-03-23T20:20:01","modified_gmt":"2024-03-23T19:20:01","slug":"strandurlaub-in-brasilien","status":"publish","type":"page","link":"https:\/\/www.brazilecotour.com\/de\/strandurlaub-in-brasilien\/","title":{"rendered":"Strandurlaub in Brasilien"},"content":{"rendered":"\t\t<div data-elementor-type=\"wp-page\" data-elementor-id=\"9588\" class=\"elementor elementor-9588\">\n\t\t\t\t\t\t<section class=\"elementor-section elementor-top-section elementor-element elementor-element-35646931 elementor-section-height-min-height elementor-section-boxed elementor-section-height-default elementor-section-items-middle elementor-invisible\" data-id=\"35646931\" data-element_type=\"section\" data-e-type=\"section\" data-settings=\"{&quot;background_background&quot;:&quot;classic&quot;,&quot;animation&quot;:&quot;fadeIn&quot;}\">\n\t\t\t\t\t\t\t<div class=\"elementor-background-overlay\"><\/div>\n\t\t\t\t\t\t\t<div class=\"elementor-container elementor-column-gap-default\">\n\t\t\t\t\t<div class=\"elementor-column elementor-col-100 elementor-top-column elementor-element elementor-element-70245684\" data-id=\"70245684\" data-element_type=\"column\" data-e-type=\"column\">\n\t\t\t<div class=\"elementor-widget-wrap elementor-element-populated\">\n\t\t\t\t\t\t<section class=\"elementor-section elementor-inner-section elementor-element elementor-element-281c8456 elementor-section-boxed elementor-section-height-default elementor-section-height-default\" data-id=\"281c8456\" data-element_type=\"section\" data-e-type=\"section\">\n\t\t\t\t\t\t<div class=\"elementor-container elementor-column-gap-default\">\n\t\t\t\t\t<div class=\"elementor-column elementor-col-100 elementor-inner-column elementor-element elementor-element-1d770f2a\" data-id=\"1d770f2a\" data-element_type=\"column\" data-e-type=\"column\">\n\t\t\t<div class=\"elementor-widget-wrap elementor-element-populated\">\n\t\t\t\t\t\t<div class=\"elementor-element elementor-element-22dfc75e elementor-invisible elementor-widget elementor-widget-heading\" data-id=\"22dfc75e\" data-element_type=\"widget\" data-e-type=\"widget\" data-settings=\"{&quot;_animation&quot;:&quot;fadeInUp&quot;,&quot;_animation_delay&quot;:400}\" data-widget_type=\"heading.default\">\n\t\t\t\t<div class=\"elementor-widget-container\">\n\t\t\t\t\t<h1 class=\"elementor-heading-title elementor-size-default\">Strandurlaub in Brasilien<\/h1>\t\t\t\t<\/div>\n\t\t\t\t<\/div>\n\t\t\t\t<div class=\"elementor-element elementor-element-7fab905d elementor-align-right elementor-widget elementor-widget-button\" data-id=\"7fab905d\" data-element_type=\"widget\" data-e-type=\"widget\" data-widget_type=\"button.default\">\n\t\t\t\t<div class=\"elementor-widget-container\">\n\t\t\t\t\t\t\t\t\t<div class=\"elementor-button-wrapper\">\n\t\t\t\t\t<a class=\"elementor-button elementor-button-link elementor-size-md\" href=\"https:\/\/www.brazilecotour.com\/de\/kontaktiere-uns\/\">\n\t\t\t\t\t\t<span class=\"elementor-button-content-wrapper\">\n\t\t\t\t\t\t\t\t\t<span class=\"elementor-button-text\">Fordern Sie Ihr kostenloses Angebot an<\/span>\n\t\t\t\t\t<\/span>\n\t\t\t\t\t<\/a>\n\t\t\t\t<\/div>\n\t\t\t\t\t\t\t\t<\/div>\n\t\t\t\t<\/div>\n\t\t\t\t\t<\/div>\n\t\t<\/div>\n\t\t\t\t\t<\/div>\n\t\t<\/section>\n\t\t\t\t\t<\/div>\n\t\t<\/div>\n\t\t\t\t\t<\/div>\n\t\t<\/section>\n\t\t\t\t<section class=\"elementor-section elementor-top-section elementor-element elementor-element-687d4ff9 elementor-section-boxed elementor-section-height-default elementor-section-height-default\" data-id=\"687d4ff9\" data-element_type=\"section\" data-e-type=\"section\" data-settings=\"{&quot;background_background&quot;:&quot;classic&quot;}\">\n\t\t\t\t\t\t<div class=\"elementor-container elementor-column-gap-default\">\n\t\t\t\t\t<div class=\"elementor-column elementor-col-33 elementor-top-column elementor-element elementor-element-380df6d1\" data-id=\"380df6d1\" data-element_type=\"column\" data-e-type=\"column\">\n\t\t\t<div class=\"elementor-widget-wrap elementor-element-populated\">\n\t\t\t\t\t\t<div class=\"elementor-element elementor-element-5b38f05e elementor-invisible elementor-widget elementor-widget-image\" data-id=\"5b38f05e\" data-element_type=\"widget\" data-e-type=\"widget\" data-settings=\"{&quot;_animation&quot;:&quot;fadeInUp&quot;,&quot;_animation_delay&quot;:300}\" data-widget_type=\"image.default\">\n\t\t\t\t<div class=\"elementor-widget-container\">\n\t\t\t\t\t\t\t\t\t\t\t\t\t\t\t\t<a href=\"https:\/\/www.brazilecotour.com\/wp-content\/uploads\/2017\/05\/Rio-de-Janeiro.jpg\" data-elementor-open-lightbox=\"yes\" data-elementor-lightbox-title=\"Rio-de-Janeiro-corcovado-travel-agency-brazil\" data-elementor-lightbox-description=\"Localized in the Northeast of Brazil Brazilecotour is a travel agency specialized in tailor made trips off beaten path all over Brazil All our trips are unique designed around your tastes, interests and budget, with an absolute commitment to quality.\" data-e-action-hash=\"#elementor-action%3Aaction%3Dlightbox%26settings%3DeyJpZCI6MTA5NDEsInVybCI6Imh0dHBzOlwvXC93d3cuYnJhemlsZWNvdG91ci5jb21cL3dwLWNvbnRlbnRcL3VwbG9hZHNcLzIwMTdcLzA1XC9SaW8tZGUtSmFuZWlyby5qcGcifQ%3D%3D\">\n\t\t\t\t\t\t\t<img decoding=\"async\" src=\"https:\/\/www.brazilecotour.com\/wp-content\/uploads\/elementor\/thumbs\/Rio-de-Janeiro-p6614p2szlc071hiax2c4a79riqju7vera5o448foc.jpg\" title=\"Rio-de-Janeiro-corcovado-travel-agency-brazil\" alt=\"Localized in the Northeast of Brazil Brazilecotour is a travel agency specialized in tailor made trips off beaten path all over Brazil All our trips are unique designed around your tastes, interests and budget, with an absolute commitment to quality.\" class=\"elementor-animation-shrink\" loading=\"lazy\" \/>\t\t\t\t\t\t\t\t<\/a>\n\t\t\t\t\t\t\t\t\t\t\t\t\t\t\t<\/div>\n\t\t\t\t<\/div>\n\t\t\t\t<div class=\"elementor-element elementor-element-2c17ddfa elementor-invisible elementor-widget elementor-widget-heading\" data-id=\"2c17ddfa\" data-element_type=\"widget\" data-e-type=\"widget\" data-settings=\"{&quot;_animation&quot;:&quot;fadeInUp&quot;,&quot;_animation_delay&quot;:500}\" data-widget_type=\"heading.default\">\n\t\t\t\t<div class=\"elementor-widget-container\">\n\t\t\t\t\t<h2 class=\"elementor-heading-title elementor-size-default\"><a href=\"#\">Rio de Janeiro<\/a><\/h2>\t\t\t\t<\/div>\n\t\t\t\t<\/div>\n\t\t\t\t\t<\/div>\n\t\t<\/div>\n\t\t\t\t<div class=\"elementor-column elementor-col-33 elementor-top-column elementor-element elementor-element-7bde5021\" data-id=\"7bde5021\" data-element_type=\"column\" data-e-type=\"column\">\n\t\t\t<div class=\"elementor-widget-wrap elementor-element-populated\">\n\t\t\t\t\t\t<div class=\"elementor-element elementor-element-63c98fb0 elementor-invisible elementor-widget elementor-widget-image\" data-id=\"63c98fb0\" data-element_type=\"widget\" data-e-type=\"widget\" data-settings=\"{&quot;_animation&quot;:&quot;fadeInUp&quot;,&quot;_animation_delay&quot;:400}\" data-widget_type=\"image.default\">\n\t\t\t\t<div class=\"elementor-widget-container\">\n\t\t\t\t\t\t\t\t\t\t\t\t\t\t\t\t<a href=\"https:\/\/www.brazilecotour.com\/wp-content\/uploads\/2021\/02\/igreja-bonfim-salvador-de-bahia-city-tour.png\" data-elementor-open-lightbox=\"yes\" data-elementor-lightbox-title=\"igreja bonfim salvador de bahia city tour\" data-elementor-lightbox-description=\"igreja bonfim salvador de bahia city tour\" data-e-action-hash=\"#elementor-action%3Aaction%3Dlightbox%26settings%3DeyJpZCI6MTM1NDcsInVybCI6Imh0dHBzOlwvXC93d3cuYnJhemlsZWNvdG91ci5jb21cL3dwLWNvbnRlbnRcL3VwbG9hZHNcLzIwMjFcLzAyXC9pZ3JlamEtYm9uZmltLXNhbHZhZG9yLWRlLWJhaGlhLWNpdHktdG91ci5wbmcifQ%3D%3D\">\n\t\t\t\t\t\t\t<img decoding=\"async\" src=\"https:\/\/www.brazilecotour.com\/wp-content\/uploads\/elementor\/thumbs\/igreja-bonfim-salvador-de-bahia-city-tour-p2rav2zdhhg8tjjm1w18kf1ywvgxb56616rm06jknw.png\" title=\"igreja bonfim salvador de bahia city tour\" alt=\"igreja bonfim salvador de bahia city tour\" class=\"elementor-animation-shrink\" loading=\"lazy\" \/>\t\t\t\t\t\t\t\t<\/a>\n\t\t\t\t\t\t\t\t\t\t\t\t\t\t\t<\/div>\n\t\t\t\t<\/div>\n\t\t\t\t<div class=\"elementor-element elementor-element-206c2f46 elementor-invisible elementor-widget elementor-widget-heading\" data-id=\"206c2f46\" data-element_type=\"widget\" data-e-type=\"widget\" data-settings=\"{&quot;_animation&quot;:&quot;fadeInUp&quot;,&quot;_animation_delay&quot;:500}\" data-widget_type=\"heading.default\">\n\t\t\t\t<div class=\"elementor-widget-container\">\n\t\t\t\t\t<h2 class=\"elementor-heading-title elementor-size-default\"><a href=\"#\">Salvador de Bahia<\/a><\/h2>\t\t\t\t<\/div>\n\t\t\t\t<\/div>\n\t\t\t\t\t<\/div>\n\t\t<\/div>\n\t\t\t\t<div class=\"elementor-column elementor-col-33 elementor-top-column elementor-element elementor-element-7d322889\" data-id=\"7d322889\" data-element_type=\"column\" data-e-type=\"column\">\n\t\t\t<div class=\"elementor-widget-wrap elementor-element-populated\">\n\t\t\t\t\t\t<div class=\"elementor-element elementor-element-458c84ec elementor-invisible elementor-widget elementor-widget-image\" data-id=\"458c84ec\" data-element_type=\"widget\" data-e-type=\"widget\" data-settings=\"{&quot;_animation&quot;:&quot;fadeInUp&quot;,&quot;_animation_delay&quot;:500}\" data-widget_type=\"image.default\">\n\t\t\t\t<div class=\"elementor-widget-container\">\n\t\t\t\t\t\t\t\t\t\t\t\t\t\t\t\t<a href=\"https:\/\/www.brazilecotour.com\/wp-content\/uploads\/2017\/05\/32624780811_625bdd71fb_o-2.jpg\" data-elementor-open-lightbox=\"yes\" data-elementor-lightbox-title=\"32624780811_625bdd71fb_o\" data-elementor-lightbox-description=\"Agence de voyages dans le nordeste du Br\u00e9sil, 100% francophone, sp\u00e9cialiste dans les voyages \u00e0 la carte,et hors des sentier battus.\" data-e-action-hash=\"#elementor-action%3Aaction%3Dlightbox%26settings%3DeyJpZCI6MTA1MzQsInVybCI6Imh0dHBzOlwvXC93d3cuYnJhemlsZWNvdG91ci5jb21cL3dwLWNvbnRlbnRcL3VwbG9hZHNcLzIwMTdcLzA1XC8zMjYyNDc4MDgxMV82MjViZGQ3MWZiX28tMi5qcGcifQ%3D%3D\">\n\t\t\t\t\t\t\t<img decoding=\"async\" src=\"https:\/\/www.brazilecotour.com\/wp-content\/uploads\/elementor\/thumbs\/32624780811_625bdd71fb_o-2-p65zahc3jqoubxo0yaoggzqbad3plt04bjqb2eetzw.jpg\" title=\"32624780811_625bdd71fb_o\" alt=\"Agence de voyages dans le nordeste du Br\u00e9sil, 100% francophone, sp\u00e9cialiste dans les voyages \u00e0 la carte,et hors des sentier battus.\" class=\"elementor-animation-shrink\" loading=\"lazy\" \/>\t\t\t\t\t\t\t\t<\/a>\n\t\t\t\t\t\t\t\t\t\t\t\t\t\t\t<\/div>\n\t\t\t\t<\/div>\n\t\t\t\t<div class=\"elementor-element elementor-element-458fc9cf elementor-invisible elementor-widget elementor-widget-heading\" data-id=\"458fc9cf\" data-element_type=\"widget\" data-e-type=\"widget\" data-settings=\"{&quot;_animation&quot;:&quot;fadeInUp&quot;,&quot;_animation_delay&quot;:500}\" data-widget_type=\"heading.default\">\n\t\t\t\t<div class=\"elementor-widget-container\">\n\t\t\t\t\t<h2 class=\"elementor-heading-title elementor-size-default\"><a href=\"#\">Ilha Grande Rio de Janeiro<\/a><\/h2>\t\t\t\t<\/div>\n\t\t\t\t<\/div>\n\t\t\t\t\t<\/div>\n\t\t<\/div>\n\t\t\t\t\t<\/div>\n\t\t<\/section>\n\t\t\t\t<section class=\"elementor-section elementor-top-section elementor-element elementor-element-5a9af297 elementor-section-boxed elementor-section-height-default elementor-section-height-default\" data-id=\"5a9af297\" data-element_type=\"section\" data-e-type=\"section\" data-settings=\"{&quot;background_background&quot;:&quot;classic&quot;}\">\n\t\t\t\t\t\t<div class=\"elementor-container elementor-column-gap-default\">\n\t\t\t\t\t<div class=\"elementor-column elementor-col-50 elementor-top-column elementor-element elementor-element-1342177\" data-id=\"1342177\" data-element_type=\"column\" data-e-type=\"column\">\n\t\t\t<div class=\"elementor-widget-wrap elementor-element-populated\">\n\t\t\t\t\t\t<div class=\"elementor-element elementor-element-2b90b4e1 elementor-invisible elementor-widget elementor-widget-image\" data-id=\"2b90b4e1\" data-element_type=\"widget\" data-e-type=\"widget\" data-settings=\"{&quot;_animation&quot;:&quot;fadeInUp&quot;,&quot;_animation_delay&quot;:300}\" data-widget_type=\"image.default\">\n\t\t\t\t<div class=\"elementor-widget-container\">\n\t\t\t\t\t\t\t\t\t\t\t\t\t\t\t<img decoding=\"async\" src=\"https:\/\/www.brazilecotour.com\/wp-content\/uploads\/elementor\/thumbs\/maxresdefault-2-p6aumdgkff70ihahxnaav7i6uyl7k8s0siiv2zpffg.jpg\" title=\"salvador-boipeba-bahia-agence-de-voyage-sejours-tours-activit\u00e9s-hotel-bateau-soleil-nature-s\u00e9jours-vacances-peche-trekking\" alt=\"Agence de voyages dans le nordeste du Br\u00e9sil, 100% francophone, sp\u00e9cialiste dans les voyages \u00e0 la carte,et hors des sentier battus.\" class=\"elementor-animation-shrink\" loading=\"lazy\" \/>\t\t\t\t\t\t\t\t\t\t\t\t\t\t\t<\/div>\n\t\t\t\t<\/div>\n\t\t\t\t<div class=\"elementor-element elementor-element-387214b9 elementor-invisible elementor-widget elementor-widget-heading\" data-id=\"387214b9\" data-element_type=\"widget\" data-e-type=\"widget\" data-settings=\"{&quot;_animation&quot;:&quot;fadeInUp&quot;,&quot;_animation_delay&quot;:500}\" data-widget_type=\"heading.default\">\n\t\t\t\t<div class=\"elementor-widget-container\">\n\t\t\t\t\t<h2 class=\"elementor-heading-title elementor-size-default\"><a href=\"#\">Boipeba  Insel<\/a><\/h2>\t\t\t\t<\/div>\n\t\t\t\t<\/div>\n\t\t\t\t\t<\/div>\n\t\t<\/div>\n\t\t\t\t<div class=\"elementor-column elementor-col-50 elementor-top-column elementor-element elementor-element-4717fe70\" data-id=\"4717fe70\" data-element_type=\"column\" data-e-type=\"column\">\n\t\t\t<div class=\"elementor-widget-wrap elementor-element-populated\">\n\t\t\t\t\t\t<div class=\"elementor-element elementor-element-7fbe835c elementor-invisible elementor-widget elementor-widget-image\" data-id=\"7fbe835c\" data-element_type=\"widget\" data-e-type=\"widget\" data-settings=\"{&quot;_animation&quot;:&quot;fadeInUp&quot;,&quot;_animation_delay&quot;:500}\" data-widget_type=\"image.default\">\n\t\t\t\t<div class=\"elementor-widget-container\">\n\t\t\t\t\t\t\t\t\t\t\t\t\t\t\t<img decoding=\"async\" src=\"https:\/\/www.brazilecotour.com\/wp-content\/uploads\/elementor\/thumbs\/site-classic-paraty-port-view-p660waeruxtoclp5ea8gtekuhg6czohu9o3bl0p7bw.jpg\" title=\"paraty-rio-de-janeiro-sejour-ilha-grande-agence-de-voyage\" alt=\"Agence de voyages dans le nordeste du  Br\u00e9sil, 100% francophone, sp\u00e9cialiste dans les voyages \u00e0 la carte,et hors des sentier battus.\" class=\"elementor-animation-shrink\" loading=\"lazy\" \/>\t\t\t\t\t\t\t\t\t\t\t\t\t\t\t<\/div>\n\t\t\t\t<\/div>\n\t\t\t\t<div class=\"elementor-element elementor-element-11bd8aaa elementor-invisible elementor-widget elementor-widget-heading\" data-id=\"11bd8aaa\" data-element_type=\"widget\" data-e-type=\"widget\" data-settings=\"{&quot;_animation&quot;:&quot;fadeInUp&quot;,&quot;_animation_delay&quot;:500}\" data-widget_type=\"heading.default\">\n\t\t\t\t<div class=\"elementor-widget-container\">\n\t\t\t\t\t<h2 class=\"elementor-heading-title elementor-size-default\"><a href=\"#\">Paraty Brasilien<\/a><\/h2>\t\t\t\t<\/div>\n\t\t\t\t<\/div>\n\t\t\t\t\t<\/div>\n\t\t<\/div>\n\t\t\t\t\t<\/div>\n\t\t<\/section>\n\t\t\t\t<section class=\"elementor-section elementor-top-section elementor-element elementor-element-3877d9c3 elementor-section-height-min-height elementor-section-boxed elementor-section-height-default elementor-section-items-middle elementor-invisible\" data-id=\"3877d9c3\" data-element_type=\"section\" data-e-type=\"section\" data-settings=\"{&quot;background_background&quot;:&quot;classic&quot;,&quot;animation&quot;:&quot;fadeIn&quot;}\">\n\t\t\t\t\t\t<div class=\"elementor-container elementor-column-gap-default\">\n\t\t\t\t\t<div class=\"elementor-column elementor-col-100 elementor-top-column elementor-element elementor-element-3f9f3914\" data-id=\"3f9f3914\" data-element_type=\"column\" data-e-type=\"column\">\n\t\t\t<div class=\"elementor-widget-wrap elementor-element-populated\">\n\t\t\t\t\t\t<section class=\"elementor-section elementor-top-section elementor-element elementor-element-56aad83e elementor-section-boxed elementor-section-height-default elementor-section-height-default\" data-id=\"56aad83e\" data-element_type=\"section\" data-e-type=\"section\">\n\t\t\t\t\t\t<div class=\"elementor-container elementor-column-gap-default\">\n\t\t\t\t\t<div class=\"elementor-column elementor-col-100 elementor-top-column elementor-element elementor-element-13df1d2b\" data-id=\"13df1d2b\" data-element_type=\"column\" data-e-type=\"column\">\n\t\t\t<div class=\"elementor-widget-wrap elementor-element-populated\">\n\t\t\t\t\t\t<div class=\"elementor-element elementor-element-7671343c elementor-view-default elementor-invisible elementor-widget elementor-widget-icon\" data-id=\"7671343c\" data-element_type=\"widget\" data-e-type=\"widget\" data-settings=\"{&quot;_animation&quot;:&quot;fadeIn&quot;,&quot;_animation_delay&quot;:400}\" data-widget_type=\"icon.default\">\n\t\t\t\t<div class=\"elementor-widget-container\">\n\t\t\t\t\t\t\t<div class=\"elementor-icon-wrapper\">\n\t\t\t<a class=\"elementor-icon elementor-animation-bob\" href=\"https:\/\/player.vimeo.com\/video\/150321876\" target=\"_blank\">\n\t\t\t\t\t\t\t<i class=\"fa fa-youtube-play\" aria-hidden=\"true\"><\/i>\n\t\t\t\t\t\t<\/a>\n\t\t<\/div>\n\t\t\t\t\t\t<\/div>\n\t\t\t\t<\/div>\n\t\t\t\t<div class=\"elementor-element elementor-element-3d5aacd2 elementor-invisible elementor-widget elementor-widget-heading\" data-id=\"3d5aacd2\" data-element_type=\"widget\" data-e-type=\"widget\" data-settings=\"{&quot;_animation&quot;:&quot;fadeInUp&quot;,&quot;_animation_delay&quot;:500}\" data-widget_type=\"heading.default\">\n\t\t\t\t<div class=\"elementor-widget-container\">\n\t\t\t\t\t<h2 class=\"elementor-heading-title elementor-size-default\"><a href=\"#\">Boipeba Island State von Bahia in Brasilien<\/a><\/h2>\t\t\t\t<\/div>\n\t\t\t\t<\/div>\n\t\t\t\t\t<\/div>\n\t\t<\/div>\n\t\t\t\t\t<\/div>\n\t\t<\/section>\n\t\t\t\t\t<\/div>\n\t\t<\/div>\n\t\t\t\t\t<\/div>\n\t\t<\/section>\n\t\t\t\t<section class=\"elementor-section elementor-top-section elementor-element elementor-element-73be6fe0 elementor-section-boxed elementor-section-height-default elementor-section-height-default\" data-id=\"73be6fe0\" data-element_type=\"section\" data-e-type=\"section\" data-settings=\"{&quot;background_background&quot;:&quot;classic&quot;}\">\n\t\t\t\t\t\t<div class=\"elementor-container elementor-column-gap-default\">\n\t\t\t\t\t<div class=\"elementor-column elementor-col-100 elementor-top-column elementor-element elementor-element-4553a314\" data-id=\"4553a314\" data-element_type=\"column\" data-e-type=\"column\">\n\t\t\t<div class=\"elementor-widget-wrap elementor-element-populated\">\n\t\t\t\t\t\t<section class=\"elementor-section elementor-inner-section elementor-element elementor-element-18d7df46 elementor-section-boxed elementor-section-height-default elementor-section-height-default\" data-id=\"18d7df46\" data-element_type=\"section\" data-e-type=\"section\">\n\t\t\t\t\t\t<div class=\"elementor-container elementor-column-gap-default\">\n\t\t\t\t\t<div class=\"elementor-column elementor-col-50 elementor-inner-column elementor-element elementor-element-5fc04222 elementor-invisible\" data-id=\"5fc04222\" data-element_type=\"column\" data-e-type=\"column\" data-settings=\"{&quot;animation&quot;:&quot;fadeInLeft&quot;,&quot;animation_delay&quot;:300}\">\n\t\t\t<div class=\"elementor-widget-wrap elementor-element-populated\">\n\t\t\t\t\t\t<div class=\"elementor-element elementor-element-197694a6 elementor-widget elementor-widget-image\" data-id=\"197694a6\" data-element_type=\"widget\" data-e-type=\"widget\" data-widget_type=\"image.default\">\n\t\t\t\t<div class=\"elementor-widget-container\">\n\t\t\t\t\t\t\t\t\t\t\t\t\t\t\t<img decoding=\"async\" src=\"https:\/\/www.brazilecotour.com\/wp-content\/uploads\/elementor\/thumbs\/sugarloaf-rio-de-janeiro-p3ksl83vaqmzu7jhxmtznc5lr9ayi5bvsxq68lnam8.jpg\" title=\"sugarloaf rio de janeiro brazil\" alt=\"sugarloaf rio de janeiro brazil\" loading=\"lazy\" \/>\t\t\t\t\t\t\t\t\t\t\t\t\t\t\t<\/div>\n\t\t\t\t<\/div>\n\t\t\t\t\t<\/div>\n\t\t<\/div>\n\t\t\t\t<div class=\"elementor-column elementor-col-50 elementor-inner-column elementor-element elementor-element-4a48c4a8 elementor-invisible\" data-id=\"4a48c4a8\" data-element_type=\"column\" data-e-type=\"column\" data-settings=\"{&quot;background_background&quot;:&quot;classic&quot;,&quot;animation&quot;:&quot;fadeInRight&quot;,&quot;animation_delay&quot;:350}\">\n\t\t\t<div class=\"elementor-widget-wrap elementor-element-populated\">\n\t\t\t\t\t\t<div class=\"elementor-element elementor-element-791fea59 elementor-invisible elementor-widget elementor-widget-heading\" data-id=\"791fea59\" data-element_type=\"widget\" data-e-type=\"widget\" data-settings=\"{&quot;_animation&quot;:&quot;fadeInUp&quot;,&quot;_animation_delay&quot;:400}\" data-widget_type=\"heading.default\">\n\t\t\t\t<div class=\"elementor-widget-container\">\n\t\t\t\t\t<h3 class=\"elementor-heading-title elementor-size-default\">Tag 01:<\/h3>\t\t\t\t<\/div>\n\t\t\t\t<\/div>\n\t\t\t\t<div class=\"elementor-element elementor-element-40897cf5 elementor-invisible elementor-widget elementor-widget-heading\" data-id=\"40897cf5\" data-element_type=\"widget\" data-e-type=\"widget\" data-settings=\"{&quot;_animation&quot;:&quot;fadeInUp&quot;,&quot;_animation_delay&quot;:500}\" data-widget_type=\"heading.default\">\n\t\t\t\t<div class=\"elementor-widget-container\">\n\t\t\t\t\t<h2 class=\"elementor-heading-title elementor-size-default\"> Rio de Janeiro \u2013 Ankunft<\/h2>\t\t\t\t<\/div>\n\t\t\t\t<\/div>\n\t\t\t\t<div class=\"elementor-element elementor-element-2c511303 elementor-invisible elementor-widget elementor-widget-text-editor\" data-id=\"2c511303\" data-element_type=\"widget\" data-e-type=\"widget\" data-settings=\"{&quot;_animation&quot;:&quot;fadeInUp&quot;,&quot;_animation_delay&quot;:500}\" data-widget_type=\"text-editor.default\">\n\t\t\t\t<div class=\"elementor-widget-container\">\n\t\t\t\t\t\t\t\t\t<p><br \/>Ankunft in Rio de Janeiro, Empfang durch Ihren zweisprachigen Reiseleiter und Transfer zu Ihrem Hotel.<br \/>Nacht im Hotel.<\/p>\t\t\t\t\t\t\t\t<\/div>\n\t\t\t\t<\/div>\n\t\t\t\t\t<\/div>\n\t\t<\/div>\n\t\t\t\t\t<\/div>\n\t\t<\/section>\n\t\t\t\t<section class=\"elementor-section elementor-inner-section elementor-element elementor-element-3c41bf9a elementor-section-boxed elementor-section-height-default elementor-section-height-default\" data-id=\"3c41bf9a\" data-element_type=\"section\" data-e-type=\"section\">\n\t\t\t\t\t\t<div class=\"elementor-container elementor-column-gap-default\">\n\t\t\t\t\t<div class=\"elementor-column elementor-col-50 elementor-inner-column elementor-element elementor-element-1af68868 elementor-invisible\" data-id=\"1af68868\" data-element_type=\"column\" data-e-type=\"column\" data-settings=\"{&quot;animation&quot;:&quot;fadeInLeft&quot;,&quot;animation_delay&quot;:300}\">\n\t\t\t<div class=\"elementor-widget-wrap elementor-element-populated\">\n\t\t\t\t\t\t<div class=\"elementor-element elementor-element-4f32c432 elementor-widget elementor-widget-image\" data-id=\"4f32c432\" data-element_type=\"widget\" data-e-type=\"widget\" data-widget_type=\"image.default\">\n\t\t\t\t<div class=\"elementor-widget-container\">\n\t\t\t\t\t\t\t\t\t\t\t\t\t\t\t<img fetchpriority=\"high\" decoding=\"async\" width=\"564\" height=\"564\" src=\"https:\/\/www.brazilecotour.com\/wp-content\/uploads\/2018\/08\/rio-de-janeiro-corcovado.jpg\" class=\"attachment-full size-full wp-image-10966\" alt=\"\" srcset=\"https:\/\/www.brazilecotour.com\/wp-content\/uploads\/2018\/08\/rio-de-janeiro-corcovado.jpg 564w, https:\/\/www.brazilecotour.com\/wp-content\/uploads\/2018\/08\/rio-de-janeiro-corcovado-150x150.jpg 150w, https:\/\/www.brazilecotour.com\/wp-content\/uploads\/2018\/08\/rio-de-janeiro-corcovado-300x300.jpg 300w, https:\/\/www.brazilecotour.com\/wp-content\/uploads\/2018\/08\/rio-de-janeiro-corcovado-440x440.jpg 440w, https:\/\/www.brazilecotour.com\/wp-content\/uploads\/2018\/08\/rio-de-janeiro-corcovado-456x456.jpg 456w, https:\/\/www.brazilecotour.com\/wp-content\/uploads\/2018\/08\/rio-de-janeiro-corcovado-480x480.jpg 480w, https:\/\/www.brazilecotour.com\/wp-content\/uploads\/2018\/08\/rio-de-janeiro-corcovado-109x109.jpg 109w, https:\/\/www.brazilecotour.com\/wp-content\/uploads\/2018\/08\/rio-de-janeiro-corcovado-100x100.jpg 100w\" sizes=\"(max-width: 564px) 100vw, 564px\" \/>\t\t\t\t\t\t\t\t\t\t\t\t\t\t\t<\/div>\n\t\t\t\t<\/div>\n\t\t\t\t\t<\/div>\n\t\t<\/div>\n\t\t\t\t<div class=\"elementor-column elementor-col-50 elementor-inner-column elementor-element elementor-element-20b8184b elementor-invisible\" data-id=\"20b8184b\" data-element_type=\"column\" data-e-type=\"column\" data-settings=\"{&quot;background_background&quot;:&quot;classic&quot;,&quot;animation&quot;:&quot;fadeInRight&quot;,&quot;animation_delay&quot;:350}\">\n\t\t\t<div class=\"elementor-widget-wrap elementor-element-populated\">\n\t\t\t\t\t\t<div class=\"elementor-element elementor-element-226eddd6 elementor-invisible elementor-widget elementor-widget-heading\" data-id=\"226eddd6\" data-element_type=\"widget\" data-e-type=\"widget\" data-settings=\"{&quot;_animation&quot;:&quot;fadeInUp&quot;,&quot;_animation_delay&quot;:400}\" data-widget_type=\"heading.default\">\n\t\t\t\t<div class=\"elementor-widget-container\">\n\t\t\t\t\t<h3 class=\"elementor-heading-title elementor-size-default\">Tag 02: <\/h3>\t\t\t\t<\/div>\n\t\t\t\t<\/div>\n\t\t\t\t<div class=\"elementor-element elementor-element-21672797 elementor-invisible elementor-widget elementor-widget-heading\" data-id=\"21672797\" data-element_type=\"widget\" data-e-type=\"widget\" data-settings=\"{&quot;_animation&quot;:&quot;fadeInUp&quot;,&quot;_animation_delay&quot;:500}\" data-widget_type=\"heading.default\">\n\t\t\t\t<div class=\"elementor-widget-container\">\n\t\t\t\t\t<h2 class=\"elementor-heading-title elementor-size-default\">Rio de Janeiro<\/h2>\t\t\t\t<\/div>\n\t\t\t\t<\/div>\n\t\t\t\t<div class=\"elementor-element elementor-element-4b4641d4 elementor-invisible elementor-widget elementor-widget-text-editor\" data-id=\"4b4641d4\" data-element_type=\"widget\" data-e-type=\"widget\" data-settings=\"{&quot;_animation&quot;:&quot;fadeInUp&quot;,&quot;_animation_delay&quot;:500}\" data-widget_type=\"text-editor.default\">\n\t\t\t\t<div class=\"elementor-widget-container\">\n\t\t\t\t\t\t\t\t\t<p>Fr\u00fchst\u00fcck am hoteleigenen Buffet.<br \/>Am Morgen Abfahrt gegen 9 Uhr mit einem zweisprachigen F\u00fchrer f\u00fcr eine private Tour durch den Corcovado.<br \/>Sie fahren zum Ausgangspunkt des Bondinho, der charmanten Standseilbahn, die durch den Regenwald steigt, um die ber\u00fchmte St\u00e4tte der Statue Christi des Erl\u00f6sers zu erreichen, die sich auf dem Gipfel des Corcovado befindet.<br \/>Nach einem kostenlosen Mittagessen (nicht inbegriffen) setzen Sie Ihre Entdeckung der Stadt mit den Stadtteilen Santa Teresa, Lapa und dem Kolonialzentrum mit Ihrem F\u00fchrer und seinem Fahrzeug fort, die Ihnen w\u00e4hrend 4 Stunden zur Verf\u00fcgung stehen, um auch andere Sehensw\u00fcrdigkeiten zu besuchen, die Sie m\u00f6chten w\u00fcrde gerne wissen.<br \/>Am Ende des Nachmittags kehren Sie zum Hotel zur\u00fcck.<br \/>Nacht im Hotel.<\/p>\t\t\t\t\t\t\t\t<\/div>\n\t\t\t\t<\/div>\n\t\t\t\t\t<\/div>\n\t\t<\/div>\n\t\t\t\t\t<\/div>\n\t\t<\/section>\n\t\t\t\t<section class=\"elementor-section elementor-inner-section elementor-element elementor-element-86cee1f elementor-section-boxed elementor-section-height-default elementor-section-height-default\" data-id=\"86cee1f\" data-element_type=\"section\" data-e-type=\"section\">\n\t\t\t\t\t\t<div class=\"elementor-container elementor-column-gap-default\">\n\t\t\t\t\t<div class=\"elementor-column elementor-col-50 elementor-inner-column elementor-element elementor-element-1319f9af elementor-invisible\" data-id=\"1319f9af\" data-element_type=\"column\" data-e-type=\"column\" data-settings=\"{&quot;animation&quot;:&quot;fadeInLeft&quot;,&quot;animation_delay&quot;:300}\">\n\t\t\t<div class=\"elementor-widget-wrap elementor-element-populated\">\n\t\t\t\t\t\t<div class=\"elementor-element elementor-element-11df21ab elementor-widget elementor-widget-image\" data-id=\"11df21ab\" data-element_type=\"widget\" data-e-type=\"widget\" data-widget_type=\"image.default\">\n\t\t\t\t<div class=\"elementor-widget-container\">\n\t\t\t\t\t\t\t\t\t\t\t\t\t\t\t<img decoding=\"async\" src=\"https:\/\/www.brazilecotour.com\/wp-content\/uploads\/elementor\/thumbs\/rio-de-janeiro-vacation-1813389-1-p660aayo0fonx7f94alk6lhau4g0td4cykbb2er2bk.jpg\" title=\"rio-de-janeiro-vacation-1813389\" alt=\"Agence de voyages dans le nordeste du  Br\u00e9sil, 100% francophone, sp\u00e9cialiste dans les voyages \u00e0 la carte,et hors des sentier battus.\" loading=\"lazy\" \/>\t\t\t\t\t\t\t\t\t\t\t\t\t\t\t<\/div>\n\t\t\t\t<\/div>\n\t\t\t\t\t<\/div>\n\t\t<\/div>\n\t\t\t\t<div class=\"elementor-column elementor-col-50 elementor-inner-column elementor-element elementor-element-474edca5 elementor-invisible\" data-id=\"474edca5\" data-element_type=\"column\" data-e-type=\"column\" data-settings=\"{&quot;background_background&quot;:&quot;classic&quot;,&quot;animation&quot;:&quot;fadeInRight&quot;,&quot;animation_delay&quot;:350}\">\n\t\t\t<div class=\"elementor-widget-wrap elementor-element-populated\">\n\t\t\t\t\t\t<div class=\"elementor-element elementor-element-69a9a6c elementor-invisible elementor-widget elementor-widget-heading\" data-id=\"69a9a6c\" data-element_type=\"widget\" data-e-type=\"widget\" data-settings=\"{&quot;_animation&quot;:&quot;fadeInUp&quot;,&quot;_animation_delay&quot;:400}\" data-widget_type=\"heading.default\">\n\t\t\t\t<div class=\"elementor-widget-container\">\n\t\t\t\t\t<h3 class=\"elementor-heading-title elementor-size-default\">Tag 03:<\/h3>\t\t\t\t<\/div>\n\t\t\t\t<\/div>\n\t\t\t\t<div class=\"elementor-element elementor-element-4865471d elementor-invisible elementor-widget elementor-widget-heading\" data-id=\"4865471d\" data-element_type=\"widget\" data-e-type=\"widget\" data-settings=\"{&quot;_animation&quot;:&quot;fadeInUp&quot;,&quot;_animation_delay&quot;:500}\" data-widget_type=\"heading.default\">\n\t\t\t\t<div class=\"elementor-widget-container\">\n\t\t\t\t\t<h2 class=\"elementor-heading-title elementor-size-default\"> Rio de Janeiro<\/h2>\t\t\t\t<\/div>\n\t\t\t\t<\/div>\n\t\t\t\t<div class=\"elementor-element elementor-element-5b355878 elementor-invisible elementor-widget elementor-widget-text-editor\" data-id=\"5b355878\" data-element_type=\"widget\" data-e-type=\"widget\" data-settings=\"{&quot;_animation&quot;:&quot;fadeInUp&quot;,&quot;_animation_delay&quot;:500}\" data-widget_type=\"text-editor.default\">\n\t\t\t\t<div class=\"elementor-widget-container\">\n\t\t\t\t\t\t\t\t\t<p>Fr\u00fchst\u00fcck am hoteleigenen Buffet.<br \/>Freier Morgen. Sie k\u00f6nnen die Gelegenheit nutzen, die Stadt auf eigene Faust weiter zu erkunden, die Str\u00e4nde von Rio zu genie\u00dfen oder Fahrr\u00e4der an der Avenida Atlantica zu mieten, um entlang der K\u00fcste entlang der Copacabana und Ipanema zu fahren.<br \/>Am Nachmittag verlassen Sie das Hotel mit dem Fahrzeug f\u00fcr eine Zuckerhut-Tour mit Ihrem privaten zweisprachigen Reiseleiter.<br \/>Sie erreichen es mit 2 Seilbahnen. Der erste bringt Sie auf den Gipfel des Urca-Berges, wo Sie einen ersten Aussichtspunkt, einige Gesch\u00e4fte und Restaurants finden. Von dort aus nehmen Sie die zweite, um den Gipfel des P\u00e3o de Acucar selbst zu erreichen, wo sich auch ein Restaurant befindet. Dies ist der ideale Ort, um den Sonnenuntergang zu bewundern, der das Meer, die Berge und die umliegende Stadt mit tausend Rosa- und Oranget\u00f6nen f\u00e4rbt.<br \/>R\u00fcckkehr zum Hotel.<\/p>\t\t\t\t\t\t\t\t<\/div>\n\t\t\t\t<\/div>\n\t\t\t\t\t<\/div>\n\t\t<\/div>\n\t\t\t\t\t<\/div>\n\t\t<\/section>\n\t\t\t\t<section class=\"elementor-section elementor-inner-section elementor-element elementor-element-b1d6923 elementor-section-boxed elementor-section-height-default elementor-section-height-default\" data-id=\"b1d6923\" data-element_type=\"section\" data-e-type=\"section\">\n\t\t\t\t\t\t<div class=\"elementor-container elementor-column-gap-default\">\n\t\t\t\t\t<div class=\"elementor-column elementor-col-50 elementor-inner-column elementor-element elementor-element-0cc5ed6 elementor-invisible\" data-id=\"0cc5ed6\" data-element_type=\"column\" data-e-type=\"column\" data-settings=\"{&quot;animation&quot;:&quot;fadeInLeft&quot;,&quot;animation_delay&quot;:300}\">\n\t\t\t<div class=\"elementor-widget-wrap elementor-element-populated\">\n\t\t\t\t\t\t<div class=\"elementor-element elementor-element-f06e869 elementor-widget elementor-widget-image\" data-id=\"f06e869\" data-element_type=\"widget\" data-e-type=\"widget\" data-widget_type=\"image.default\">\n\t\t\t\t<div class=\"elementor-widget-container\">\n\t\t\t\t\t\t\t\t\t\t\t\t\t\t\t<img decoding=\"async\" width=\"1920\" height=\"1080\" src=\"https:\/\/www.brazilecotour.com\/wp-content\/uploads\/2017\/05\/site-classic-paraty-port-view-1.jpg\" class=\"attachment-full size-full wp-image-10785\" alt=\"\" srcset=\"https:\/\/www.brazilecotour.com\/wp-content\/uploads\/2017\/05\/site-classic-paraty-port-view-1.jpg 1920w, https:\/\/www.brazilecotour.com\/wp-content\/uploads\/2017\/05\/site-classic-paraty-port-view-1-300x169.jpg 300w, https:\/\/www.brazilecotour.com\/wp-content\/uploads\/2017\/05\/site-classic-paraty-port-view-1-768x432.jpg 768w, https:\/\/www.brazilecotour.com\/wp-content\/uploads\/2017\/05\/site-classic-paraty-port-view-1-1024x576.jpg 1024w, https:\/\/www.brazilecotour.com\/wp-content\/uploads\/2017\/05\/site-classic-paraty-port-view-1-960x540.jpg 960w, https:\/\/www.brazilecotour.com\/wp-content\/uploads\/2017\/05\/site-classic-paraty-port-view-1-440x248.jpg 440w\" sizes=\"(max-width: 1920px) 100vw, 1920px\" \/>\t\t\t\t\t\t\t\t\t\t\t\t\t\t\t<\/div>\n\t\t\t\t<\/div>\n\t\t\t\t\t<\/div>\n\t\t<\/div>\n\t\t\t\t<div class=\"elementor-column elementor-col-50 elementor-inner-column elementor-element elementor-element-198c93c elementor-invisible\" data-id=\"198c93c\" data-element_type=\"column\" data-e-type=\"column\" data-settings=\"{&quot;background_background&quot;:&quot;classic&quot;,&quot;animation&quot;:&quot;fadeInRight&quot;,&quot;animation_delay&quot;:350}\">\n\t\t\t<div class=\"elementor-widget-wrap elementor-element-populated\">\n\t\t\t\t\t\t<div class=\"elementor-element elementor-element-71083b3 elementor-invisible elementor-widget elementor-widget-heading\" data-id=\"71083b3\" data-element_type=\"widget\" data-e-type=\"widget\" data-settings=\"{&quot;_animation&quot;:&quot;fadeInUp&quot;,&quot;_animation_delay&quot;:400}\" data-widget_type=\"heading.default\">\n\t\t\t\t<div class=\"elementor-widget-container\">\n\t\t\t\t\t<h3 class=\"elementor-heading-title elementor-size-default\">Tag 04:<\/h3>\t\t\t\t<\/div>\n\t\t\t\t<\/div>\n\t\t\t\t<div class=\"elementor-element elementor-element-5953ee6 elementor-invisible elementor-widget elementor-widget-heading\" data-id=\"5953ee6\" data-element_type=\"widget\" data-e-type=\"widget\" data-settings=\"{&quot;_animation&quot;:&quot;fadeInUp&quot;,&quot;_animation_delay&quot;:500}\" data-widget_type=\"heading.default\">\n\t\t\t\t<div class=\"elementor-widget-container\">\n\t\t\t\t\t<h2 class=\"elementor-heading-title elementor-size-default\"> Rio de Janeiro \u2013 Paraty<\/h2>\t\t\t\t<\/div>\n\t\t\t\t<\/div>\n\t\t\t\t<div class=\"elementor-element elementor-element-6b40ce8 elementor-invisible elementor-widget elementor-widget-text-editor\" data-id=\"6b40ce8\" data-element_type=\"widget\" data-e-type=\"widget\" data-settings=\"{&quot;_animation&quot;:&quot;fadeInUp&quot;,&quot;_animation_delay&quot;:500}\" data-widget_type=\"text-editor.default\">\n\t\t\t\t<div class=\"elementor-widget-container\">\n\t\t\t\t\t\t\t\t\t<p>Fr\u00fchst\u00fcck im Hotel.<br \/>Empfang Ihres Lusophonfahrers und Transfer von ca. 5 Stunden von Rio de Janeiro nach Paraty.<br \/>Paraty geh\u00f6rt zum UNESCO-Weltkulturerbe und ist ein Juwel der Kolonialarchitektur. Es ist ein Erbe des sp\u00e4ten 17. Jahrhunderts, als die Stadt zum Hafen f\u00fcr den Goldversand von Minas Gerais wurde. Es war damals der zweite Hafen des Landes, eine obligatorische Passage zwischen den Minen und Rio auf dem Caminho do Ouro, dem \u201eWeg des Goldes\u201c. Die Kirchen und gepflasterten Stra\u00dfen vor dem Hintergrund \u00fcppiger Waldh\u00fcgel und einsamer Str\u00e4nde in der Umgebung machen Paraty zu einem regelm\u00e4\u00dfigen Filmset.<br \/>Nacht in deiner Pousada.<\/p>\t\t\t\t\t\t\t\t<\/div>\n\t\t\t\t<\/div>\n\t\t\t\t\t<\/div>\n\t\t<\/div>\n\t\t\t\t\t<\/div>\n\t\t<\/section>\n\t\t\t\t<section class=\"elementor-section elementor-inner-section elementor-element elementor-element-d00c9c6 elementor-section-boxed elementor-section-height-default elementor-section-height-default\" data-id=\"d00c9c6\" data-element_type=\"section\" data-e-type=\"section\">\n\t\t\t\t\t\t<div class=\"elementor-container elementor-column-gap-default\">\n\t\t\t\t\t<div class=\"elementor-column elementor-col-50 elementor-inner-column elementor-element elementor-element-8315534 elementor-invisible\" data-id=\"8315534\" data-element_type=\"column\" data-e-type=\"column\" data-settings=\"{&quot;animation&quot;:&quot;fadeInLeft&quot;,&quot;animation_delay&quot;:300}\">\n\t\t\t<div class=\"elementor-widget-wrap elementor-element-populated\">\n\t\t\t\t\t\t<div class=\"elementor-element elementor-element-1c80a09 elementor-widget elementor-widget-image\" data-id=\"1c80a09\" data-element_type=\"widget\" data-e-type=\"widget\" data-widget_type=\"image.default\">\n\t\t\t\t<div class=\"elementor-widget-container\">\n\t\t\t\t\t\t\t\t\t\t\t\t\t\t\t<img decoding=\"async\" width=\"1500\" height=\"993\" src=\"https:\/\/www.brazilecotour.com\/wp-content\/uploads\/2017\/05\/g.jpg\" class=\"attachment-full size-full wp-image-10946\" alt=\"\" srcset=\"https:\/\/www.brazilecotour.com\/wp-content\/uploads\/2017\/05\/g.jpg 1500w, https:\/\/www.brazilecotour.com\/wp-content\/uploads\/2017\/05\/g-300x199.jpg 300w, https:\/\/www.brazilecotour.com\/wp-content\/uploads\/2017\/05\/g-768x508.jpg 768w, https:\/\/www.brazilecotour.com\/wp-content\/uploads\/2017\/05\/g-1024x678.jpg 1024w, https:\/\/www.brazilecotour.com\/wp-content\/uploads\/2017\/05\/g-960x636.jpg 960w, https:\/\/www.brazilecotour.com\/wp-content\/uploads\/2017\/05\/g-440x291.jpg 440w\" sizes=\"(max-width: 1500px) 100vw, 1500px\" \/>\t\t\t\t\t\t\t\t\t\t\t\t\t\t\t<\/div>\n\t\t\t\t<\/div>\n\t\t\t\t\t<\/div>\n\t\t<\/div>\n\t\t\t\t<div class=\"elementor-column elementor-col-50 elementor-inner-column elementor-element elementor-element-69e92de elementor-invisible\" data-id=\"69e92de\" data-element_type=\"column\" data-e-type=\"column\" data-settings=\"{&quot;background_background&quot;:&quot;classic&quot;,&quot;animation&quot;:&quot;fadeInRight&quot;,&quot;animation_delay&quot;:350}\">\n\t\t\t<div class=\"elementor-widget-wrap elementor-element-populated\">\n\t\t\t\t\t\t<div class=\"elementor-element elementor-element-18c9b2d elementor-invisible elementor-widget elementor-widget-heading\" data-id=\"18c9b2d\" data-element_type=\"widget\" data-e-type=\"widget\" data-settings=\"{&quot;_animation&quot;:&quot;fadeInUp&quot;,&quot;_animation_delay&quot;:400}\" data-widget_type=\"heading.default\">\n\t\t\t\t<div class=\"elementor-widget-container\">\n\t\t\t\t\t<h3 class=\"elementor-heading-title elementor-size-default\">Tag 05:<\/h3>\t\t\t\t<\/div>\n\t\t\t\t<\/div>\n\t\t\t\t<div class=\"elementor-element elementor-element-c8162d7 elementor-invisible elementor-widget elementor-widget-heading\" data-id=\"c8162d7\" data-element_type=\"widget\" data-e-type=\"widget\" data-settings=\"{&quot;_animation&quot;:&quot;fadeInUp&quot;,&quot;_animation_delay&quot;:500}\" data-widget_type=\"heading.default\">\n\t\t\t\t<div class=\"elementor-widget-container\">\n\t\t\t\t\t<h2 class=\"elementor-heading-title elementor-size-default\"> Paraty<\/h2>\t\t\t\t<\/div>\n\t\t\t\t<\/div>\n\t\t\t\t<div class=\"elementor-element elementor-element-8d3280b elementor-invisible elementor-widget elementor-widget-text-editor\" data-id=\"8d3280b\" data-element_type=\"widget\" data-e-type=\"widget\" data-settings=\"{&quot;_animation&quot;:&quot;fadeInUp&quot;,&quot;_animation_delay&quot;:500}\" data-widget_type=\"text-editor.default\">\n\t\t\t\t<div class=\"elementor-widget-container\">\n\t\t\t\t\t\t\t\t\t<p>Fr\u00fchst\u00fcck im Hotel.<br \/>Rundgang durch die Stadt Paraty mit zweisprachigem F\u00fchrer. Diese F\u00fchrung enth\u00fcllt, w\u00e4hrend sie sich sowohl f\u00fcr ihre Legenden als auch f\u00fcr ihre Geschichte interessiert, die Anordnung der Geb\u00e4ude der charmanten Stadt Paraty, ein Erbe aus dem Ende des 17. Jahrhunderts, als die Stadt zum Hafen f\u00fcr den Export von Gold wurde von Minas Gerais.<br \/>Die Kirchen und gepflasterten Stra\u00dfen vor der Kulisse gr\u00fcner H\u00fcgel und Dutzender einsamer Str\u00e4nde machen dieses Kolonialdorf zu einer unvergesslichen Attraktion. Zu den H\u00f6hepunkten dieses Besuchs z\u00e4hlen das Kulturzentrum und die Kirche Santa Rita, die 1722 erbaut wurde und heute das Museum f\u00fcr religi\u00f6se K\u00fcnste ist.<\/p>\t\t\t\t\t\t\t\t<\/div>\n\t\t\t\t<\/div>\n\t\t\t\t\t<\/div>\n\t\t<\/div>\n\t\t\t\t\t<\/div>\n\t\t<\/section>\n\t\t\t\t<section class=\"elementor-section elementor-inner-section elementor-element elementor-element-8426a4e elementor-section-boxed elementor-section-height-default elementor-section-height-default\" data-id=\"8426a4e\" data-element_type=\"section\" data-e-type=\"section\">\n\t\t\t\t\t\t<div class=\"elementor-container elementor-column-gap-default\">\n\t\t\t\t\t<div class=\"elementor-column elementor-col-50 elementor-inner-column elementor-element elementor-element-160b220 elementor-invisible\" data-id=\"160b220\" data-element_type=\"column\" data-e-type=\"column\" data-settings=\"{&quot;animation&quot;:&quot;fadeInLeft&quot;,&quot;animation_delay&quot;:300}\">\n\t\t\t<div class=\"elementor-widget-wrap elementor-element-populated\">\n\t\t\t\t\t\t<div class=\"elementor-element elementor-element-ff98acd elementor-widget elementor-widget-image\" data-id=\"ff98acd\" data-element_type=\"widget\" data-e-type=\"widget\" data-widget_type=\"image.default\">\n\t\t\t\t<div class=\"elementor-widget-container\">\n\t\t\t\t\t\t\t\t\t\t\t\t\t\t\t<img loading=\"lazy\" decoding=\"async\" width=\"1500\" height=\"1000\" src=\"https:\/\/www.brazilecotour.com\/wp-content\/uploads\/2017\/05\/32624780811_625bdd71fb_o.jpg\" class=\"attachment-full size-full wp-image-10488\" alt=\"\" srcset=\"https:\/\/www.brazilecotour.com\/wp-content\/uploads\/2017\/05\/32624780811_625bdd71fb_o.jpg 1500w, https:\/\/www.brazilecotour.com\/wp-content\/uploads\/2017\/05\/32624780811_625bdd71fb_o-300x200.jpg 300w, https:\/\/www.brazilecotour.com\/wp-content\/uploads\/2017\/05\/32624780811_625bdd71fb_o-768x512.jpg 768w, https:\/\/www.brazilecotour.com\/wp-content\/uploads\/2017\/05\/32624780811_625bdd71fb_o-1024x683.jpg 1024w, https:\/\/www.brazilecotour.com\/wp-content\/uploads\/2017\/05\/32624780811_625bdd71fb_o-960x640.jpg 960w, https:\/\/www.brazilecotour.com\/wp-content\/uploads\/2017\/05\/32624780811_625bdd71fb_o-440x293.jpg 440w\" sizes=\"(max-width: 1500px) 100vw, 1500px\" \/>\t\t\t\t\t\t\t\t\t\t\t\t\t\t\t<\/div>\n\t\t\t\t<\/div>\n\t\t\t\t\t<\/div>\n\t\t<\/div>\n\t\t\t\t<div class=\"elementor-column elementor-col-50 elementor-inner-column elementor-element elementor-element-a906188 elementor-invisible\" data-id=\"a906188\" data-element_type=\"column\" data-e-type=\"column\" data-settings=\"{&quot;background_background&quot;:&quot;classic&quot;,&quot;animation&quot;:&quot;fadeInRight&quot;,&quot;animation_delay&quot;:350}\">\n\t\t\t<div class=\"elementor-widget-wrap elementor-element-populated\">\n\t\t\t\t\t\t<div class=\"elementor-element elementor-element-6e66527 elementor-invisible elementor-widget elementor-widget-heading\" data-id=\"6e66527\" data-element_type=\"widget\" data-e-type=\"widget\" data-settings=\"{&quot;_animation&quot;:&quot;fadeInUp&quot;,&quot;_animation_delay&quot;:400}\" data-widget_type=\"heading.default\">\n\t\t\t\t<div class=\"elementor-widget-container\">\n\t\t\t\t\t<h3 class=\"elementor-heading-title elementor-size-default\">Tag 06: <\/h3>\t\t\t\t<\/div>\n\t\t\t\t<\/div>\n\t\t\t\t<div class=\"elementor-element elementor-element-d3b4da2 elementor-invisible elementor-widget elementor-widget-heading\" data-id=\"d3b4da2\" data-element_type=\"widget\" data-e-type=\"widget\" data-settings=\"{&quot;_animation&quot;:&quot;fadeInUp&quot;,&quot;_animation_delay&quot;:500}\" data-widget_type=\"heading.default\">\n\t\t\t\t<div class=\"elementor-widget-container\">\n\t\t\t\t\t<h2 class=\"elementor-heading-title elementor-size-default\">Paraty \u2013 Ilha Grande<\/h2>\t\t\t\t<\/div>\n\t\t\t\t<\/div>\n\t\t\t\t<div class=\"elementor-element elementor-element-f846528 elementor-invisible elementor-widget elementor-widget-text-editor\" data-id=\"f846528\" data-element_type=\"widget\" data-e-type=\"widget\" data-settings=\"{&quot;_animation&quot;:&quot;fadeInUp&quot;,&quot;_animation_delay&quot;:500}\" data-widget_type=\"text-editor.default\">\n\t\t\t\t<div class=\"elementor-widget-container\">\n\t\t\t\t\t\t\t\t\t<p>Empfang Ihres Lusophon-Fahrers und Transfer von ca. 2 Stunden von Paraty nach Angra dos Reis. Dort nehmen Sie eine 30-min\u00fctige F\u00e4hre nach Ilha Grande.<br \/>Brasiliens drittgr\u00f6\u00dfte Insel mit 191 km\u00b2 ist ein tropisches Paradies. Ilha Grande war lange Zeit die H\u00f6lle, da es sich um ein Piratenversteck, ein Quarant\u00e4nekrankenhaus und dann ein Gef\u00e4ngnis handelte, das 1994 geschlossen wurde!<br \/>Wir kommen heute hierher, um die Str\u00e4nde mit durchscheinendem Wasser vor der Kulisse bewaldeter H\u00fcgel und die friedliche Atmosph\u00e4re zu genie\u00dfen.<br \/>Nacht im Hotel.<\/p>\t\t\t\t\t\t\t\t<\/div>\n\t\t\t\t<\/div>\n\t\t\t\t\t<\/div>\n\t\t<\/div>\n\t\t\t\t\t<\/div>\n\t\t<\/section>\n\t\t\t\t<section class=\"elementor-section elementor-inner-section elementor-element elementor-element-5cbda3c elementor-section-boxed elementor-section-height-default elementor-section-height-default\" data-id=\"5cbda3c\" data-element_type=\"section\" data-e-type=\"section\">\n\t\t\t\t\t\t<div class=\"elementor-container elementor-column-gap-default\">\n\t\t\t\t\t<div class=\"elementor-column elementor-col-50 elementor-inner-column elementor-element elementor-element-70fc477 elementor-invisible\" data-id=\"70fc477\" data-element_type=\"column\" data-e-type=\"column\" data-settings=\"{&quot;animation&quot;:&quot;fadeInLeft&quot;,&quot;animation_delay&quot;:300}\">\n\t\t\t<div class=\"elementor-widget-wrap elementor-element-populated\">\n\t\t\t\t\t\t<div class=\"elementor-element elementor-element-2a2ff20 elementor-widget elementor-widget-image\" data-id=\"2a2ff20\" data-element_type=\"widget\" data-e-type=\"widget\" data-widget_type=\"image.default\">\n\t\t\t\t<div class=\"elementor-widget-container\">\n\t\t\t\t\t\t\t\t\t\t\t\t\t\t\t<img loading=\"lazy\" decoding=\"async\" width=\"960\" height=\"701\" src=\"https:\/\/www.brazilecotour.com\/wp-content\/uploads\/2017\/05\/14563512_10207512300750366_7076712897192615589_n.jpg\" class=\"attachment-full size-full wp-image-10719\" alt=\"\" srcset=\"https:\/\/www.brazilecotour.com\/wp-content\/uploads\/2017\/05\/14563512_10207512300750366_7076712897192615589_n.jpg 960w, https:\/\/www.brazilecotour.com\/wp-content\/uploads\/2017\/05\/14563512_10207512300750366_7076712897192615589_n-300x219.jpg 300w, https:\/\/www.brazilecotour.com\/wp-content\/uploads\/2017\/05\/14563512_10207512300750366_7076712897192615589_n-768x561.jpg 768w, https:\/\/www.brazilecotour.com\/wp-content\/uploads\/2017\/05\/14563512_10207512300750366_7076712897192615589_n-440x321.jpg 440w\" sizes=\"(max-width: 960px) 100vw, 960px\" \/>\t\t\t\t\t\t\t\t\t\t\t\t\t\t\t<\/div>\n\t\t\t\t<\/div>\n\t\t\t\t\t<\/div>\n\t\t<\/div>\n\t\t\t\t<div class=\"elementor-column elementor-col-50 elementor-inner-column elementor-element elementor-element-40c8e23 elementor-invisible\" data-id=\"40c8e23\" data-element_type=\"column\" data-e-type=\"column\" data-settings=\"{&quot;background_background&quot;:&quot;classic&quot;,&quot;animation&quot;:&quot;fadeInRight&quot;,&quot;animation_delay&quot;:350}\">\n\t\t\t<div class=\"elementor-widget-wrap elementor-element-populated\">\n\t\t\t\t\t\t<div class=\"elementor-element elementor-element-decd956 elementor-invisible elementor-widget elementor-widget-heading\" data-id=\"decd956\" data-element_type=\"widget\" data-e-type=\"widget\" data-settings=\"{&quot;_animation&quot;:&quot;fadeInUp&quot;,&quot;_animation_delay&quot;:400}\" data-widget_type=\"heading.default\">\n\t\t\t\t<div class=\"elementor-widget-container\">\n\t\t\t\t\t<h3 class=\"elementor-heading-title elementor-size-default\">Tag 07:<\/h3>\t\t\t\t<\/div>\n\t\t\t\t<\/div>\n\t\t\t\t<div class=\"elementor-element elementor-element-d8d69a8 elementor-invisible elementor-widget elementor-widget-heading\" data-id=\"d8d69a8\" data-element_type=\"widget\" data-e-type=\"widget\" data-settings=\"{&quot;_animation&quot;:&quot;fadeInUp&quot;,&quot;_animation_delay&quot;:500}\" data-widget_type=\"heading.default\">\n\t\t\t\t<div class=\"elementor-widget-container\">\n\t\t\t\t\t<h2 class=\"elementor-heading-title elementor-size-default\"> Ilha Grande<\/h2>\t\t\t\t<\/div>\n\t\t\t\t<\/div>\n\t\t\t\t<div class=\"elementor-element elementor-element-62267ac elementor-invisible elementor-widget elementor-widget-text-editor\" data-id=\"62267ac\" data-element_type=\"widget\" data-e-type=\"widget\" data-settings=\"{&quot;_animation&quot;:&quot;fadeInUp&quot;,&quot;_animation_delay&quot;:500}\" data-widget_type=\"text-editor.default\">\n\t\t\t\t<div class=\"elementor-widget-container\">\n\t\t\t\t\t\t\t\t\t<p>Empfang Ihres Lusophon-Fahrers und Transfer von ca. 2 Stunden von Paraty nach Angra dos Reis. Dort nehmen Sie eine 30-min\u00fctige F\u00e4hre nach Ilha Grande.<br \/>Brasiliens drittgr\u00f6\u00dfte Insel mit 191 km\u00b2 ist ein tropisches Paradies. Ilha Grande war lange Zeit die H\u00f6lle, da es sich um ein Piratenversteck, ein Quarant\u00e4nekrankenhaus und dann ein Gef\u00e4ngnis handelte, das 1994 geschlossen wurde!<br \/>Wir kommen heute hierher, um die Str\u00e4nde mit durchscheinendem Wasser vor der Kulisse bewaldeter H\u00fcgel und die friedliche Atmosph\u00e4re zu genie\u00dfen.<br \/>Nacht im Hotel.<\/p>\t\t\t\t\t\t\t\t<\/div>\n\t\t\t\t<\/div>\n\t\t\t\t\t<\/div>\n\t\t<\/div>\n\t\t\t\t\t<\/div>\n\t\t<\/section>\n\t\t\t\t<section class=\"elementor-section elementor-inner-section elementor-element elementor-element-ecb26e1 elementor-section-boxed elementor-section-height-default elementor-section-height-default\" data-id=\"ecb26e1\" data-element_type=\"section\" data-e-type=\"section\">\n\t\t\t\t\t\t<div class=\"elementor-container elementor-column-gap-default\">\n\t\t\t\t\t<div class=\"elementor-column elementor-col-50 elementor-inner-column elementor-element elementor-element-ac70b5f elementor-invisible\" data-id=\"ac70b5f\" data-element_type=\"column\" data-e-type=\"column\" data-settings=\"{&quot;animation&quot;:&quot;fadeInLeft&quot;,&quot;animation_delay&quot;:300}\">\n\t\t\t<div class=\"elementor-widget-wrap elementor-element-populated\">\n\t\t\t\t\t\t<div class=\"elementor-element elementor-element-5fe7e43 elementor-widget elementor-widget-image\" data-id=\"5fe7e43\" data-element_type=\"widget\" data-e-type=\"widget\" data-widget_type=\"image.default\">\n\t\t\t\t<div class=\"elementor-widget-container\">\n\t\t\t\t\t\t\t\t\t\t\t\t\t\t\t<img loading=\"lazy\" decoding=\"async\" width=\"1080\" height=\"1080\" src=\"https:\/\/www.brazilecotour.com\/wp-content\/uploads\/2020\/06\/Pelorinho-salvador-brazil-ecotour.jpg\" class=\"attachment-full size-full wp-image-11981\" alt=\"Pelorinho-salvador-brazil-ecotour\" srcset=\"https:\/\/www.brazilecotour.com\/wp-content\/uploads\/2020\/06\/Pelorinho-salvador-brazil-ecotour.jpg 1080w, https:\/\/www.brazilecotour.com\/wp-content\/uploads\/2020\/06\/Pelorinho-salvador-brazil-ecotour-300x300.jpg 300w, https:\/\/www.brazilecotour.com\/wp-content\/uploads\/2020\/06\/Pelorinho-salvador-brazil-ecotour-1024x1024.jpg 1024w, https:\/\/www.brazilecotour.com\/wp-content\/uploads\/2020\/06\/Pelorinho-salvador-brazil-ecotour-150x150.jpg 150w, https:\/\/www.brazilecotour.com\/wp-content\/uploads\/2020\/06\/Pelorinho-salvador-brazil-ecotour-768x768.jpg 768w, https:\/\/www.brazilecotour.com\/wp-content\/uploads\/2020\/06\/Pelorinho-salvador-brazil-ecotour-960x960.jpg 960w, https:\/\/www.brazilecotour.com\/wp-content\/uploads\/2020\/06\/Pelorinho-salvador-brazil-ecotour-440x440.jpg 440w, https:\/\/www.brazilecotour.com\/wp-content\/uploads\/2020\/06\/Pelorinho-salvador-brazil-ecotour-456x456.jpg 456w, https:\/\/www.brazilecotour.com\/wp-content\/uploads\/2020\/06\/Pelorinho-salvador-brazil-ecotour-480x480.jpg 480w, https:\/\/www.brazilecotour.com\/wp-content\/uploads\/2020\/06\/Pelorinho-salvador-brazil-ecotour-109x109.jpg 109w, https:\/\/www.brazilecotour.com\/wp-content\/uploads\/2020\/06\/Pelorinho-salvador-brazil-ecotour-100x100.jpg 100w\" sizes=\"(max-width: 1080px) 100vw, 1080px\" \/>\t\t\t\t\t\t\t\t\t\t\t\t\t\t\t<\/div>\n\t\t\t\t<\/div>\n\t\t\t\t\t<\/div>\n\t\t<\/div>\n\t\t\t\t<div class=\"elementor-column elementor-col-50 elementor-inner-column elementor-element elementor-element-254e93a elementor-invisible\" data-id=\"254e93a\" data-element_type=\"column\" data-e-type=\"column\" data-settings=\"{&quot;background_background&quot;:&quot;classic&quot;,&quot;animation&quot;:&quot;fadeInRight&quot;,&quot;animation_delay&quot;:350}\">\n\t\t\t<div class=\"elementor-widget-wrap elementor-element-populated\">\n\t\t\t\t\t\t<div class=\"elementor-element elementor-element-f36e4f1 elementor-invisible elementor-widget elementor-widget-heading\" data-id=\"f36e4f1\" data-element_type=\"widget\" data-e-type=\"widget\" data-settings=\"{&quot;_animation&quot;:&quot;fadeInUp&quot;,&quot;_animation_delay&quot;:400}\" data-widget_type=\"heading.default\">\n\t\t\t\t<div class=\"elementor-widget-container\">\n\t\t\t\t\t<h3 class=\"elementor-heading-title elementor-size-default\">Tag 08:<\/h3>\t\t\t\t<\/div>\n\t\t\t\t<\/div>\n\t\t\t\t<div class=\"elementor-element elementor-element-8b1424b elementor-invisible elementor-widget elementor-widget-heading\" data-id=\"8b1424b\" data-element_type=\"widget\" data-e-type=\"widget\" data-settings=\"{&quot;_animation&quot;:&quot;fadeInUp&quot;,&quot;_animation_delay&quot;:500}\" data-widget_type=\"heading.default\">\n\t\t\t\t<div class=\"elementor-widget-container\">\n\t\t\t\t\t<h2 class=\"elementor-heading-title elementor-size-default\"> Ilha Grande \u2013 Rio de Janeiro \u2013 Salvador<\/h2>\t\t\t\t<\/div>\n\t\t\t\t<\/div>\n\t\t\t\t<div class=\"elementor-element elementor-element-534d285 elementor-invisible elementor-widget elementor-widget-text-editor\" data-id=\"534d285\" data-element_type=\"widget\" data-e-type=\"widget\" data-settings=\"{&quot;_animation&quot;:&quot;fadeInUp&quot;,&quot;_animation_delay&quot;:500}\" data-widget_type=\"text-editor.default\">\n\t\t\t\t<div class=\"elementor-widget-container\">\n\t\t\t\t\t\t\t\t\t<p>Fr\u00fchst\u00fcck im Hotel.<br \/>30-min\u00fctiger Bootstransfer zum Hafen von Angra dos Reis, wo Sie von Ihrem portugiesischsprachigen Fahrer abgeholt werden, gefolgt von einem Transfer von ca. 3,5 Stunden zum Flughafen Rio de Janeiro.<br \/>In Salvador angekommen bringt Sie ein privater Fahrer zu Ihrem Hotel in Salvador<br \/>Nacht im Hotel<\/p>\t\t\t\t\t\t\t\t<\/div>\n\t\t\t\t<\/div>\n\t\t\t\t\t<\/div>\n\t\t<\/div>\n\t\t\t\t\t<\/div>\n\t\t<\/section>\n\t\t\t\t<section class=\"elementor-section elementor-inner-section elementor-element elementor-element-a8d1238 elementor-section-boxed elementor-section-height-default elementor-section-height-default\" data-id=\"a8d1238\" data-element_type=\"section\" data-e-type=\"section\">\n\t\t\t\t\t\t<div class=\"elementor-container elementor-column-gap-default\">\n\t\t\t\t\t<div class=\"elementor-column elementor-col-50 elementor-inner-column elementor-element elementor-element-a0fe5f0 elementor-invisible\" data-id=\"a0fe5f0\" data-element_type=\"column\" data-e-type=\"column\" data-settings=\"{&quot;animation&quot;:&quot;fadeInLeft&quot;,&quot;animation_delay&quot;:300}\">\n\t\t\t<div class=\"elementor-widget-wrap elementor-element-populated\">\n\t\t\t\t\t\t<div class=\"elementor-element elementor-element-89fa4f0 elementor-widget elementor-widget-image\" data-id=\"89fa4f0\" data-element_type=\"widget\" data-e-type=\"widget\" data-widget_type=\"image.default\">\n\t\t\t\t<div class=\"elementor-widget-container\">\n\t\t\t\t\t\t\t\t\t\t\t\t\t\t\t<img loading=\"lazy\" decoding=\"async\" width=\"734\" height=\"734\" src=\"https:\/\/www.brazilecotour.com\/wp-content\/uploads\/2021\/02\/salvador-bahia-bresil-eglide-bom-fim.jpg\" class=\"attachment-full size-full wp-image-17493\" alt=\"salvador bahia br\u00e9sil eglise bom fim\" srcset=\"https:\/\/www.brazilecotour.com\/wp-content\/uploads\/2021\/02\/salvador-bahia-bresil-eglide-bom-fim.jpg 734w, https:\/\/www.brazilecotour.com\/wp-content\/uploads\/2021\/02\/salvador-bahia-bresil-eglide-bom-fim-300x300.jpg 300w, https:\/\/www.brazilecotour.com\/wp-content\/uploads\/2021\/02\/salvador-bahia-bresil-eglide-bom-fim-150x150.jpg 150w\" sizes=\"(max-width: 734px) 100vw, 734px\" \/>\t\t\t\t\t\t\t\t\t\t\t\t\t\t\t<\/div>\n\t\t\t\t<\/div>\n\t\t\t\t\t<\/div>\n\t\t<\/div>\n\t\t\t\t<div class=\"elementor-column elementor-col-50 elementor-inner-column elementor-element elementor-element-b8936d2 elementor-invisible\" data-id=\"b8936d2\" data-element_type=\"column\" data-e-type=\"column\" data-settings=\"{&quot;background_background&quot;:&quot;classic&quot;,&quot;animation&quot;:&quot;fadeInRight&quot;,&quot;animation_delay&quot;:350}\">\n\t\t\t<div class=\"elementor-widget-wrap elementor-element-populated\">\n\t\t\t\t\t\t<div class=\"elementor-element elementor-element-e7d867a elementor-invisible elementor-widget elementor-widget-heading\" data-id=\"e7d867a\" data-element_type=\"widget\" data-e-type=\"widget\" data-settings=\"{&quot;_animation&quot;:&quot;fadeInUp&quot;,&quot;_animation_delay&quot;:400}\" data-widget_type=\"heading.default\">\n\t\t\t\t<div class=\"elementor-widget-container\">\n\t\t\t\t\t<h3 class=\"elementor-heading-title elementor-size-default\">Tag 09:<\/h3>\t\t\t\t<\/div>\n\t\t\t\t<\/div>\n\t\t\t\t<div class=\"elementor-element elementor-element-a13fd9f elementor-invisible elementor-widget elementor-widget-heading\" data-id=\"a13fd9f\" data-element_type=\"widget\" data-e-type=\"widget\" data-settings=\"{&quot;_animation&quot;:&quot;fadeInUp&quot;,&quot;_animation_delay&quot;:500}\" data-widget_type=\"heading.default\">\n\t\t\t\t<div class=\"elementor-widget-container\">\n\t\t\t\t\t<h2 class=\"elementor-heading-title elementor-size-default\"> Salvador de Bahia<\/h2>\t\t\t\t<\/div>\n\t\t\t\t<\/div>\n\t\t\t\t<div class=\"elementor-element elementor-element-e1a5454 elementor-invisible elementor-widget elementor-widget-text-editor\" data-id=\"e1a5454\" data-element_type=\"widget\" data-e-type=\"widget\" data-settings=\"{&quot;_animation&quot;:&quot;fadeInUp&quot;,&quot;_animation_delay&quot;:500}\" data-widget_type=\"text-editor.default\">\n\t\t\t\t<div class=\"elementor-widget-container\">\n\t\t\t\t\t\t\t\t\t<p>Fr\u00fchst\u00fcck im Hotel<br \/>Freier Tag, an dem Sie das historische Zentrum von Salvador de Bahia zu Fu\u00df besuchen k\u00f6nnen. Diese Seite,<br \/>Das Welterbe der Menschheit wird von der UNESCO als gro\u00dfartiges Beispiel kolonialer Architektur des 17. und 18. Jahrhunderts angesehen. Die malerischen Kirchen (wie die Basilika und die Kirche von S\u00e3o Francisco) und die farbenfrohen Kolonialh\u00e4user von Pelourinho in steilem Gel\u00e4nde machen dieses magische Viertel zu einem obligatorischen Zwischenstopp f\u00fcr jeden, der die Region besucht. Sie k\u00f6nnen diese Entdeckung mit einem Besuch in der Unterstadt mit der Kirche der Bonfim und dem Mercado Modelo abschlie\u00dfen.<br \/>Nacht im Hotel.<\/p>\t\t\t\t\t\t\t\t<\/div>\n\t\t\t\t<\/div>\n\t\t\t\t\t<\/div>\n\t\t<\/div>\n\t\t\t\t\t<\/div>\n\t\t<\/section>\n\t\t\t\t<section class=\"elementor-section elementor-inner-section elementor-element elementor-element-9fb5db2 elementor-section-boxed elementor-section-height-default elementor-section-height-default\" data-id=\"9fb5db2\" data-element_type=\"section\" data-e-type=\"section\">\n\t\t\t\t\t\t<div class=\"elementor-container elementor-column-gap-default\">\n\t\t\t\t\t<div class=\"elementor-column elementor-col-50 elementor-inner-column elementor-element elementor-element-c82de88 elementor-invisible\" data-id=\"c82de88\" data-element_type=\"column\" data-e-type=\"column\" data-settings=\"{&quot;animation&quot;:&quot;fadeInLeft&quot;,&quot;animation_delay&quot;:300}\">\n\t\t\t<div class=\"elementor-widget-wrap elementor-element-populated\">\n\t\t\t\t\t\t<div class=\"elementor-element elementor-element-32a05ac elementor-widget elementor-widget-image\" data-id=\"32a05ac\" data-element_type=\"widget\" data-e-type=\"widget\" data-widget_type=\"image.default\">\n\t\t\t\t<div class=\"elementor-widget-container\">\n\t\t\t\t\t\t\t\t\t\t\t\t\t\t\t<img loading=\"lazy\" decoding=\"async\" width=\"960\" height=\"1200\" src=\"https:\/\/www.brazilecotour.com\/wp-content\/uploads\/2018\/03\/boipeba-island-tours-brazil-brazilecotour.jpg\" class=\"attachment-full size-full wp-image-10957\" alt=\"\" srcset=\"https:\/\/www.brazilecotour.com\/wp-content\/uploads\/2018\/03\/boipeba-island-tours-brazil-brazilecotour.jpg 960w, https:\/\/www.brazilecotour.com\/wp-content\/uploads\/2018\/03\/boipeba-island-tours-brazil-brazilecotour-240x300.jpg 240w, https:\/\/www.brazilecotour.com\/wp-content\/uploads\/2018\/03\/boipeba-island-tours-brazil-brazilecotour-768x960.jpg 768w, https:\/\/www.brazilecotour.com\/wp-content\/uploads\/2018\/03\/boipeba-island-tours-brazil-brazilecotour-819x1024.jpg 819w, https:\/\/www.brazilecotour.com\/wp-content\/uploads\/2018\/03\/boipeba-island-tours-brazil-brazilecotour-440x550.jpg 440w\" sizes=\"(max-width: 960px) 100vw, 960px\" \/>\t\t\t\t\t\t\t\t\t\t\t\t\t\t\t<\/div>\n\t\t\t\t<\/div>\n\t\t\t\t\t<\/div>\n\t\t<\/div>\n\t\t\t\t<div class=\"elementor-column elementor-col-50 elementor-inner-column elementor-element elementor-element-eafb6c2 elementor-invisible\" data-id=\"eafb6c2\" data-element_type=\"column\" data-e-type=\"column\" data-settings=\"{&quot;background_background&quot;:&quot;classic&quot;,&quot;animation&quot;:&quot;fadeInRight&quot;,&quot;animation_delay&quot;:350}\">\n\t\t\t<div class=\"elementor-widget-wrap elementor-element-populated\">\n\t\t\t\t\t\t<div class=\"elementor-element elementor-element-0ceaa9a elementor-invisible elementor-widget elementor-widget-heading\" data-id=\"0ceaa9a\" data-element_type=\"widget\" data-e-type=\"widget\" data-settings=\"{&quot;_animation&quot;:&quot;fadeInUp&quot;,&quot;_animation_delay&quot;:400}\" data-widget_type=\"heading.default\">\n\t\t\t\t<div class=\"elementor-widget-container\">\n\t\t\t\t\t<h3 class=\"elementor-heading-title elementor-size-default\">Tag 10: <\/h3>\t\t\t\t<\/div>\n\t\t\t\t<\/div>\n\t\t\t\t<div class=\"elementor-element elementor-element-4fa8935 elementor-invisible elementor-widget elementor-widget-heading\" data-id=\"4fa8935\" data-element_type=\"widget\" data-e-type=\"widget\" data-settings=\"{&quot;_animation&quot;:&quot;fadeInUp&quot;,&quot;_animation_delay&quot;:500}\" data-widget_type=\"heading.default\">\n\t\t\t\t<div class=\"elementor-widget-container\">\n\t\t\t\t\t<h2 class=\"elementor-heading-title elementor-size-default\">Salvador \u2013 Boipeba Island<\/h2>\t\t\t\t<\/div>\n\t\t\t\t<\/div>\n\t\t\t\t<div class=\"elementor-element elementor-element-8e33cd9 elementor-invisible elementor-widget elementor-widget-text-editor\" data-id=\"8e33cd9\" data-element_type=\"widget\" data-e-type=\"widget\" data-settings=\"{&quot;_animation&quot;:&quot;fadeInUp&quot;,&quot;_animation_delay&quot;:500}\" data-widget_type=\"text-editor.default\">\n\t\t\t\t<div class=\"elementor-widget-container\">\n\t\t\t\t\t\t\t\t\t<p>Fr\u00fchst\u00fcck im Hotel. Privater Transfer von Salvador nach Valen\u00e7a und \u00dcberfahrt mit dem Schnellboot zur Insel Boipeba im Tinhar\u00e9-Archipel zwischen Meer und Mangrove. Installation f\u00fcr vier N\u00e4chte in einer intimen Zuflucht: vier Holzh\u00e4user in Pastellt\u00f6nen mit Blick auf das Meer zwischen dichtem Wald und wei\u00dfem Sand.<br \/>Nacht in der Pousada<\/p>\t\t\t\t\t\t\t\t<\/div>\n\t\t\t\t<\/div>\n\t\t\t\t\t<\/div>\n\t\t<\/div>\n\t\t\t\t\t<\/div>\n\t\t<\/section>\n\t\t\t\t<section class=\"elementor-section elementor-inner-section elementor-element elementor-element-0aac042 elementor-section-boxed elementor-section-height-default elementor-section-height-default\" data-id=\"0aac042\" data-element_type=\"section\" data-e-type=\"section\">\n\t\t\t\t\t\t<div class=\"elementor-container elementor-column-gap-default\">\n\t\t\t\t\t<div class=\"elementor-column elementor-col-50 elementor-inner-column elementor-element elementor-element-faa9520 elementor-invisible\" data-id=\"faa9520\" data-element_type=\"column\" data-e-type=\"column\" data-settings=\"{&quot;animation&quot;:&quot;fadeInLeft&quot;,&quot;animation_delay&quot;:300}\">\n\t\t\t<div class=\"elementor-widget-wrap elementor-element-populated\">\n\t\t\t\t\t\t<div class=\"elementor-element elementor-element-47a66b6 elementor-widget elementor-widget-image\" data-id=\"47a66b6\" data-element_type=\"widget\" data-e-type=\"widget\" data-widget_type=\"image.default\">\n\t\t\t\t<div class=\"elementor-widget-container\">\n\t\t\t\t\t\t\t\t\t\t\t\t\t\t\t<img loading=\"lazy\" decoding=\"async\" width=\"1078\" height=\"1349\" src=\"https:\/\/www.brazilecotour.com\/wp-content\/uploads\/2018\/11\/honeymoon-brazil-all-inclusive-by-brazil-ecotour-2.jpg\" class=\"attachment-full size-full wp-image-10930\" alt=\"\" srcset=\"https:\/\/www.brazilecotour.com\/wp-content\/uploads\/2018\/11\/honeymoon-brazil-all-inclusive-by-brazil-ecotour-2.jpg 1078w, https:\/\/www.brazilecotour.com\/wp-content\/uploads\/2018\/11\/honeymoon-brazil-all-inclusive-by-brazil-ecotour-2-240x300.jpg 240w, https:\/\/www.brazilecotour.com\/wp-content\/uploads\/2018\/11\/honeymoon-brazil-all-inclusive-by-brazil-ecotour-2-768x961.jpg 768w, https:\/\/www.brazilecotour.com\/wp-content\/uploads\/2018\/11\/honeymoon-brazil-all-inclusive-by-brazil-ecotour-2-818x1024.jpg 818w, https:\/\/www.brazilecotour.com\/wp-content\/uploads\/2018\/11\/honeymoon-brazil-all-inclusive-by-brazil-ecotour-2-960x1201.jpg 960w, https:\/\/www.brazilecotour.com\/wp-content\/uploads\/2018\/11\/honeymoon-brazil-all-inclusive-by-brazil-ecotour-2-440x551.jpg 440w\" sizes=\"(max-width: 1078px) 100vw, 1078px\" \/>\t\t\t\t\t\t\t\t\t\t\t\t\t\t\t<\/div>\n\t\t\t\t<\/div>\n\t\t\t\t\t<\/div>\n\t\t<\/div>\n\t\t\t\t<div class=\"elementor-column elementor-col-50 elementor-inner-column elementor-element elementor-element-6e6847a elementor-invisible\" data-id=\"6e6847a\" data-element_type=\"column\" data-e-type=\"column\" data-settings=\"{&quot;background_background&quot;:&quot;classic&quot;,&quot;animation&quot;:&quot;fadeInRight&quot;,&quot;animation_delay&quot;:350}\">\n\t\t\t<div class=\"elementor-widget-wrap elementor-element-populated\">\n\t\t\t\t\t\t<div class=\"elementor-element elementor-element-7c4918a elementor-invisible elementor-widget elementor-widget-heading\" data-id=\"7c4918a\" data-element_type=\"widget\" data-e-type=\"widget\" data-settings=\"{&quot;_animation&quot;:&quot;fadeInUp&quot;,&quot;_animation_delay&quot;:400}\" data-widget_type=\"heading.default\">\n\t\t\t\t<div class=\"elementor-widget-container\">\n\t\t\t\t\t<h3 class=\"elementor-heading-title elementor-size-default\">Tag 11: <\/h3>\t\t\t\t<\/div>\n\t\t\t\t<\/div>\n\t\t\t\t<div class=\"elementor-element elementor-element-b217754 elementor-invisible elementor-widget elementor-widget-heading\" data-id=\"b217754\" data-element_type=\"widget\" data-e-type=\"widget\" data-settings=\"{&quot;_animation&quot;:&quot;fadeInUp&quot;,&quot;_animation_delay&quot;:500}\" data-widget_type=\"heading.default\">\n\t\t\t\t<div class=\"elementor-widget-container\">\n\t\t\t\t\t<h2 class=\"elementor-heading-title elementor-size-default\">Insel Boipeba<\/h2>\t\t\t\t<\/div>\n\t\t\t\t<\/div>\n\t\t\t\t<div class=\"elementor-element elementor-element-1c769da elementor-invisible elementor-widget elementor-widget-text-editor\" data-id=\"1c769da\" data-element_type=\"widget\" data-e-type=\"widget\" data-settings=\"{&quot;_animation&quot;:&quot;fadeInUp&quot;,&quot;_animation_delay&quot;:500}\" data-widget_type=\"text-editor.default\">\n\t\t\t\t<div class=\"elementor-widget-container\">\n\t\t\t\t\t\t\t\t\t<p>Drei Tage auf einer fast menschenleeren Insel am Ende der Welt. Ein dichter Wald,<br \/>die Mata Atlantica, umgeben von Str\u00e4nden mit Kokospalmen, soweit das Auge reicht, und Korallenriffen.<br \/>Keine Stra\u00dfen oder Autos, aber die S\u00fc\u00dfe des Lebens und die Meeresbrise begleiten das Nickerchen in der H\u00e4ngematte. Boipeba ist ein Eden mit Mangroven und wei\u00dfen Sandstr\u00e4nden.<\/p><p>Zu tun, zu leben \u2013 Erkunden Sie die nat\u00fcrlichen Pools, Zufluchtsorte f\u00fcr mehrfarbige Fische, Hummer und Seeigel. Der dichte Wald und die Mangroven, die auf einem schwimmenden Ponton Austern essen, segeln zur Insel Cair\u00fa, wo eines der \u00e4ltesten Kl\u00f6ster Brasiliens ruht. Setzen Sie eine Maske auf und schnorcheln Sie, um mit den tropischen Fischen zu schwimmen.<br \/>Nacht in Pousada<\/p>\t\t\t\t\t\t\t\t<\/div>\n\t\t\t\t<\/div>\n\t\t\t\t\t<\/div>\n\t\t<\/div>\n\t\t\t\t\t<\/div>\n\t\t<\/section>\n\t\t\t\t<section class=\"elementor-section elementor-inner-section elementor-element elementor-element-2fcfa1f elementor-section-boxed elementor-section-height-default elementor-section-height-default\" data-id=\"2fcfa1f\" data-element_type=\"section\" data-e-type=\"section\">\n\t\t\t\t\t\t<div class=\"elementor-container elementor-column-gap-default\">\n\t\t\t\t\t<div class=\"elementor-column elementor-col-50 elementor-inner-column elementor-element elementor-element-6082118 elementor-invisible\" data-id=\"6082118\" data-element_type=\"column\" data-e-type=\"column\" data-settings=\"{&quot;animation&quot;:&quot;fadeInLeft&quot;,&quot;animation_delay&quot;:300}\">\n\t\t\t<div class=\"elementor-widget-wrap elementor-element-populated\">\n\t\t\t\t\t\t<div class=\"elementor-element elementor-element-c422011 elementor-widget elementor-widget-image\" data-id=\"c422011\" data-element_type=\"widget\" data-e-type=\"widget\" data-widget_type=\"image.default\">\n\t\t\t\t<div class=\"elementor-widget-container\">\n\t\t\t\t\t\t\t\t\t\t\t\t\t\t\t<img loading=\"lazy\" decoding=\"async\" width=\"640\" height=\"777\" src=\"https:\/\/www.brazilecotour.com\/wp-content\/uploads\/2021\/02\/city-tour-salvador-de-bahia.jpg\" class=\"attachment-full size-full wp-image-14542\" alt=\"city tour salvador de bahia\" srcset=\"https:\/\/www.brazilecotour.com\/wp-content\/uploads\/2021\/02\/city-tour-salvador-de-bahia.jpg 640w, https:\/\/www.brazilecotour.com\/wp-content\/uploads\/2021\/02\/city-tour-salvador-de-bahia-247x300.jpg 247w\" sizes=\"(max-width: 640px) 100vw, 640px\" \/>\t\t\t\t\t\t\t\t\t\t\t\t\t\t\t<\/div>\n\t\t\t\t<\/div>\n\t\t\t\t\t<\/div>\n\t\t<\/div>\n\t\t\t\t<div class=\"elementor-column elementor-col-50 elementor-inner-column elementor-element elementor-element-679f578 elementor-invisible\" data-id=\"679f578\" data-element_type=\"column\" data-e-type=\"column\" data-settings=\"{&quot;background_background&quot;:&quot;classic&quot;,&quot;animation&quot;:&quot;fadeInRight&quot;,&quot;animation_delay&quot;:350}\">\n\t\t\t<div class=\"elementor-widget-wrap elementor-element-populated\">\n\t\t\t\t\t\t<div class=\"elementor-element elementor-element-5a3ebbf elementor-invisible elementor-widget elementor-widget-heading\" data-id=\"5a3ebbf\" data-element_type=\"widget\" data-e-type=\"widget\" data-settings=\"{&quot;_animation&quot;:&quot;fadeInUp&quot;,&quot;_animation_delay&quot;:400}\" data-widget_type=\"heading.default\">\n\t\t\t\t<div class=\"elementor-widget-container\">\n\t\t\t\t\t<h3 class=\"elementor-heading-title elementor-size-default\">Tag 14:<\/h3>\t\t\t\t<\/div>\n\t\t\t\t<\/div>\n\t\t\t\t<div class=\"elementor-element elementor-element-55e260d elementor-invisible elementor-widget elementor-widget-heading\" data-id=\"55e260d\" data-element_type=\"widget\" data-e-type=\"widget\" data-settings=\"{&quot;_animation&quot;:&quot;fadeInUp&quot;,&quot;_animation_delay&quot;:500}\" data-widget_type=\"heading.default\">\n\t\t\t\t<div class=\"elementor-widget-container\">\n\t\t\t\t\t<h2 class=\"elementor-heading-title elementor-size-default\"> Boiepa Island \u2013 Salvador<\/h2>\t\t\t\t<\/div>\n\t\t\t\t<\/div>\n\t\t\t\t<div class=\"elementor-element elementor-element-1fef882 elementor-invisible elementor-widget elementor-widget-text-editor\" data-id=\"1fef882\" data-element_type=\"widget\" data-e-type=\"widget\" data-settings=\"{&quot;_animation&quot;:&quot;fadeInUp&quot;,&quot;_animation_delay&quot;:500}\" data-widget_type=\"text-editor.default\">\n\t\t\t\t<div class=\"elementor-widget-container\">\n\t\t\t\t\t\t\t\t\t<p>Privater Transfer mit dem Boot nach Salvador durch den Mangrovensumpf.<br \/>Nacht im Hotel<\/p>\t\t\t\t\t\t\t\t<\/div>\n\t\t\t\t<\/div>\n\t\t\t\t\t<\/div>\n\t\t<\/div>\n\t\t\t\t\t<\/div>\n\t\t<\/section>\n\t\t\t\t<section class=\"elementor-section elementor-inner-section elementor-element elementor-element-cb01001 elementor-section-boxed elementor-section-height-default elementor-section-height-default\" data-id=\"cb01001\" data-element_type=\"section\" data-e-type=\"section\">\n\t\t\t\t\t\t<div class=\"elementor-container elementor-column-gap-default\">\n\t\t\t\t\t<div class=\"elementor-column elementor-col-50 elementor-inner-column elementor-element elementor-element-1eef555 elementor-invisible\" data-id=\"1eef555\" data-element_type=\"column\" data-e-type=\"column\" data-settings=\"{&quot;animation&quot;:&quot;fadeInLeft&quot;,&quot;animation_delay&quot;:300}\">\n\t\t\t<div class=\"elementor-widget-wrap elementor-element-populated\">\n\t\t\t\t\t\t<div class=\"elementor-element elementor-element-3340ebc elementor-widget elementor-widget-image\" data-id=\"3340ebc\" data-element_type=\"widget\" data-e-type=\"widget\" data-widget_type=\"image.default\">\n\t\t\t\t<div class=\"elementor-widget-container\">\n\t\t\t\t\t\t\t\t\t\t\t\t\t\t\t<img loading=\"lazy\" decoding=\"async\" width=\"1080\" height=\"1350\" src=\"https:\/\/www.brazilecotour.com\/wp-content\/uploads\/2021\/02\/Campo-Grande-air-port.jpg\" class=\"attachment-full size-full wp-image-17548\" alt=\"Campo Grande airport\" srcset=\"https:\/\/www.brazilecotour.com\/wp-content\/uploads\/2021\/02\/Campo-Grande-air-port.jpg 1080w, https:\/\/www.brazilecotour.com\/wp-content\/uploads\/2021\/02\/Campo-Grande-air-port-240x300.jpg 240w, https:\/\/www.brazilecotour.com\/wp-content\/uploads\/2021\/02\/Campo-Grande-air-port-819x1024.jpg 819w, https:\/\/www.brazilecotour.com\/wp-content\/uploads\/2021\/02\/Campo-Grande-air-port-768x960.jpg 768w\" sizes=\"(max-width: 1080px) 100vw, 1080px\" \/>\t\t\t\t\t\t\t\t\t\t\t\t\t\t\t<\/div>\n\t\t\t\t<\/div>\n\t\t\t\t\t<\/div>\n\t\t<\/div>\n\t\t\t\t<div class=\"elementor-column elementor-col-50 elementor-inner-column elementor-element elementor-element-74f9aab elementor-invisible\" data-id=\"74f9aab\" data-element_type=\"column\" data-e-type=\"column\" data-settings=\"{&quot;background_background&quot;:&quot;classic&quot;,&quot;animation&quot;:&quot;fadeInRight&quot;,&quot;animation_delay&quot;:350}\">\n\t\t\t<div class=\"elementor-widget-wrap elementor-element-populated\">\n\t\t\t\t\t\t<div class=\"elementor-element elementor-element-3e03aef elementor-invisible elementor-widget elementor-widget-heading\" data-id=\"3e03aef\" data-element_type=\"widget\" data-e-type=\"widget\" data-settings=\"{&quot;_animation&quot;:&quot;fadeInUp&quot;,&quot;_animation_delay&quot;:400}\" data-widget_type=\"heading.default\">\n\t\t\t\t<div class=\"elementor-widget-container\">\n\t\t\t\t\t<h3 class=\"elementor-heading-title elementor-size-default\">Tag 15: <\/h3>\t\t\t\t<\/div>\n\t\t\t\t<\/div>\n\t\t\t\t<div class=\"elementor-element elementor-element-0875568 elementor-invisible elementor-widget elementor-widget-heading\" data-id=\"0875568\" data-element_type=\"widget\" data-e-type=\"widget\" data-settings=\"{&quot;_animation&quot;:&quot;fadeInUp&quot;,&quot;_animation_delay&quot;:500}\" data-widget_type=\"heading.default\">\n\t\t\t\t<div class=\"elementor-widget-container\">\n\t\t\t\t\t<h2 class=\"elementor-heading-title elementor-size-default\">Salvador \u2013 raus<\/h2>\t\t\t\t<\/div>\n\t\t\t\t<\/div>\n\t\t\t\t<div class=\"elementor-element elementor-element-e4fa61a elementor-invisible elementor-widget elementor-widget-text-editor\" data-id=\"e4fa61a\" data-element_type=\"widget\" data-e-type=\"widget\" data-settings=\"{&quot;_animation&quot;:&quot;fadeInUp&quot;,&quot;_animation_delay&quot;:500}\" data-widget_type=\"text-editor.default\">\n\t\t\t\t<div class=\"elementor-widget-container\">\n\t\t\t\t\t\t\t\t\t<p><br \/>Zur festgelegten Zeit 2 Stunden vor dem Abflug zum Flughafen Salvador umsteigen<\/p>\t\t\t\t\t\t\t\t<\/div>\n\t\t\t\t<\/div>\n\t\t\t\t\t<\/div>\n\t\t<\/div>\n\t\t\t\t\t<\/div>\n\t\t<\/section>\n\t\t\t\t\t<\/div>\n\t\t<\/div>\n\t\t\t\t\t<\/div>\n\t\t<\/section>\n\t\t\t\t<section class=\"elementor-section elementor-top-section elementor-element elementor-element-53687f13 elementor-section-height-min-height elementor-section-items-stretch elementor-section-boxed elementor-section-height-default elementor-invisible\" data-id=\"53687f13\" data-element_type=\"section\" data-e-type=\"section\" data-settings=\"{&quot;background_background&quot;:&quot;classic&quot;,&quot;animation&quot;:&quot;fadeIn&quot;}\">\n\t\t\t\t\t\t\t<div class=\"elementor-background-overlay\"><\/div>\n\t\t\t\t\t\t\t<div class=\"elementor-container elementor-column-gap-default\">\n\t\t\t\t\t<div class=\"elementor-column elementor-col-100 elementor-top-column elementor-element elementor-element-6b5aa129\" data-id=\"6b5aa129\" data-element_type=\"column\" data-e-type=\"column\">\n\t\t\t<div class=\"elementor-widget-wrap elementor-element-populated\">\n\t\t\t\t\t\t<div class=\"elementor-element elementor-element-48c4efee elementor-invisible elementor-widget elementor-widget-heading\" data-id=\"48c4efee\" data-element_type=\"widget\" data-e-type=\"widget\" data-settings=\"{&quot;_animation&quot;:&quot;fadeInUp&quot;,&quot;_animation_delay&quot;:400}\" data-widget_type=\"heading.default\">\n\t\t\t\t<div class=\"elementor-widget-container\">\n\t\t\t\t\t<h1 class=\"elementor-heading-title elementor-size-default\">Fordern Sie Ihr kostenloses Angebot an<\/h1>\t\t\t\t<\/div>\n\t\t\t\t<\/div>\n\t\t\t\t<div class=\"elementor-element elementor-element-1dba073 elementor-widget elementor-widget-shortcode\" data-id=\"1dba073\" data-element_type=\"widget\" data-e-type=\"widget\" data-widget_type=\"shortcode.default\">\n\t\t\t\t<div class=\"elementor-widget-container\">\n\t\t\t\t\t\t\t<div class=\"elementor-shortcode\"> \n<div class=\"wpcf7 no-js\" id=\"wpcf7-f25230-o1\" lang=\"fr-FR\" dir=\"ltr\" data-wpcf7-id=\"25230\">\n<div class=\"screen-reader-response\"><p role=\"status\" aria-live=\"polite\" aria-atomic=\"true\"><\/p> <ul><\/ul><\/div>\n<form action=\"\/de\/wp-json\/wp\/v2\/pages\/9588#wpcf7-f25230-o1\" method=\"post\" class=\"wpcf7-form init\" aria-label=\"Formulaire de contact\" novalidate=\"novalidate\" data-status=\"init\">\n<fieldset class=\"hidden-fields-container\"><input type=\"hidden\" name=\"_wpcf7\" value=\"25230\" \/><input type=\"hidden\" name=\"_wpcf7_version\" value=\"6.1.5\" \/><input type=\"hidden\" name=\"_wpcf7_locale\" value=\"fr_FR\" \/><input type=\"hidden\" name=\"_wpcf7_unit_tag\" value=\"wpcf7-f25230-o1\" \/><input type=\"hidden\" name=\"_wpcf7_container_post\" value=\"0\" \/><input type=\"hidden\" name=\"_wpcf7_posted_data_hash\" value=\"\" \/>\n<\/fieldset>\n<p><label><span style=\"background-color: #ffffff;\"> Your Name<\/span> <span class=\"wpcf7-form-control-wrap\" data-name=\"your-name\"><input size=\"40\" maxlength=\"400\" class=\"wpcf7-form-control wpcf7-text wpcf7-validates-as-required\" autocomplete=\"name\" aria-required=\"true\" aria-invalid=\"false\" value=\"\" type=\"text\" name=\"your-name\" \/><\/span> <\/label><label><span style=\"background-color: #ffffff;\"> Your Email<\/span> <span class=\"wpcf7-form-control-wrap\" data-name=\"your-email\"><input size=\"40\" maxlength=\"400\" class=\"wpcf7-form-control wpcf7-email wpcf7-validates-as-required wpcf7-text wpcf7-validates-as-email\" autocomplete=\"email\" aria-required=\"true\" aria-invalid=\"false\" value=\"\" type=\"email\" name=\"your-email\" \/><\/span> <\/label><label><span style=\"background-color: #ffffff;\"> Phone<\/span> <span class=\"wpcf7-form-control-wrap\" data-name=\"your-subject\"><input size=\"40\" maxlength=\"400\" class=\"wpcf7-form-control wpcf7-text wpcf7-validates-as-required\" aria-required=\"true\" aria-invalid=\"false\" value=\"\" type=\"text\" name=\"your-subject\" \/><\/span> <\/label><label><span style=\"background-color: #ffffff;\"> Your Message&nbsp;<\/span> <span class=\"wpcf7-form-control-wrap\" data-name=\"your-message\"><textarea cols=\"40\" rows=\"10\" maxlength=\"2000\" class=\"wpcf7-form-control wpcf7-textarea\" aria-invalid=\"false\" name=\"your-message\"><\/textarea><\/span> <\/label><input class=\"wpcf7-form-control wpcf7-submit has-spinner\" type=\"submit\" value=\"Envoyer\" \/>\n<\/p><div class=\"wpcf7-response-output\" aria-hidden=\"true\"><\/div>\n<\/form>\n<\/div>\n<\/div>\n\t\t\t\t\t\t<\/div>\n\t\t\t\t<\/div>\n\t\t\t\t\t<\/div>\n\t\t<\/div>\n\t\t\t\t\t<\/div>\n\t\t<\/section>\n\t\t\t\t<\/div>\n\t\t","protected":false},"excerpt":{"rendered":"<p>Strandurlaub in Brasilien Fordern Sie Ihr kostenloses Angebot an Rio de Janeiro Salvador de Bahia Ilha Grande Rio de Janeiro Boipeba Insel Paraty Brasilien Boipeba Island State von Bahia in Brasilien Tag 01: Rio de Janeiro \u2013 Ankunft Ankunft in Rio de Janeiro, Empfang durch Ihren zweisprachigen Reiseleiter und Transfer zu Ihrem Hotel.Nacht im Hotel. [&hellip;]<\/p>\n","protected":false},"author":2,"featured_media":0,"parent":0,"menu_order":0,"comment_status":"closed","ping_status":"closed","template":"elementor_canvas","meta":{"_coblocks_attr":"","_coblocks_dimensions":"","_coblocks_responsive_height":"","_coblocks_accordion_ie_support":"","hide_page_title":"","footnotes":""},"class_list":["post-9588","page","type-page","status-publish","hentry"],"yoast_head":"<!-- This site is optimized with the Yoast SEO Premium plugin v25.9 (Yoast SEO v27.4) - https:\/\/yoast.com\/product\/yoast-seo-premium-wordpress\/ -->\n<title>Strandurlaub in Brasilien - reiseb\u00fcro brasilien - Rio de Janeiro<\/title>\n<meta name=\"description\" content=\"Die sch\u00f6nsten Str\u00e4nde Brasiliens. Relaxen: Sonne, Strand und Meer ... Von Nord nach S\u00fcd, \u00fcber gut 9.000 Kilometer besteht Brasiliens K\u00fcste aus Strand ... Paraty Salvador\" \/>\n<meta name=\"robots\" content=\"index, follow, max-snippet:-1, max-image-preview:large, max-video-preview:-1\" \/>\n<link rel=\"canonical\" href=\"https:\/\/www.brazilecotour.com\/de\/strandurlaub-in-brasilien\/\" \/>\n<meta property=\"og:locale\" content=\"de_DE\" \/>\n<meta property=\"og:type\" content=\"article\" \/>\n<meta property=\"og:title\" content=\"Strandurlaub in Brasilien\" \/>\n<meta property=\"og:description\" content=\"Die sch\u00f6nsten Str\u00e4nde Brasiliens. Relaxen: Sonne, Strand und Meer ... Von Nord nach S\u00fcd, \u00fcber gut 9.000 Kilometer besteht Brasiliens K\u00fcste aus Strand ... Paraty Salvador\" \/>\n<meta property=\"og:url\" content=\"https:\/\/www.brazilecotour.com\/de\/strandurlaub-in-brasilien\/\" \/>\n<meta property=\"og:site_name\" content=\"Brazil Ecotour | DMC &amp; Travel agency in Brazil\" \/>\n<meta property=\"article:publisher\" content=\"https:\/\/www.facebook.com\/brazilecotour\/\" \/>\n<meta property=\"article:modified_time\" content=\"2024-03-23T19:20:01+00:00\" \/>\n<meta property=\"og:image\" content=\"https:\/\/www.brazilecotour.com\/wp-content\/uploads\/elementor\/thumbs\/Rio-de-Janeiro-o3neobcr0zo7b1rk3yaxj7xnakc0k2uhcfag5di730.jpg\" \/>\n<meta name=\"twitter:card\" content=\"summary_large_image\" \/>\n<meta name=\"twitter:site\" content=\"@brazilecotour01\" \/>\n<meta name=\"twitter:label1\" content=\"Gesch\u00e4tzte Lesezeit\" \/>\n\t<meta name=\"twitter:data1\" content=\"6\u00a0Minuten\" \/>\n<script type=\"application\/ld+json\" class=\"yoast-schema-graph\">{\"@context\":\"https:\\\/\\\/schema.org\",\"@graph\":[{\"@type\":\"WebPage\",\"@id\":\"https:\\\/\\\/www.brazilecotour.com\\\/de\\\/strandurlaub-in-brasilien\\\/\",\"url\":\"https:\\\/\\\/www.brazilecotour.com\\\/de\\\/strandurlaub-in-brasilien\\\/\",\"name\":\"Strandurlaub in Brasilien - reiseb\u00fcro brasilien - Rio de Janeiro\",\"isPartOf\":{\"@id\":\"https:\\\/\\\/www.brazilecotour.com\\\/de\\\/#website\"},\"primaryImageOfPage\":{\"@id\":\"https:\\\/\\\/www.brazilecotour.com\\\/de\\\/strandurlaub-in-brasilien\\\/#primaryimage\"},\"image\":{\"@id\":\"https:\\\/\\\/www.brazilecotour.com\\\/de\\\/strandurlaub-in-brasilien\\\/#primaryimage\"},\"thumbnailUrl\":\"https:\\\/\\\/www.brazilecotour.com\\\/wp-content\\\/uploads\\\/elementor\\\/thumbs\\\/Rio-de-Janeiro-p6614p2szlc071hiax2c4a79riqju7vera5o448foc.jpg\",\"datePublished\":\"2020-03-28T21:30:43+00:00\",\"dateModified\":\"2024-03-23T19:20:01+00:00\",\"description\":\"Die sch\u00f6nsten Str\u00e4nde Brasiliens. Relaxen: Sonne, Strand und Meer ... Von Nord nach S\u00fcd, \u00fcber gut 9.000 Kilometer besteht Brasiliens K\u00fcste aus Strand ... Paraty Salvador\",\"breadcrumb\":{\"@id\":\"https:\\\/\\\/www.brazilecotour.com\\\/de\\\/strandurlaub-in-brasilien\\\/#breadcrumb\"},\"inLanguage\":\"de\",\"potentialAction\":[{\"@type\":\"ReadAction\",\"target\":[\"https:\\\/\\\/www.brazilecotour.com\\\/de\\\/strandurlaub-in-brasilien\\\/\"]}]},{\"@type\":\"ImageObject\",\"inLanguage\":\"de\",\"@id\":\"https:\\\/\\\/www.brazilecotour.com\\\/de\\\/strandurlaub-in-brasilien\\\/#primaryimage\",\"url\":\"https:\\\/\\\/www.brazilecotour.com\\\/wp-content\\\/uploads\\\/elementor\\\/thumbs\\\/Rio-de-Janeiro-p6614p2szlc071hiax2c4a79riqju7vera5o448foc.jpg\",\"contentUrl\":\"https:\\\/\\\/www.brazilecotour.com\\\/wp-content\\\/uploads\\\/elementor\\\/thumbs\\\/Rio-de-Janeiro-p6614p2szlc071hiax2c4a79riqju7vera5o448foc.jpg\"},{\"@type\":\"BreadcrumbList\",\"@id\":\"https:\\\/\\\/www.brazilecotour.com\\\/de\\\/strandurlaub-in-brasilien\\\/#breadcrumb\",\"itemListElement\":[{\"@type\":\"ListItem\",\"position\":1,\"name\":\"Accueil\",\"item\":\"https:\\\/\\\/www.brazilecotour.com\\\/de\\\/\"},{\"@type\":\"ListItem\",\"position\":2,\"name\":\"Strandurlaub in Brasilien\"}]},{\"@type\":\"WebSite\",\"@id\":\"https:\\\/\\\/www.brazilecotour.com\\\/de\\\/#website\",\"url\":\"https:\\\/\\\/www.brazilecotour.com\\\/de\\\/\",\"name\":\"Brazil Ecotour | DMC and Travel Agency in Brazil\",\"description\":\"Beyond Travel, Real Experiences\",\"publisher\":{\"@id\":\"https:\\\/\\\/www.brazilecotour.com\\\/de\\\/#organization\"},\"potentialAction\":[{\"@type\":\"SearchAction\",\"target\":{\"@type\":\"EntryPoint\",\"urlTemplate\":\"https:\\\/\\\/www.brazilecotour.com\\\/de\\\/?s={search_term_string}\"},\"query-input\":{\"@type\":\"PropertyValueSpecification\",\"valueRequired\":true,\"valueName\":\"search_term_string\"}}],\"inLanguage\":\"de\"},{\"@type\":\"Organization\",\"@id\":\"https:\\\/\\\/www.brazilecotour.com\\\/de\\\/#organization\",\"name\":\"Brazil Ecotour | DMC & Travel agency in Brazil\",\"url\":\"https:\\\/\\\/www.brazilecotour.com\\\/de\\\/\",\"logo\":{\"@type\":\"ImageObject\",\"inLanguage\":\"de\",\"@id\":\"https:\\\/\\\/www.brazilecotour.com\\\/de\\\/#\\\/schema\\\/logo\\\/image\\\/\",\"url\":\"https:\\\/\\\/www.brazilecotour.com\\\/wp-content\\\/uploads\\\/2017\\\/06\\\/brazilecotour_logo.png\",\"contentUrl\":\"https:\\\/\\\/www.brazilecotour.com\\\/wp-content\\\/uploads\\\/2017\\\/06\\\/brazilecotour_logo.png\",\"width\":350,\"height\":100,\"caption\":\"Brazil Ecotour | DMC & Travel agency in Brazil\"},\"image\":{\"@id\":\"https:\\\/\\\/www.brazilecotour.com\\\/de\\\/#\\\/schema\\\/logo\\\/image\\\/\"},\"sameAs\":[\"https:\\\/\\\/www.facebook.com\\\/brazilecotour\\\/\",\"https:\\\/\\\/x.com\\\/brazilecotour01\",\"https:\\\/\\\/www.instagram.com\\\/brazilecotour\\\/\",\"https:\\\/\\\/www.linkedin.com\\\/company\\\/brazilecotour\",\"https:\\\/\\\/www.pinterest.com\\\/brazilecotour\\\/\",\"https:\\\/\\\/www.youtube.com\\\/channel\\\/UCbaIa7Xo7DuwNz0z3H1zDnA\"]}]}<\/script>\n<!-- \/ Yoast SEO Premium plugin. -->","yoast_head_json":{"title":"Strandurlaub in Brasilien - reiseb\u00fcro brasilien - Rio de Janeiro","description":"Die sch\u00f6nsten Str\u00e4nde Brasiliens. Relaxen: Sonne, Strand und Meer ... Von Nord nach S\u00fcd, \u00fcber gut 9.000 Kilometer besteht Brasiliens K\u00fcste aus Strand ... Paraty Salvador","robots":{"index":"index","follow":"follow","max-snippet":"max-snippet:-1","max-image-preview":"max-image-preview:large","max-video-preview":"max-video-preview:-1"},"canonical":"https:\/\/www.brazilecotour.com\/de\/strandurlaub-in-brasilien\/","og_locale":"de_DE","og_type":"article","og_title":"Strandurlaub in Brasilien","og_description":"Die sch\u00f6nsten Str\u00e4nde Brasiliens. Relaxen: Sonne, Strand und Meer ... Von Nord nach S\u00fcd, \u00fcber gut 9.000 Kilometer besteht Brasiliens K\u00fcste aus Strand ... Paraty Salvador","og_url":"https:\/\/www.brazilecotour.com\/de\/strandurlaub-in-brasilien\/","og_site_name":"Brazil Ecotour | DMC &amp; Travel agency in Brazil","article_publisher":"https:\/\/www.facebook.com\/brazilecotour\/","article_modified_time":"2024-03-23T19:20:01+00:00","og_image":[{"url":"https:\/\/www.brazilecotour.com\/wp-content\/uploads\/elementor\/thumbs\/Rio-de-Janeiro-o3neobcr0zo7b1rk3yaxj7xnakc0k2uhcfag5di730.jpg","type":"","width":"","height":""}],"twitter_card":"summary_large_image","twitter_site":"@brazilecotour01","twitter_misc":{"Gesch\u00e4tzte Lesezeit":"6\u00a0Minuten"},"schema":{"@context":"https:\/\/schema.org","@graph":[{"@type":"WebPage","@id":"https:\/\/www.brazilecotour.com\/de\/strandurlaub-in-brasilien\/","url":"https:\/\/www.brazilecotour.com\/de\/strandurlaub-in-brasilien\/","name":"Strandurlaub in Brasilien - reiseb\u00fcro brasilien - Rio de Janeiro","isPartOf":{"@id":"https:\/\/www.brazilecotour.com\/de\/#website"},"primaryImageOfPage":{"@id":"https:\/\/www.brazilecotour.com\/de\/strandurlaub-in-brasilien\/#primaryimage"},"image":{"@id":"https:\/\/www.brazilecotour.com\/de\/strandurlaub-in-brasilien\/#primaryimage"},"thumbnailUrl":"https:\/\/www.brazilecotour.com\/wp-content\/uploads\/elementor\/thumbs\/Rio-de-Janeiro-p6614p2szlc071hiax2c4a79riqju7vera5o448foc.jpg","datePublished":"2020-03-28T21:30:43+00:00","dateModified":"2024-03-23T19:20:01+00:00","description":"Die sch\u00f6nsten Str\u00e4nde Brasiliens. Relaxen: Sonne, Strand und Meer ... Von Nord nach S\u00fcd, \u00fcber gut 9.000 Kilometer besteht Brasiliens K\u00fcste aus Strand ... Paraty Salvador","breadcrumb":{"@id":"https:\/\/www.brazilecotour.com\/de\/strandurlaub-in-brasilien\/#breadcrumb"},"inLanguage":"de","potentialAction":[{"@type":"ReadAction","target":["https:\/\/www.brazilecotour.com\/de\/strandurlaub-in-brasilien\/"]}]},{"@type":"ImageObject","inLanguage":"de","@id":"https:\/\/www.brazilecotour.com\/de\/strandurlaub-in-brasilien\/#primaryimage","url":"https:\/\/www.brazilecotour.com\/wp-content\/uploads\/elementor\/thumbs\/Rio-de-Janeiro-p6614p2szlc071hiax2c4a79riqju7vera5o448foc.jpg","contentUrl":"https:\/\/www.brazilecotour.com\/wp-content\/uploads\/elementor\/thumbs\/Rio-de-Janeiro-p6614p2szlc071hiax2c4a79riqju7vera5o448foc.jpg"},{"@type":"BreadcrumbList","@id":"https:\/\/www.brazilecotour.com\/de\/strandurlaub-in-brasilien\/#breadcrumb","itemListElement":[{"@type":"ListItem","position":1,"name":"Accueil","item":"https:\/\/www.brazilecotour.com\/de\/"},{"@type":"ListItem","position":2,"name":"Strandurlaub in Brasilien"}]},{"@type":"WebSite","@id":"https:\/\/www.brazilecotour.com\/de\/#website","url":"https:\/\/www.brazilecotour.com\/de\/","name":"Brazil Ecotour | DMC and Travel Agency in Brazil","description":"Beyond Travel, Real Experiences","publisher":{"@id":"https:\/\/www.brazilecotour.com\/de\/#organization"},"potentialAction":[{"@type":"SearchAction","target":{"@type":"EntryPoint","urlTemplate":"https:\/\/www.brazilecotour.com\/de\/?s={search_term_string}"},"query-input":{"@type":"PropertyValueSpecification","valueRequired":true,"valueName":"search_term_string"}}],"inLanguage":"de"},{"@type":"Organization","@id":"https:\/\/www.brazilecotour.com\/de\/#organization","name":"Brazil Ecotour | DMC & Travel agency in Brazil","url":"https:\/\/www.brazilecotour.com\/de\/","logo":{"@type":"ImageObject","inLanguage":"de","@id":"https:\/\/www.brazilecotour.com\/de\/#\/schema\/logo\/image\/","url":"https:\/\/www.brazilecotour.com\/wp-content\/uploads\/2017\/06\/brazilecotour_logo.png","contentUrl":"https:\/\/www.brazilecotour.com\/wp-content\/uploads\/2017\/06\/brazilecotour_logo.png","width":350,"height":100,"caption":"Brazil Ecotour | DMC & Travel agency in Brazil"},"image":{"@id":"https:\/\/www.brazilecotour.com\/de\/#\/schema\/logo\/image\/"},"sameAs":["https:\/\/www.facebook.com\/brazilecotour\/","https:\/\/x.com\/brazilecotour01","https:\/\/www.instagram.com\/brazilecotour\/","https:\/\/www.linkedin.com\/company\/brazilecotour","https:\/\/www.pinterest.com\/brazilecotour\/","https:\/\/www.youtube.com\/channel\/UCbaIa7Xo7DuwNz0z3H1zDnA"]}]}},"_links":{"self":[{"href":"https:\/\/www.brazilecotour.com\/de\/wp-json\/wp\/v2\/pages\/9588","targetHints":{"allow":["GET"]}}],"collection":[{"href":"https:\/\/www.brazilecotour.com\/de\/wp-json\/wp\/v2\/pages"}],"about":[{"href":"https:\/\/www.brazilecotour.com\/de\/wp-json\/wp\/v2\/types\/page"}],"author":[{"embeddable":true,"href":"https:\/\/www.brazilecotour.com\/de\/wp-json\/wp\/v2\/users\/2"}],"replies":[{"embeddable":true,"href":"https:\/\/www.brazilecotour.com\/de\/wp-json\/wp\/v2\/comments?post=9588"}],"version-history":[{"count":6,"href":"https:\/\/www.brazilecotour.com\/de\/wp-json\/wp\/v2\/pages\/9588\/revisions"}],"predecessor-version":[{"id":25526,"href":"https:\/\/www.brazilecotour.com\/de\/wp-json\/wp\/v2\/pages\/9588\/revisions\/25526"}],"wp:attachment":[{"href":"https:\/\/www.brazilecotour.com\/de\/wp-json\/wp\/v2\/media?parent=9588"}],"curies":[{"name":"wp","href":"https:\/\/api.w.org\/{rel}","templated":true}]}}