{"id":9611,"date":"2020-03-28T23:44:23","date_gmt":"2020-03-28T22:44:23","guid":{"rendered":"https:\/\/www.brazilecotour.com\/?page_id=9611"},"modified":"2024-03-23T20:27:40","modified_gmt":"2024-03-23T19:27:40","slug":"familienurlaub-in-brasilien","status":"publish","type":"page","link":"https:\/\/www.brazilecotour.com\/de\/familienurlaub-in-brasilien\/","title":{"rendered":"Familienurlaub in Brasilien"},"content":{"rendered":"\t\t<div data-elementor-type=\"wp-page\" data-elementor-id=\"9611\" class=\"elementor elementor-9611\">\n\t\t\t\t\t\t<section class=\"elementor-section elementor-top-section elementor-element elementor-element-1a401432 elementor-section-height-min-height elementor-section-boxed elementor-section-height-default elementor-section-items-middle elementor-invisible\" data-id=\"1a401432\" data-element_type=\"section\" data-e-type=\"section\" data-settings=\"{&quot;background_background&quot;:&quot;classic&quot;,&quot;animation&quot;:&quot;fadeIn&quot;}\">\n\t\t\t\t\t\t\t<div class=\"elementor-background-overlay\"><\/div>\n\t\t\t\t\t\t\t<div class=\"elementor-container elementor-column-gap-default\">\n\t\t\t\t\t<div class=\"elementor-column elementor-col-100 elementor-top-column elementor-element elementor-element-4e278ec7\" data-id=\"4e278ec7\" data-element_type=\"column\" data-e-type=\"column\">\n\t\t\t<div class=\"elementor-widget-wrap elementor-element-populated\">\n\t\t\t\t\t\t<section class=\"elementor-section elementor-inner-section elementor-element elementor-element-7fc2d11d elementor-section-boxed elementor-section-height-default elementor-section-height-default\" data-id=\"7fc2d11d\" data-element_type=\"section\" data-e-type=\"section\">\n\t\t\t\t\t\t<div class=\"elementor-container elementor-column-gap-default\">\n\t\t\t\t\t<div class=\"elementor-column elementor-col-100 elementor-inner-column elementor-element elementor-element-6c9aa422\" data-id=\"6c9aa422\" data-element_type=\"column\" data-e-type=\"column\">\n\t\t\t<div class=\"elementor-widget-wrap elementor-element-populated\">\n\t\t\t\t\t\t<div class=\"elementor-element elementor-element-d4b51e5 elementor-invisible elementor-widget elementor-widget-heading\" data-id=\"d4b51e5\" data-element_type=\"widget\" data-e-type=\"widget\" data-settings=\"{&quot;_animation&quot;:&quot;fadeInUp&quot;,&quot;_animation_delay&quot;:400}\" data-widget_type=\"heading.default\">\n\t\t\t\t<div class=\"elementor-widget-container\">\n\t\t\t\t\t<h1 class=\"elementor-heading-title elementor-size-default\">Familienausflug Nach Brasilien\u200b<\/h1>\t\t\t\t<\/div>\n\t\t\t\t<\/div>\n\t\t\t\t\t<\/div>\n\t\t<\/div>\n\t\t\t\t\t<\/div>\n\t\t<\/section>\n\t\t\t\t\t<\/div>\n\t\t<\/div>\n\t\t\t\t\t<\/div>\n\t\t<\/section>\n\t\t\t\t<section class=\"elementor-section elementor-top-section elementor-element elementor-element-2c2bb823 elementor-section-boxed elementor-section-height-default elementor-section-height-default\" data-id=\"2c2bb823\" data-element_type=\"section\" data-e-type=\"section\" data-settings=\"{&quot;background_background&quot;:&quot;classic&quot;}\">\n\t\t\t\t\t\t<div class=\"elementor-container elementor-column-gap-default\">\n\t\t\t\t\t<div class=\"elementor-column elementor-col-33 elementor-top-column elementor-element elementor-element-7ecfd1f6\" data-id=\"7ecfd1f6\" data-element_type=\"column\" data-e-type=\"column\">\n\t\t\t<div class=\"elementor-widget-wrap elementor-element-populated\">\n\t\t\t\t\t\t<div class=\"elementor-element elementor-element-31643e1d elementor-invisible elementor-widget elementor-widget-image\" data-id=\"31643e1d\" data-element_type=\"widget\" data-e-type=\"widget\" data-settings=\"{&quot;_animation&quot;:&quot;fadeInUp&quot;,&quot;_animation_delay&quot;:300}\" data-widget_type=\"image.default\">\n\t\t\t\t<div class=\"elementor-widget-container\">\n\t\t\t\t\t\t\t\t\t\t\t\t\t\t\t\t<a href=\"https:\/\/www.brazilecotour.com\/wp-content\/uploads\/2019\/07\/Rio-de-Janeiro-Paraty-Ilha-Grande-tour.jpg\" data-elementor-open-lightbox=\"yes\" data-elementor-lightbox-title=\"Rio de Janeiro - Paraty - Ilha Grande tour\" data-elementor-lightbox-description=\"Rio de Janeiro - Paraty - Ilha Grande tour\" data-e-action-hash=\"#elementor-action%3Aaction%3Dlightbox%26settings%3DeyJpZCI6MTEwMTMsInVybCI6Imh0dHBzOlwvXC93d3cuYnJhemlsZWNvdG91ci5jb21cL3dwLWNvbnRlbnRcL3VwbG9hZHNcLzIwMTlcLzA3XC9SaW8tZGUtSmFuZWlyby1QYXJhdHktSWxoYS1HcmFuZGUtdG91ci5qcGcifQ%3D%3D\">\n\t\t\t\t\t\t\t<img decoding=\"async\" src=\"https:\/\/www.brazilecotour.com\/wp-content\/uploads\/elementor\/thumbs\/Rio-de-Janeiro-Paraty-Ilha-Grande-tour-p6ctytgb8378zuhe0vct42je8b1yhzbnx4spo7g57g.jpg\" title=\"Rio de Janeiro &#8211; Paraty &#8211; Ilha Grande tour\" alt=\"Rio de Janeiro - Paraty - Ilha Grande tour\" class=\"elementor-animation-shrink\" loading=\"lazy\" \/>\t\t\t\t\t\t\t\t<\/a>\n\t\t\t\t\t\t\t\t\t\t\t\t\t\t\t<\/div>\n\t\t\t\t<\/div>\n\t\t\t\t<div class=\"elementor-element elementor-element-d74cb9c elementor-invisible elementor-widget elementor-widget-heading\" data-id=\"d74cb9c\" data-element_type=\"widget\" data-e-type=\"widget\" data-settings=\"{&quot;_animation&quot;:&quot;fadeInUp&quot;,&quot;_animation_delay&quot;:500}\" data-widget_type=\"heading.default\">\n\t\t\t\t<div class=\"elementor-widget-container\">\n\t\t\t\t\t<h2 class=\"elementor-heading-title elementor-size-default\"><a href=\"#\">Rio de Janeiro <\/a><\/h2>\t\t\t\t<\/div>\n\t\t\t\t<\/div>\n\t\t\t\t\t<\/div>\n\t\t<\/div>\n\t\t\t\t<div class=\"elementor-column elementor-col-33 elementor-top-column elementor-element elementor-element-593b8b67\" data-id=\"593b8b67\" data-element_type=\"column\" data-e-type=\"column\">\n\t\t\t<div class=\"elementor-widget-wrap elementor-element-populated\">\n\t\t\t\t\t\t<div class=\"elementor-element elementor-element-1f24c8c2 elementor-invisible elementor-widget elementor-widget-image\" data-id=\"1f24c8c2\" data-element_type=\"widget\" data-e-type=\"widget\" data-settings=\"{&quot;_animation&quot;:&quot;fadeInUp&quot;,&quot;_animation_delay&quot;:400}\" data-widget_type=\"image.default\">\n\t\t\t\t<div class=\"elementor-widget-container\">\n\t\t\t\t\t\t\t\t\t\t\t\t\t\t\t\t<a href=\"https:\/\/www.brazilecotour.com\/wp-content\/uploads\/2017\/05\/iguazu-falls-aerial-view-www.brazilecotour.com_-2.jpg\" data-elementor-open-lightbox=\"yes\" data-elementor-lightbox-title=\"foz-do-iguacu-national-agence-de-voyage\" data-elementor-lightbox-description=\"Localized in the Northeast of Brazil Brazilecotour is a travel agency specialized in tailor made trips off beaten path all over Brazil All our trips are unique designed around your tastes, interests and budget, with an absolute commitment to quality.\" data-e-action-hash=\"#elementor-action%3Aaction%3Dlightbox%26settings%3DeyJpZCI6MTA3NjcsInVybCI6Imh0dHBzOlwvXC93d3cuYnJhemlsZWNvdG91ci5jb21cL3dwLWNvbnRlbnRcL3VwbG9hZHNcLzIwMTdcLzA1XC9pZ3VhenUtZmFsbHMtYWVyaWFsLXZpZXctd3d3LmJyYXppbGVjb3RvdXIuY29tXy0yLmpwZyJ9\">\n\t\t\t\t\t\t\t<img decoding=\"async\" src=\"https:\/\/www.brazilecotour.com\/wp-content\/uploads\/elementor\/thumbs\/iguazu-falls-aerial-view-www.brazilecotour.com_-2-p6617ildhp6z0xe1u4y1lkl1x4u6xj2f58m3y01x0c.jpg\" title=\"foz-do-iguacu-national-agence-de-voyage\" alt=\"Localized in the Northeast of Brazil Brazilecotour is a travel agency specialized in tailor made trips off beaten path all over Brazil All our trips are unique designed around your tastes, interests and budget, with an absolute commitment to quality.\" class=\"elementor-animation-shrink\" loading=\"lazy\" \/>\t\t\t\t\t\t\t\t<\/a>\n\t\t\t\t\t\t\t\t\t\t\t\t\t\t\t<\/div>\n\t\t\t\t<\/div>\n\t\t\t\t<div class=\"elementor-element elementor-element-359d0ff4 elementor-invisible elementor-widget elementor-widget-heading\" data-id=\"359d0ff4\" data-element_type=\"widget\" data-e-type=\"widget\" data-settings=\"{&quot;_animation&quot;:&quot;fadeInUp&quot;,&quot;_animation_delay&quot;:500}\" data-widget_type=\"heading.default\">\n\t\t\t\t<div class=\"elementor-widget-container\">\n\t\t\t\t\t<h2 class=\"elementor-heading-title elementor-size-default\"><a href=\"#\">Iguazu Falls<\/a><\/h2>\t\t\t\t<\/div>\n\t\t\t\t<\/div>\n\t\t\t\t\t<\/div>\n\t\t<\/div>\n\t\t\t\t<div class=\"elementor-column elementor-col-33 elementor-top-column elementor-element elementor-element-242deaa2\" data-id=\"242deaa2\" data-element_type=\"column\" data-e-type=\"column\">\n\t\t\t<div class=\"elementor-widget-wrap elementor-element-populated\">\n\t\t\t\t\t\t<div class=\"elementor-element elementor-element-11302b4e elementor-invisible elementor-widget elementor-widget-image\" data-id=\"11302b4e\" data-element_type=\"widget\" data-e-type=\"widget\" data-settings=\"{&quot;_animation&quot;:&quot;fadeInUp&quot;,&quot;_animation_delay&quot;:500}\" data-widget_type=\"image.default\">\n\t\t\t\t<div class=\"elementor-widget-container\">\n\t\t\t\t\t\t\t\t\t\t\t\t\t\t\t\t<a href=\"https:\/\/www.brazilecotour.com\/wp-content\/uploads\/2021\/02\/lencois-maranhenses-national-park-brazil.png\" data-elementor-open-lightbox=\"yes\" data-elementor-lightbox-title=\"len\u00e7ois maranhenses national park brazil\" data-elementor-lightbox-description=\"len\u00e7ois maranhenses national park brazil\" data-e-action-hash=\"#elementor-action%3Aaction%3Dlightbox%26settings%3DeyJpZCI6MTM3MDYsInVybCI6Imh0dHBzOlwvXC93d3cuYnJhemlsZWNvdG91ci5jb21cL3dwLWNvbnRlbnRcL3VwbG9hZHNcLzIwMjFcLzAyXC9sZW5jb2lzLW1hcmFuaGVuc2VzLW5hdGlvbmFsLXBhcmstYnJhemlsLnBuZyJ9\">\n\t\t\t\t\t\t\t<img decoding=\"async\" src=\"https:\/\/www.brazilecotour.com\/wp-content\/uploads\/elementor\/thumbs\/lencois-maranhenses-national-park-brazil-p2s2dyii05vvr88q17901dguljkhkkvo9kgcj1d1ek.png\" title=\"len\u00e7ois maranhenses national park brazil\" alt=\"len\u00e7ois maranhenses national park brazil\" class=\"elementor-animation-shrink\" loading=\"lazy\" \/>\t\t\t\t\t\t\t\t<\/a>\n\t\t\t\t\t\t\t\t\t\t\t\t\t\t\t<\/div>\n\t\t\t\t<\/div>\n\t\t\t\t<div class=\"elementor-element elementor-element-78074ec7 elementor-invisible elementor-widget elementor-widget-heading\" data-id=\"78074ec7\" data-element_type=\"widget\" data-e-type=\"widget\" data-settings=\"{&quot;_animation&quot;:&quot;fadeInUp&quot;,&quot;_animation_delay&quot;:500}\" data-widget_type=\"heading.default\">\n\t\t\t\t<div class=\"elementor-widget-container\">\n\t\t\t\t\t<h2 class=\"elementor-heading-title elementor-size-default\"><a href=\"#\">Len\u00e7ois Maranhenses<\/a><\/h2>\t\t\t\t<\/div>\n\t\t\t\t<\/div>\n\t\t\t\t\t<\/div>\n\t\t<\/div>\n\t\t\t\t\t<\/div>\n\t\t<\/section>\n\t\t\t\t<section class=\"elementor-section elementor-top-section elementor-element elementor-element-2b984300 elementor-section-height-min-height elementor-section-boxed elementor-section-height-default elementor-section-items-middle elementor-invisible\" data-id=\"2b984300\" data-element_type=\"section\" data-e-type=\"section\" data-settings=\"{&quot;background_background&quot;:&quot;classic&quot;,&quot;animation&quot;:&quot;fadeIn&quot;}\">\n\t\t\t\t\t\t<div class=\"elementor-container elementor-column-gap-default\">\n\t\t\t\t\t<div class=\"elementor-column elementor-col-100 elementor-top-column elementor-element elementor-element-2b7592e9\" data-id=\"2b7592e9\" data-element_type=\"column\" data-e-type=\"column\">\n\t\t\t<div class=\"elementor-widget-wrap elementor-element-populated\">\n\t\t\t\t\t\t<section class=\"elementor-section elementor-top-section elementor-element elementor-element-5ae4f99e elementor-section-boxed elementor-section-height-default elementor-section-height-default\" data-id=\"5ae4f99e\" data-element_type=\"section\" data-e-type=\"section\">\n\t\t\t\t\t\t<div class=\"elementor-container elementor-column-gap-default\">\n\t\t\t\t\t<div class=\"elementor-column elementor-col-100 elementor-top-column elementor-element elementor-element-70738176\" data-id=\"70738176\" data-element_type=\"column\" data-e-type=\"column\">\n\t\t\t<div class=\"elementor-widget-wrap elementor-element-populated\">\n\t\t\t\t\t\t<div class=\"elementor-element elementor-element-7f1bbb8a elementor-view-default elementor-invisible elementor-widget elementor-widget-icon\" data-id=\"7f1bbb8a\" data-element_type=\"widget\" data-e-type=\"widget\" data-settings=\"{&quot;_animation&quot;:&quot;fadeIn&quot;,&quot;_animation_delay&quot;:400}\" data-widget_type=\"icon.default\">\n\t\t\t\t<div class=\"elementor-widget-container\">\n\t\t\t\t\t\t\t<div class=\"elementor-icon-wrapper\">\n\t\t\t<a class=\"elementor-icon elementor-animation-bob\" href=\"https:\/\/player.vimeo.com\/video\/150321876\" target=\"_blank\">\n\t\t\t\t\t\t\t<i class=\"fa fa-youtube-play\" aria-hidden=\"true\"><\/i>\n\t\t\t\t\t\t<\/a>\n\t\t<\/div>\n\t\t\t\t\t\t<\/div>\n\t\t\t\t<\/div>\n\t\t\t\t<div class=\"elementor-element elementor-element-64fe5d20 elementor-invisible elementor-widget elementor-widget-heading\" data-id=\"64fe5d20\" data-element_type=\"widget\" data-e-type=\"widget\" data-settings=\"{&quot;_animation&quot;:&quot;fadeInUp&quot;,&quot;_animation_delay&quot;:500}\" data-widget_type=\"heading.default\">\n\t\t\t\t<div class=\"elementor-widget-container\">\n\t\t\t\t\t<h2 class=\"elementor-heading-title elementor-size-default\"><a href=\"#\">Rio De Janeiro Die Stadt der Engel<\/a><\/h2>\t\t\t\t<\/div>\n\t\t\t\t<\/div>\n\t\t\t\t<div class=\"elementor-element elementor-element-268ba872 elementor-invisible elementor-widget elementor-widget-heading\" data-id=\"268ba872\" data-element_type=\"widget\" data-e-type=\"widget\" data-settings=\"{&quot;_animation&quot;:&quot;fadeInUp&quot;,&quot;_animation_delay&quot;:500}\" data-widget_type=\"heading.default\">\n\t\t\t\t<div class=\"elementor-widget-container\">\n\t\t\t\t\t<h2 class=\"elementor-heading-title elementor-size-default\">Die drittgr\u00f6\u00dfte Metropolregion S\u00fcdamerikas. Und eine der meistbesuchten St\u00e4dte der s\u00fcdlichen Hemisph\u00e4re. Rio de Janeiro, allgemein nur als Rio bezeichnet. Befindet sich an einem Streifen der brasilianischen Atlantikk\u00fcste. Es ist das Muss auf Brasilien-Touren.<\/h2>\t\t\t\t<\/div>\n\t\t\t\t<\/div>\n\t\t\t\t\t<\/div>\n\t\t<\/div>\n\t\t\t\t\t<\/div>\n\t\t<\/section>\n\t\t\t\t\t<\/div>\n\t\t<\/div>\n\t\t\t\t\t<\/div>\n\t\t<\/section>\n\t\t\t\t<section class=\"elementor-section elementor-top-section elementor-element elementor-element-be76ff8 elementor-section-boxed elementor-section-height-default elementor-section-height-default\" data-id=\"be76ff8\" data-element_type=\"section\" data-e-type=\"section\" data-settings=\"{&quot;background_background&quot;:&quot;classic&quot;}\">\n\t\t\t\t\t\t<div class=\"elementor-container elementor-column-gap-default\">\n\t\t\t\t\t<div class=\"elementor-column elementor-col-50 elementor-top-column elementor-element elementor-element-5da8cfab elementor-invisible\" data-id=\"5da8cfab\" data-element_type=\"column\" data-e-type=\"column\" data-settings=\"{&quot;animation&quot;:&quot;fadeInUp&quot;,&quot;animation_delay&quot;:300,&quot;background_background&quot;:&quot;classic&quot;}\">\n\t\t\t<div class=\"elementor-widget-wrap elementor-element-populated\">\n\t\t\t\t\t\t<div class=\"elementor-element elementor-element-6e0326b elementor-widget elementor-widget-image\" data-id=\"6e0326b\" data-element_type=\"widget\" data-e-type=\"widget\" data-widget_type=\"image.default\">\n\t\t\t\t<div class=\"elementor-widget-container\">\n\t\t\t\t\t\t\t\t\t\t\t\t\t\t\t<img fetchpriority=\"high\" decoding=\"async\" width=\"660\" height=\"440\" src=\"https:\/\/www.brazilecotour.com\/wp-content\/uploads\/2020\/03\/family-travel-brazil-beach-rio-de-janeiro-1536x1023-1-1024x682.jpg\" class=\"attachment-large size-large wp-image-9612\" alt=\"family-travel-brazil-beach-rio-de-janeiro-1536x1023\" srcset=\"https:\/\/www.brazilecotour.com\/wp-content\/uploads\/2020\/03\/family-travel-brazil-beach-rio-de-janeiro-1536x1023-1-1024x682.jpg 1024w, https:\/\/www.brazilecotour.com\/wp-content\/uploads\/2020\/03\/family-travel-brazil-beach-rio-de-janeiro-1536x1023-1-300x200.jpg 300w, https:\/\/www.brazilecotour.com\/wp-content\/uploads\/2020\/03\/family-travel-brazil-beach-rio-de-janeiro-1536x1023-1-768x512.jpg 768w, https:\/\/www.brazilecotour.com\/wp-content\/uploads\/2020\/03\/family-travel-brazil-beach-rio-de-janeiro-1536x1023-1.jpg 1536w\" sizes=\"(max-width: 660px) 100vw, 660px\" \/>\t\t\t\t\t\t\t\t\t\t\t\t\t\t\t<\/div>\n\t\t\t\t<\/div>\n\t\t\t\t\t<\/div>\n\t\t<\/div>\n\t\t\t\t<div class=\"elementor-column elementor-col-50 elementor-top-column elementor-element elementor-element-5c1e41ac\" data-id=\"5c1e41ac\" data-element_type=\"column\" data-e-type=\"column\">\n\t\t\t<div class=\"elementor-widget-wrap elementor-element-populated\">\n\t\t\t\t\t\t<div class=\"elementor-element elementor-element-7f384f53 elementor-invisible elementor-widget elementor-widget-text-editor\" data-id=\"7f384f53\" data-element_type=\"widget\" data-e-type=\"widget\" data-settings=\"{&quot;_animation&quot;:&quot;fadeInUp&quot;,&quot;_animation_delay&quot;:500}\" data-widget_type=\"text-editor.default\">\n\t\t\t\t<div class=\"elementor-widget-container\">\n\t\t\t\t\t\t\t\t\t<h3>brazil Ecotour Ihr Reiseb\u00fcro in Brasilien<\/h3>\t\t\t\t\t\t\t\t<\/div>\n\t\t\t\t<\/div>\n\t\t\t\t<div class=\"elementor-element elementor-element-4aadc3f1 elementor-invisible elementor-widget elementor-widget-text-editor\" data-id=\"4aadc3f1\" data-element_type=\"widget\" data-e-type=\"widget\" data-settings=\"{&quot;_animation&quot;:&quot;fadeInUp&quot;,&quot;_animation_delay&quot;:500}\" data-widget_type=\"text-editor.default\">\n\t\t\t\t<div class=\"elementor-widget-container\">\n\t\t\t\t\t\t\t\t\t<p>Rio de Janeiro &#8211; Iguazu Falls &#8211; Sao Luis &#8211; Len\u00e7ois Maranhenses &#8211; Jericoacoara &#8211; Fortaleza<\/p>\t\t\t\t\t\t\t\t<\/div>\n\t\t\t\t<\/div>\n\t\t\t\t\t<\/div>\n\t\t<\/div>\n\t\t\t\t\t<\/div>\n\t\t<\/section>\n\t\t\t\t<section class=\"elementor-section elementor-top-section elementor-element elementor-element-1d2eab3b elementor-section-boxed elementor-section-height-default elementor-section-height-default\" data-id=\"1d2eab3b\" data-element_type=\"section\" data-e-type=\"section\" data-settings=\"{&quot;background_background&quot;:&quot;classic&quot;}\">\n\t\t\t\t\t\t<div class=\"elementor-container elementor-column-gap-default\">\n\t\t\t\t\t<div class=\"elementor-column elementor-col-100 elementor-top-column elementor-element elementor-element-1ed3de90\" data-id=\"1ed3de90\" data-element_type=\"column\" data-e-type=\"column\">\n\t\t\t<div class=\"elementor-widget-wrap elementor-element-populated\">\n\t\t\t\t\t\t<section class=\"elementor-section elementor-inner-section elementor-element elementor-element-2f4ae615 elementor-section-boxed elementor-section-height-default elementor-section-height-default\" data-id=\"2f4ae615\" data-element_type=\"section\" data-e-type=\"section\">\n\t\t\t\t\t\t<div class=\"elementor-container elementor-column-gap-default\">\n\t\t\t\t\t<div class=\"elementor-column elementor-col-50 elementor-inner-column elementor-element elementor-element-13c07c45 elementor-invisible\" data-id=\"13c07c45\" data-element_type=\"column\" data-e-type=\"column\" data-settings=\"{&quot;animation&quot;:&quot;fadeInLeft&quot;,&quot;animation_delay&quot;:300}\">\n\t\t\t<div class=\"elementor-widget-wrap elementor-element-populated\">\n\t\t\t\t\t\t<div class=\"elementor-element elementor-element-7f94647d elementor-widget elementor-widget-image\" data-id=\"7f94647d\" data-element_type=\"widget\" data-e-type=\"widget\" data-widget_type=\"image.default\">\n\t\t\t\t<div class=\"elementor-widget-container\">\n\t\t\t\t\t\t\t\t\t\t\t\t\t\t\t<img decoding=\"async\" src=\"https:\/\/www.brazilecotour.com\/wp-content\/uploads\/elementor\/thumbs\/sugarloaf-rio-de-janeiro-p3ksl83vaqmzu7jhxmtznc5lr9ayi5bvsxq68lnam8.jpg\" title=\"sugarloaf rio de janeiro brazil\" alt=\"sugarloaf rio de janeiro brazil\" loading=\"lazy\" \/>\t\t\t\t\t\t\t\t\t\t\t\t\t\t\t<\/div>\n\t\t\t\t<\/div>\n\t\t\t\t\t<\/div>\n\t\t<\/div>\n\t\t\t\t<div class=\"elementor-column elementor-col-50 elementor-inner-column elementor-element elementor-element-47fc2b7a elementor-invisible\" data-id=\"47fc2b7a\" data-element_type=\"column\" data-e-type=\"column\" data-settings=\"{&quot;background_background&quot;:&quot;classic&quot;,&quot;animation&quot;:&quot;fadeInRight&quot;,&quot;animation_delay&quot;:350}\">\n\t\t\t<div class=\"elementor-widget-wrap elementor-element-populated\">\n\t\t\t\t\t\t<div class=\"elementor-element elementor-element-2887f5a0 elementor-invisible elementor-widget elementor-widget-heading\" data-id=\"2887f5a0\" data-element_type=\"widget\" data-e-type=\"widget\" data-settings=\"{&quot;_animation&quot;:&quot;fadeInUp&quot;,&quot;_animation_delay&quot;:400}\" data-widget_type=\"heading.default\">\n\t\t\t\t<div class=\"elementor-widget-container\">\n\t\t\t\t\t<h3 class=\"elementor-heading-title elementor-size-default\">Tag 01:<\/h3>\t\t\t\t<\/div>\n\t\t\t\t<\/div>\n\t\t\t\t<div class=\"elementor-element elementor-element-6f4d35ef elementor-invisible elementor-widget elementor-widget-heading\" data-id=\"6f4d35ef\" data-element_type=\"widget\" data-e-type=\"widget\" data-settings=\"{&quot;_animation&quot;:&quot;fadeInUp&quot;,&quot;_animation_delay&quot;:500}\" data-widget_type=\"heading.default\">\n\t\t\t\t<div class=\"elementor-widget-container\">\n\t\t\t\t\t<h2 class=\"elementor-heading-title elementor-size-large\"> Rio de Janeiro<\/h2>\t\t\t\t<\/div>\n\t\t\t\t<\/div>\n\t\t\t\t<div class=\"elementor-element elementor-element-19c1f2f6 elementor-invisible elementor-widget elementor-widget-text-editor\" data-id=\"19c1f2f6\" data-element_type=\"widget\" data-e-type=\"widget\" data-settings=\"{&quot;_animation&quot;:&quot;fadeInUp&quot;,&quot;_animation_delay&quot;:500}\" data-widget_type=\"text-editor.default\">\n\t\t\t\t<div class=\"elementor-widget-container\">\n\t\t\t\t\t\t\t\t\t<p style=\"text-align: left;\">Ankunft in Rio de Janeiro, Empfang durch Ihren zweisprachigen Reiseleiter und Transfer zu Ihrem Hotel.<br \/>Nacht im Hotel.<\/p>\t\t\t\t\t\t\t\t<\/div>\n\t\t\t\t<\/div>\n\t\t\t\t\t<\/div>\n\t\t<\/div>\n\t\t\t\t\t<\/div>\n\t\t<\/section>\n\t\t\t\t<section class=\"elementor-section elementor-inner-section elementor-element elementor-element-6cdaa9da elementor-section-boxed elementor-section-height-default elementor-section-height-default\" data-id=\"6cdaa9da\" data-element_type=\"section\" data-e-type=\"section\">\n\t\t\t\t\t\t<div class=\"elementor-container elementor-column-gap-default\">\n\t\t\t\t\t<div class=\"elementor-column elementor-col-50 elementor-inner-column elementor-element elementor-element-36ba9943 elementor-invisible\" data-id=\"36ba9943\" data-element_type=\"column\" data-e-type=\"column\" data-settings=\"{&quot;animation&quot;:&quot;fadeInLeft&quot;,&quot;animation_delay&quot;:300}\">\n\t\t\t<div class=\"elementor-widget-wrap elementor-element-populated\">\n\t\t\t\t\t\t<div class=\"elementor-element elementor-element-66abfc48 elementor-widget elementor-widget-image\" data-id=\"66abfc48\" data-element_type=\"widget\" data-e-type=\"widget\" data-widget_type=\"image.default\">\n\t\t\t\t<div class=\"elementor-widget-container\">\n\t\t\t\t\t\t\t\t\t\t\t\t\t\t\t<img decoding=\"async\" src=\"https:\/\/www.brazilecotour.com\/wp-content\/uploads\/elementor\/thumbs\/rio-de-janeiro-city-tour-p3ku0z3zkdhb1cddr04jxa174y8ga8rvl2qjf0x01s.jpg\" title=\"rio de janeiro city tour bresil\" alt=\"rio de janeiro city tour bresil\" loading=\"lazy\" \/>\t\t\t\t\t\t\t\t\t\t\t\t\t\t\t<\/div>\n\t\t\t\t<\/div>\n\t\t\t\t\t<\/div>\n\t\t<\/div>\n\t\t\t\t<div class=\"elementor-column elementor-col-50 elementor-inner-column elementor-element elementor-element-53fd4fca elementor-invisible\" data-id=\"53fd4fca\" data-element_type=\"column\" data-e-type=\"column\" data-settings=\"{&quot;background_background&quot;:&quot;classic&quot;,&quot;animation&quot;:&quot;fadeInRight&quot;,&quot;animation_delay&quot;:350}\">\n\t\t\t<div class=\"elementor-widget-wrap elementor-element-populated\">\n\t\t\t\t\t\t<div class=\"elementor-element elementor-element-298a53b0 elementor-invisible elementor-widget elementor-widget-heading\" data-id=\"298a53b0\" data-element_type=\"widget\" data-e-type=\"widget\" data-settings=\"{&quot;_animation&quot;:&quot;fadeInUp&quot;,&quot;_animation_delay&quot;:400}\" data-widget_type=\"heading.default\">\n\t\t\t\t<div class=\"elementor-widget-container\">\n\t\t\t\t\t<h3 class=\"elementor-heading-title elementor-size-default\">Tag 02:<\/h3>\t\t\t\t<\/div>\n\t\t\t\t<\/div>\n\t\t\t\t<div class=\"elementor-element elementor-element-2ebbab38 elementor-invisible elementor-widget elementor-widget-heading\" data-id=\"2ebbab38\" data-element_type=\"widget\" data-e-type=\"widget\" data-settings=\"{&quot;_animation&quot;:&quot;fadeInUp&quot;,&quot;_animation_delay&quot;:500}\" data-widget_type=\"heading.default\">\n\t\t\t\t<div class=\"elementor-widget-container\">\n\t\t\t\t\t<h2 class=\"elementor-heading-title elementor-size-default\"> Rio de Janeiro<\/h2>\t\t\t\t<\/div>\n\t\t\t\t<\/div>\n\t\t\t\t<div class=\"elementor-element elementor-element-7070727 elementor-invisible elementor-widget elementor-widget-text-editor\" data-id=\"7070727\" data-element_type=\"widget\" data-e-type=\"widget\" data-settings=\"{&quot;_animation&quot;:&quot;fadeInUp&quot;,&quot;_animation_delay&quot;:500}\" data-widget_type=\"text-editor.default\">\n\t\t\t\t<div class=\"elementor-widget-container\">\n\t\t\t\t\t\t\t\t\t<p>Fr\u00fchst\u00fcck am hoteleigenen Buffet.<br \/>Am Morgen Abfahrt gegen 9 Uhr mit einem blingualen F\u00fchrer f\u00fcr eine private Tour durch den Corcovado.<br \/>Sie werden zum Ausgangspunkt des Bondinho gefahren, der charmanten Standseilbahn, die durch den Regenwald klettert, um die ber\u00fchmte St\u00e4tte der Statue Christi des Erl\u00f6sers zu erreichen, die sich auf dem Gipfel des Corcovado befindet.<\/p><p>Nach einem kostenlosen Mittagessen (nicht inbegriffen) setzen Sie Ihre Entdeckung der Stadt mit den Stadtteilen Santa Teresa, Lapa und dem Kolonialzentrum mit Ihrem F\u00fchrer und seinem Fahrzeug fort, die Ihnen w\u00e4hrend 4 Stunden zur Verf\u00fcgung stehen, um auch andere Sehensw\u00fcrdigkeiten zu besuchen, die Sie m\u00f6chten w\u00fcrde gerne wissen.<br \/>Am Ende des Nachmittags kehren Sie zum Hotel zur\u00fcck.<br \/>Nacht im Hotel.<\/p>\t\t\t\t\t\t\t\t<\/div>\n\t\t\t\t<\/div>\n\t\t\t\t\t<\/div>\n\t\t<\/div>\n\t\t\t\t\t<\/div>\n\t\t<\/section>\n\t\t\t\t<section class=\"elementor-section elementor-inner-section elementor-element elementor-element-987915c elementor-section-boxed elementor-section-height-default elementor-section-height-default\" data-id=\"987915c\" data-element_type=\"section\" data-e-type=\"section\">\n\t\t\t\t\t\t<div class=\"elementor-container elementor-column-gap-default\">\n\t\t\t\t\t<div class=\"elementor-column elementor-col-50 elementor-inner-column elementor-element elementor-element-9f7055d elementor-invisible\" data-id=\"9f7055d\" data-element_type=\"column\" data-e-type=\"column\" data-settings=\"{&quot;animation&quot;:&quot;fadeInLeft&quot;,&quot;animation_delay&quot;:300}\">\n\t\t\t<div class=\"elementor-widget-wrap elementor-element-populated\">\n\t\t\t\t\t\t<div class=\"elementor-element elementor-element-efd72dd elementor-widget elementor-widget-image\" data-id=\"efd72dd\" data-element_type=\"widget\" data-e-type=\"widget\" data-widget_type=\"image.default\">\n\t\t\t\t<div class=\"elementor-widget-container\">\n\t\t\t\t\t\t\t\t\t\t\t\t\t\t\t<img decoding=\"async\" width=\"1500\" height=\"1002\" src=\"https:\/\/www.brazilecotour.com\/wp-content\/uploads\/2017\/05\/Rio-de-Janeiro.jpg\" class=\"attachment-full size-full wp-image-10941\" alt=\"\" srcset=\"https:\/\/www.brazilecotour.com\/wp-content\/uploads\/2017\/05\/Rio-de-Janeiro.jpg 1500w, https:\/\/www.brazilecotour.com\/wp-content\/uploads\/2017\/05\/Rio-de-Janeiro-300x200.jpg 300w, https:\/\/www.brazilecotour.com\/wp-content\/uploads\/2017\/05\/Rio-de-Janeiro-768x513.jpg 768w, https:\/\/www.brazilecotour.com\/wp-content\/uploads\/2017\/05\/Rio-de-Janeiro-1024x684.jpg 1024w, https:\/\/www.brazilecotour.com\/wp-content\/uploads\/2017\/05\/Rio-de-Janeiro-960x641.jpg 960w, https:\/\/www.brazilecotour.com\/wp-content\/uploads\/2017\/05\/Rio-de-Janeiro-440x294.jpg 440w\" sizes=\"(max-width: 1500px) 100vw, 1500px\" \/>\t\t\t\t\t\t\t\t\t\t\t\t\t\t\t<\/div>\n\t\t\t\t<\/div>\n\t\t\t\t\t<\/div>\n\t\t<\/div>\n\t\t\t\t<div class=\"elementor-column elementor-col-50 elementor-inner-column elementor-element elementor-element-775fb00 elementor-invisible\" data-id=\"775fb00\" data-element_type=\"column\" data-e-type=\"column\" data-settings=\"{&quot;background_background&quot;:&quot;classic&quot;,&quot;animation&quot;:&quot;fadeInRight&quot;,&quot;animation_delay&quot;:350}\">\n\t\t\t<div class=\"elementor-widget-wrap elementor-element-populated\">\n\t\t\t\t\t\t<div class=\"elementor-element elementor-element-a7d4987 elementor-invisible elementor-widget elementor-widget-heading\" data-id=\"a7d4987\" data-element_type=\"widget\" data-e-type=\"widget\" data-settings=\"{&quot;_animation&quot;:&quot;fadeInUp&quot;,&quot;_animation_delay&quot;:400}\" data-widget_type=\"heading.default\">\n\t\t\t\t<div class=\"elementor-widget-container\">\n\t\t\t\t\t<h3 class=\"elementor-heading-title elementor-size-default\">Tag 03:<\/h3>\t\t\t\t<\/div>\n\t\t\t\t<\/div>\n\t\t\t\t<div class=\"elementor-element elementor-element-30ad6dc elementor-invisible elementor-widget elementor-widget-heading\" data-id=\"30ad6dc\" data-element_type=\"widget\" data-e-type=\"widget\" data-settings=\"{&quot;_animation&quot;:&quot;fadeInUp&quot;,&quot;_animation_delay&quot;:500}\" data-widget_type=\"heading.default\">\n\t\t\t\t<div class=\"elementor-widget-container\">\n\t\t\t\t\t<h2 class=\"elementor-heading-title elementor-size-default\"> Rio de Janeiro<\/h2>\t\t\t\t<\/div>\n\t\t\t\t<\/div>\n\t\t\t\t<div class=\"elementor-element elementor-element-9e62f41 elementor-invisible elementor-widget elementor-widget-text-editor\" data-id=\"9e62f41\" data-element_type=\"widget\" data-e-type=\"widget\" data-settings=\"{&quot;_animation&quot;:&quot;fadeInUp&quot;,&quot;_animation_delay&quot;:500}\" data-widget_type=\"text-editor.default\">\n\t\t\t\t<div class=\"elementor-widget-container\">\n\t\t\t\t\t\t\t\t\t<p>Fr\u00fchst\u00fcck am hoteleigenen Buffet.<br \/>Freier Morgen. Sie k\u00f6nnen die Gelegenheit nutzen, die Stadt auf eigene Faust weiter zu erkunden, die Str\u00e4nde von Rio zu genie\u00dfen oder Fahrr\u00e4der an der Avenida Atlantica zu mieten, um entlang der K\u00fcste entlang der Copacabana und Ipanema zu fahren.<\/p><p>Am Nachmittag verlassen Sie das Hotel mit dem Fahrzeug f\u00fcr eine Zuckerhut-Tour mit Ihrem privaten zweisprachigen Reiseleiter.<\/p><p>Sie erreichen es mit 2 Seilbahnen. Der erste bringt Sie auf den Gipfel des Urca-Berges, wo Sie einen ersten Aussichtspunkt, einige Gesch\u00e4fte und Restaurants finden.<\/p><p>Von dort aus nehmen Sie die zweite, um den Gipfel des P\u00e3o de Acucar selbst zu erreichen, wo sich auch ein Restaurant befindet.<\/p><p>Dies ist der ideale Ort, um den Sonnenuntergang zu bewundern, der das Meer, die Berge und die umliegende Stadt mit tausend Rosa- und Oranget\u00f6nen f\u00e4rbt.<br \/>R\u00fcckkehr zum Hotel.<\/p>\t\t\t\t\t\t\t\t<\/div>\n\t\t\t\t<\/div>\n\t\t\t\t\t<\/div>\n\t\t<\/div>\n\t\t\t\t\t<\/div>\n\t\t<\/section>\n\t\t\t\t<section class=\"elementor-section elementor-inner-section elementor-element elementor-element-70290b4f elementor-section-boxed elementor-section-height-default elementor-section-height-default\" data-id=\"70290b4f\" data-element_type=\"section\" data-e-type=\"section\">\n\t\t\t\t\t\t<div class=\"elementor-container elementor-column-gap-default\">\n\t\t\t\t\t<div class=\"elementor-column elementor-col-50 elementor-inner-column elementor-element elementor-element-12f8adea elementor-invisible\" data-id=\"12f8adea\" data-element_type=\"column\" data-e-type=\"column\" data-settings=\"{&quot;animation&quot;:&quot;fadeInLeft&quot;,&quot;animation_delay&quot;:300}\">\n\t\t\t<div class=\"elementor-widget-wrap elementor-element-populated\">\n\t\t\t\t\t\t<div class=\"elementor-element elementor-element-3db43713 elementor-widget elementor-widget-image\" data-id=\"3db43713\" data-element_type=\"widget\" data-e-type=\"widget\" data-widget_type=\"image.default\">\n\t\t\t\t<div class=\"elementor-widget-container\">\n\t\t\t\t\t\t\t\t\t\t\t\t\t\t\t<img decoding=\"async\" width=\"800\" height=\"534\" src=\"https:\/\/www.brazilecotour.com\/wp-content\/uploads\/2018\/08\/Cataratas.jpg\" class=\"attachment-full size-full wp-image-10919\" alt=\"\" srcset=\"https:\/\/www.brazilecotour.com\/wp-content\/uploads\/2018\/08\/Cataratas.jpg 800w, https:\/\/www.brazilecotour.com\/wp-content\/uploads\/2018\/08\/Cataratas-300x200.jpg 300w, https:\/\/www.brazilecotour.com\/wp-content\/uploads\/2018\/08\/Cataratas-768x513.jpg 768w, https:\/\/www.brazilecotour.com\/wp-content\/uploads\/2018\/08\/Cataratas-440x294.jpg 440w, https:\/\/www.brazilecotour.com\/wp-content\/uploads\/2018\/08\/Cataratas-272x182.jpg 272w\" sizes=\"(max-width: 800px) 100vw, 800px\" \/>\t\t\t\t\t\t\t\t\t\t\t\t\t\t\t<\/div>\n\t\t\t\t<\/div>\n\t\t\t\t\t<\/div>\n\t\t<\/div>\n\t\t\t\t<div class=\"elementor-column elementor-col-50 elementor-inner-column elementor-element elementor-element-58f6c169 elementor-invisible\" data-id=\"58f6c169\" data-element_type=\"column\" data-e-type=\"column\" data-settings=\"{&quot;background_background&quot;:&quot;classic&quot;,&quot;animation&quot;:&quot;fadeInRight&quot;,&quot;animation_delay&quot;:350}\">\n\t\t\t<div class=\"elementor-widget-wrap elementor-element-populated\">\n\t\t\t\t\t\t<div class=\"elementor-element elementor-element-7ec81a9d elementor-invisible elementor-widget elementor-widget-heading\" data-id=\"7ec81a9d\" data-element_type=\"widget\" data-e-type=\"widget\" data-settings=\"{&quot;_animation&quot;:&quot;fadeInUp&quot;,&quot;_animation_delay&quot;:400}\" data-widget_type=\"heading.default\">\n\t\t\t\t<div class=\"elementor-widget-container\">\n\t\t\t\t\t<h3 class=\"elementor-heading-title elementor-size-default\">Tag 04: <\/h3>\t\t\t\t<\/div>\n\t\t\t\t<\/div>\n\t\t\t\t<div class=\"elementor-element elementor-element-21ad3678 elementor-invisible elementor-widget elementor-widget-heading\" data-id=\"21ad3678\" data-element_type=\"widget\" data-e-type=\"widget\" data-settings=\"{&quot;_animation&quot;:&quot;fadeInUp&quot;,&quot;_animation_delay&quot;:500}\" data-widget_type=\"heading.default\">\n\t\t\t\t<div class=\"elementor-widget-container\">\n\t\t\t\t\t<h2 class=\"elementor-heading-title elementor-size-default\">Rio de Janeiro \u2013 Foz de Igua\u00e7u<\/h2>\t\t\t\t<\/div>\n\t\t\t\t<\/div>\n\t\t\t\t<div class=\"elementor-element elementor-element-6e63718d elementor-invisible elementor-widget elementor-widget-text-editor\" data-id=\"6e63718d\" data-element_type=\"widget\" data-e-type=\"widget\" data-settings=\"{&quot;_animation&quot;:&quot;fadeInUp&quot;,&quot;_animation_delay&quot;:500}\" data-widget_type=\"text-editor.default\">\n\t\t\t\t<div class=\"elementor-widget-container\">\n\t\t\t\t\t\t\t\t\t<p>Ankunft Ihres Fluges am internationalen Flughafen Igua\u00e7u. Ein zweisprachiger F\u00fchrer wartet am Ausgang auf Sie, um Sie zu empfangen.<\/p><p>Privater Transfer zum Luxushotel an der exklusiven Lage im brasilianischen Nationalpark der Igua\u00e7u-Wasserf\u00e4lle vor den Wasserf\u00e4llen.<br \/>Ankunft im Hotel und Check-in ab 14 Uhr.<br \/>Am Nachmittag k\u00f6nnen Sie die Einrichtungen des Hotels nutzen oder eine Tour durch den umliegenden Park unternehmen.<br \/>Nacht im Hotel.<\/p>\t\t\t\t\t\t\t\t<\/div>\n\t\t\t\t<\/div>\n\t\t\t\t\t<\/div>\n\t\t<\/div>\n\t\t\t\t\t<\/div>\n\t\t<\/section>\n\t\t\t\t<section class=\"elementor-section elementor-inner-section elementor-element elementor-element-f42bb32 elementor-section-boxed elementor-section-height-default elementor-section-height-default\" data-id=\"f42bb32\" data-element_type=\"section\" data-e-type=\"section\">\n\t\t\t\t\t\t<div class=\"elementor-container elementor-column-gap-default\">\n\t\t\t\t\t<div class=\"elementor-column elementor-col-50 elementor-inner-column elementor-element elementor-element-cce78e4 elementor-invisible\" data-id=\"cce78e4\" data-element_type=\"column\" data-e-type=\"column\" data-settings=\"{&quot;animation&quot;:&quot;fadeInLeft&quot;,&quot;animation_delay&quot;:300}\">\n\t\t\t<div class=\"elementor-widget-wrap elementor-element-populated\">\n\t\t\t\t\t\t<div class=\"elementor-element elementor-element-9820294 elementor-widget elementor-widget-image\" data-id=\"9820294\" data-element_type=\"widget\" data-e-type=\"widget\" data-widget_type=\"image.default\">\n\t\t\t\t<div class=\"elementor-widget-container\">\n\t\t\t\t\t\t\t\t\t\t\t\t\t\t\t<img loading=\"lazy\" decoding=\"async\" width=\"1500\" height=\"1000\" src=\"https:\/\/www.brazilecotour.com\/wp-content\/uploads\/2017\/05\/waterfall-1288817-2.jpg\" class=\"attachment-full size-full wp-image-10605\" alt=\"\" srcset=\"https:\/\/www.brazilecotour.com\/wp-content\/uploads\/2017\/05\/waterfall-1288817-2.jpg 1500w, https:\/\/www.brazilecotour.com\/wp-content\/uploads\/2017\/05\/waterfall-1288817-2-300x200.jpg 300w, https:\/\/www.brazilecotour.com\/wp-content\/uploads\/2017\/05\/waterfall-1288817-2-768x512.jpg 768w, https:\/\/www.brazilecotour.com\/wp-content\/uploads\/2017\/05\/waterfall-1288817-2-1024x683.jpg 1024w, https:\/\/www.brazilecotour.com\/wp-content\/uploads\/2017\/05\/waterfall-1288817-2-960x640.jpg 960w, https:\/\/www.brazilecotour.com\/wp-content\/uploads\/2017\/05\/waterfall-1288817-2-440x293.jpg 440w\" sizes=\"(max-width: 1500px) 100vw, 1500px\" \/>\t\t\t\t\t\t\t\t\t\t\t\t\t\t\t<\/div>\n\t\t\t\t<\/div>\n\t\t\t\t\t<\/div>\n\t\t<\/div>\n\t\t\t\t<div class=\"elementor-column elementor-col-50 elementor-inner-column elementor-element elementor-element-19afc69 elementor-invisible\" data-id=\"19afc69\" data-element_type=\"column\" data-e-type=\"column\" data-settings=\"{&quot;background_background&quot;:&quot;classic&quot;,&quot;animation&quot;:&quot;fadeInRight&quot;,&quot;animation_delay&quot;:350}\">\n\t\t\t<div class=\"elementor-widget-wrap elementor-element-populated\">\n\t\t\t\t\t\t<div class=\"elementor-element elementor-element-e3d6d2c elementor-invisible elementor-widget elementor-widget-heading\" data-id=\"e3d6d2c\" data-element_type=\"widget\" data-e-type=\"widget\" data-settings=\"{&quot;_animation&quot;:&quot;fadeInUp&quot;,&quot;_animation_delay&quot;:400}\" data-widget_type=\"heading.default\">\n\t\t\t\t<div class=\"elementor-widget-container\">\n\t\t\t\t\t<h3 class=\"elementor-heading-title elementor-size-default\">Tag 05:<\/h3>\t\t\t\t<\/div>\n\t\t\t\t<\/div>\n\t\t\t\t<div class=\"elementor-element elementor-element-38a2538 elementor-invisible elementor-widget elementor-widget-heading\" data-id=\"38a2538\" data-element_type=\"widget\" data-e-type=\"widget\" data-settings=\"{&quot;_animation&quot;:&quot;fadeInUp&quot;,&quot;_animation_delay&quot;:500}\" data-widget_type=\"heading.default\">\n\t\t\t\t<div class=\"elementor-widget-container\">\n\t\t\t\t\t<h2 class=\"elementor-heading-title elementor-size-default\"> Igua\u00e7u-Besuch der brasilianischen und argentinischen Seite der Insel.<\/h2>\t\t\t\t<\/div>\n\t\t\t\t<\/div>\n\t\t\t\t<div class=\"elementor-element elementor-element-b2071cd elementor-invisible elementor-widget elementor-widget-text-editor\" data-id=\"b2071cd\" data-element_type=\"widget\" data-e-type=\"widget\" data-settings=\"{&quot;_animation&quot;:&quot;fadeInUp&quot;,&quot;_animation_delay&quot;:500}\" data-widget_type=\"text-editor.default\">\n\t\t\t\t<div class=\"elementor-widget-container\">\n\t\t\t\t\t\t\t\t\t<p style=\"text-align: left;\">Fr\u00fchst\u00fcck am hoteleigenen Buffet.<br \/>Am Morgen holt Sie ein zweisprachiger F\u00fchrer ab, um den Tag mit einem Besuch der beiden Parks der Wasserf\u00e4lle auf brasilianischer und argentinischer Seite zu beginnen.<\/p><p>Sie verlassen das Hotel zun\u00e4chst zu Fu\u00df, um die brasilianische Seite zu besuchen. Anschlie\u00dfend holt Sie ein Fahrer ab, um die Grenze zu \u00fcberqueren und sich der argentinischen Seite anzuschlie\u00dfen. Dort setzen Sie den Besuch am Nachmittag mit dem Reiseleiter fort.<\/p><p>Auf brasilianischer Seite haben Sie eine ideale Gesamtansicht, um die Stelle zu messen, an der sich hundert Wasserf\u00e4lle \u00fcber fast 3 Kilometer erstrecken.<\/p><p>Auf argentinischer Seite befinden Sie sich in der N\u00e4he der Wasserf\u00e4lle, um dank eines Netzes von Fu\u00dfg\u00e4ngerbr\u00fccken die Kraft der Wasserf\u00e4lle zu messen.<\/p><p style=\"text-align: left;\">Kostenloses Mittagessen auf argentinischer Seite (nicht inbegriffen).<br \/>R\u00fcckkehr am Ende des Nachmittags und der Nacht im Hotel.<\/p>\t\t\t\t\t\t\t\t<\/div>\n\t\t\t\t<\/div>\n\t\t\t\t\t<\/div>\n\t\t<\/div>\n\t\t\t\t\t<\/div>\n\t\t<\/section>\n\t\t\t\t<section class=\"elementor-section elementor-inner-section elementor-element elementor-element-60dbb0e elementor-section-boxed elementor-section-height-default elementor-section-height-default\" data-id=\"60dbb0e\" data-element_type=\"section\" data-e-type=\"section\">\n\t\t\t\t\t\t<div class=\"elementor-container elementor-column-gap-default\">\n\t\t\t\t\t<div class=\"elementor-column elementor-col-50 elementor-inner-column elementor-element elementor-element-a35eeaa elementor-invisible\" data-id=\"a35eeaa\" data-element_type=\"column\" data-e-type=\"column\" data-settings=\"{&quot;animation&quot;:&quot;fadeInLeft&quot;,&quot;animation_delay&quot;:300}\">\n\t\t\t<div class=\"elementor-widget-wrap elementor-element-populated\">\n\t\t\t\t\t\t<div class=\"elementor-element elementor-element-b137eee elementor-widget elementor-widget-image\" data-id=\"b137eee\" data-element_type=\"widget\" data-e-type=\"widget\" data-widget_type=\"image.default\">\n\t\t\t\t<div class=\"elementor-widget-container\">\n\t\t\t\t\t\t\t\t\t\t\t\t\t\t\t<img loading=\"lazy\" decoding=\"async\" width=\"1500\" height=\"998\" src=\"https:\/\/www.brazilecotour.com\/wp-content\/uploads\/2017\/05\/THE-ROUTE-OF-EMOTION-FROM-SAO-LUIS-TO-JERICOACOARA2.jpg\" class=\"attachment-full size-full wp-image-10481\" alt=\"\" srcset=\"https:\/\/www.brazilecotour.com\/wp-content\/uploads\/2017\/05\/THE-ROUTE-OF-EMOTION-FROM-SAO-LUIS-TO-JERICOACOARA2.jpg 1500w, https:\/\/www.brazilecotour.com\/wp-content\/uploads\/2017\/05\/THE-ROUTE-OF-EMOTION-FROM-SAO-LUIS-TO-JERICOACOARA2-300x200.jpg 300w, https:\/\/www.brazilecotour.com\/wp-content\/uploads\/2017\/05\/THE-ROUTE-OF-EMOTION-FROM-SAO-LUIS-TO-JERICOACOARA2-768x511.jpg 768w, https:\/\/www.brazilecotour.com\/wp-content\/uploads\/2017\/05\/THE-ROUTE-OF-EMOTION-FROM-SAO-LUIS-TO-JERICOACOARA2-1024x681.jpg 1024w, https:\/\/www.brazilecotour.com\/wp-content\/uploads\/2017\/05\/THE-ROUTE-OF-EMOTION-FROM-SAO-LUIS-TO-JERICOACOARA2-960x639.jpg 960w, https:\/\/www.brazilecotour.com\/wp-content\/uploads\/2017\/05\/THE-ROUTE-OF-EMOTION-FROM-SAO-LUIS-TO-JERICOACOARA2-440x293.jpg 440w\" sizes=\"(max-width: 1500px) 100vw, 1500px\" \/>\t\t\t\t\t\t\t\t\t\t\t\t\t\t\t<\/div>\n\t\t\t\t<\/div>\n\t\t\t\t\t<\/div>\n\t\t<\/div>\n\t\t\t\t<div class=\"elementor-column elementor-col-50 elementor-inner-column elementor-element elementor-element-418b695 elementor-invisible\" data-id=\"418b695\" data-element_type=\"column\" data-e-type=\"column\" data-settings=\"{&quot;background_background&quot;:&quot;classic&quot;,&quot;animation&quot;:&quot;fadeInRight&quot;,&quot;animation_delay&quot;:350}\">\n\t\t\t<div class=\"elementor-widget-wrap elementor-element-populated\">\n\t\t\t\t\t\t<div class=\"elementor-element elementor-element-8a3f989 elementor-invisible elementor-widget elementor-widget-heading\" data-id=\"8a3f989\" data-element_type=\"widget\" data-e-type=\"widget\" data-settings=\"{&quot;_animation&quot;:&quot;fadeInUp&quot;,&quot;_animation_delay&quot;:400}\" data-widget_type=\"heading.default\">\n\t\t\t\t<div class=\"elementor-widget-container\">\n\t\t\t\t\t<h3 class=\"elementor-heading-title elementor-size-default\">Tag 06:<\/h3>\t\t\t\t<\/div>\n\t\t\t\t<\/div>\n\t\t\t\t<div class=\"elementor-element elementor-element-cb4e600 elementor-invisible elementor-widget elementor-widget-heading\" data-id=\"cb4e600\" data-element_type=\"widget\" data-e-type=\"widget\" data-settings=\"{&quot;_animation&quot;:&quot;fadeInUp&quot;,&quot;_animation_delay&quot;:500}\" data-widget_type=\"heading.default\">\n\t\t\t\t<div class=\"elementor-widget-container\">\n\t\t\t\t\t<h2 class=\"elementor-heading-title elementor-size-default\"> Iguazu \u2013 Sao Luis<\/h2>\t\t\t\t<\/div>\n\t\t\t\t<\/div>\n\t\t\t\t<div class=\"elementor-element elementor-element-8b8a799 elementor-invisible elementor-widget elementor-widget-text-editor\" data-id=\"8b8a799\" data-element_type=\"widget\" data-e-type=\"widget\" data-settings=\"{&quot;_animation&quot;:&quot;fadeInUp&quot;,&quot;_animation_delay&quot;:500}\" data-widget_type=\"text-editor.default\">\n\t\t\t\t<div class=\"elementor-widget-container\">\n\t\t\t\t\t\t\t\t\t<p>Zur festgelegten Zeit bringt Sie ein privates Auto von Ihrem Hotel zum Flughafen von Iguazu, f\u00fcr Ihren Flug nach Iguazu. Privater Transfer vom internationalen Flughafen S\u00e3o Luis zu Ihrem Hotel mit englischsprachigem F\u00fchrer.<br \/>\u00dcbernachtung im Hotel.<\/p>\t\t\t\t\t\t\t\t<\/div>\n\t\t\t\t<\/div>\n\t\t\t\t\t<\/div>\n\t\t<\/div>\n\t\t\t\t\t<\/div>\n\t\t<\/section>\n\t\t\t\t<section class=\"elementor-section elementor-inner-section elementor-element elementor-element-538d147 elementor-section-boxed elementor-section-height-default elementor-section-height-default\" data-id=\"538d147\" data-element_type=\"section\" data-e-type=\"section\">\n\t\t\t\t\t\t<div class=\"elementor-container elementor-column-gap-default\">\n\t\t\t\t\t<div class=\"elementor-column elementor-col-50 elementor-inner-column elementor-element elementor-element-7e37fdb elementor-invisible\" data-id=\"7e37fdb\" data-element_type=\"column\" data-e-type=\"column\" data-settings=\"{&quot;animation&quot;:&quot;fadeInLeft&quot;,&quot;animation_delay&quot;:300}\">\n\t\t\t<div class=\"elementor-widget-wrap elementor-element-populated\">\n\t\t\t\t\t\t<div class=\"elementor-element elementor-element-b857492 elementor-widget elementor-widget-image\" data-id=\"b857492\" data-element_type=\"widget\" data-e-type=\"widget\" data-widget_type=\"image.default\">\n\t\t\t\t<div class=\"elementor-widget-container\">\n\t\t\t\t\t\t\t\t\t\t\t\t\t\t\t<img loading=\"lazy\" decoding=\"async\" width=\"1500\" height=\"1000\" src=\"https:\/\/www.brazilecotour.com\/wp-content\/uploads\/2017\/05\/Lencois-Maranhenses-National-park-Brazilecotour-Sao-Luis-Barreirinhas.jpg\" class=\"attachment-full size-full wp-image-10668\" alt=\"\" srcset=\"https:\/\/www.brazilecotour.com\/wp-content\/uploads\/2017\/05\/Lencois-Maranhenses-National-park-Brazilecotour-Sao-Luis-Barreirinhas.jpg 1500w, https:\/\/www.brazilecotour.com\/wp-content\/uploads\/2017\/05\/Lencois-Maranhenses-National-park-Brazilecotour-Sao-Luis-Barreirinhas-300x200.jpg 300w, https:\/\/www.brazilecotour.com\/wp-content\/uploads\/2017\/05\/Lencois-Maranhenses-National-park-Brazilecotour-Sao-Luis-Barreirinhas-768x512.jpg 768w, https:\/\/www.brazilecotour.com\/wp-content\/uploads\/2017\/05\/Lencois-Maranhenses-National-park-Brazilecotour-Sao-Luis-Barreirinhas-1024x683.jpg 1024w, https:\/\/www.brazilecotour.com\/wp-content\/uploads\/2017\/05\/Lencois-Maranhenses-National-park-Brazilecotour-Sao-Luis-Barreirinhas-960x640.jpg 960w, https:\/\/www.brazilecotour.com\/wp-content\/uploads\/2017\/05\/Lencois-Maranhenses-National-park-Brazilecotour-Sao-Luis-Barreirinhas-440x293.jpg 440w\" sizes=\"(max-width: 1500px) 100vw, 1500px\" \/>\t\t\t\t\t\t\t\t\t\t\t\t\t\t\t<\/div>\n\t\t\t\t<\/div>\n\t\t\t\t\t<\/div>\n\t\t<\/div>\n\t\t\t\t<div class=\"elementor-column elementor-col-50 elementor-inner-column elementor-element elementor-element-2ea931d elementor-invisible\" data-id=\"2ea931d\" data-element_type=\"column\" data-e-type=\"column\" data-settings=\"{&quot;background_background&quot;:&quot;classic&quot;,&quot;animation&quot;:&quot;fadeInRight&quot;,&quot;animation_delay&quot;:350}\">\n\t\t\t<div class=\"elementor-widget-wrap elementor-element-populated\">\n\t\t\t\t\t\t<div class=\"elementor-element elementor-element-a909e67 elementor-invisible elementor-widget elementor-widget-heading\" data-id=\"a909e67\" data-element_type=\"widget\" data-e-type=\"widget\" data-settings=\"{&quot;_animation&quot;:&quot;fadeInUp&quot;,&quot;_animation_delay&quot;:400}\" data-widget_type=\"heading.default\">\n\t\t\t\t<div class=\"elementor-widget-container\">\n\t\t\t\t\t<h3 class=\"elementor-heading-title elementor-size-default\">Tag 07:<\/h3>\t\t\t\t<\/div>\n\t\t\t\t<\/div>\n\t\t\t\t<div class=\"elementor-element elementor-element-97fa0e2 elementor-invisible elementor-widget elementor-widget-heading\" data-id=\"97fa0e2\" data-element_type=\"widget\" data-e-type=\"widget\" data-settings=\"{&quot;_animation&quot;:&quot;fadeInUp&quot;,&quot;_animation_delay&quot;:500}\" data-widget_type=\"heading.default\">\n\t\t\t\t<div class=\"elementor-widget-container\">\n\t\t\t\t\t<h2 class=\"elementor-heading-title elementor-size-default\"> Sao Luis \u2013 Barreirinhas<\/h2>\t\t\t\t<\/div>\n\t\t\t\t<\/div>\n\t\t\t\t<div class=\"elementor-element elementor-element-f44e399 elementor-invisible elementor-widget elementor-widget-text-editor\" data-id=\"f44e399\" data-element_type=\"widget\" data-e-type=\"widget\" data-settings=\"{&quot;_animation&quot;:&quot;fadeInUp&quot;,&quot;_animation_delay&quot;:500}\" data-widget_type=\"text-editor.default\">\n\t\t\t\t<div class=\"elementor-widget-container\">\n\t\t\t\t\t\t\t\t\t<p>Am Morgen nach dem Fr\u00fchst\u00fcck trifft Sie Ihr Reiseleiter in der Lobby Ihres Hotels zu einem privaten Stadtrundgang: Besuchen Sie S\u00e3o Luis: Besuchen Sie die ehemalige franz\u00f6sische Kolonialstadt S\u00e3o Luis. Die Mischung der Bev\u00f6lkerungsgruppen (einschlie\u00dflich Inder, Franzosen und Portugiesen) ist Teil des Charmes dieser alten Stadt und verleiht ihr ihr zeitgem\u00e4\u00dfes Gesicht. Die Hauptstadt des Bundesstaates Maranh\u00e3o verf\u00fcgt \u00fcber ein reiches historisches und kulturelles Erbe. Das historische Zentrum wurde ausgezeichnet<\/p><p>Am Nachmittag f\u00e4hrt Sie ein privates Auto nach Barreirin mit dem Haupteingang des Lencois Maranhenses Nationalparks<br \/>Nacht im Hotel<\/p>\t\t\t\t\t\t\t\t<\/div>\n\t\t\t\t<\/div>\n\t\t\t\t\t<\/div>\n\t\t<\/div>\n\t\t\t\t\t<\/div>\n\t\t<\/section>\n\t\t\t\t<section class=\"elementor-section elementor-inner-section elementor-element elementor-element-f35040e elementor-section-boxed elementor-section-height-default elementor-section-height-default\" data-id=\"f35040e\" data-element_type=\"section\" data-e-type=\"section\">\n\t\t\t\t\t\t<div class=\"elementor-container elementor-column-gap-default\">\n\t\t\t\t\t<div class=\"elementor-column elementor-col-50 elementor-inner-column elementor-element elementor-element-66f9d97 elementor-invisible\" data-id=\"66f9d97\" data-element_type=\"column\" data-e-type=\"column\" data-settings=\"{&quot;animation&quot;:&quot;fadeInLeft&quot;,&quot;animation_delay&quot;:300}\">\n\t\t\t<div class=\"elementor-widget-wrap elementor-element-populated\">\n\t\t\t\t\t\t<div class=\"elementor-element elementor-element-df91ca9 elementor-widget elementor-widget-image\" data-id=\"df91ca9\" data-element_type=\"widget\" data-e-type=\"widget\" data-widget_type=\"image.default\">\n\t\t\t\t<div class=\"elementor-widget-container\">\n\t\t\t\t\t\t\t\t\t\t\t\t\t\t\t<img loading=\"lazy\" decoding=\"async\" width=\"1080\" height=\"1350\" src=\"https:\/\/www.brazilecotour.com\/wp-content\/uploads\/2021\/02\/trek-lencois-maranhenses-1.jpg\" class=\"attachment-full size-full wp-image-17375\" alt=\"trek len\u00e7ois maranhenses\" srcset=\"https:\/\/www.brazilecotour.com\/wp-content\/uploads\/2021\/02\/trek-lencois-maranhenses-1.jpg 1080w, https:\/\/www.brazilecotour.com\/wp-content\/uploads\/2021\/02\/trek-lencois-maranhenses-1-240x300.jpg 240w, https:\/\/www.brazilecotour.com\/wp-content\/uploads\/2021\/02\/trek-lencois-maranhenses-1-819x1024.jpg 819w, https:\/\/www.brazilecotour.com\/wp-content\/uploads\/2021\/02\/trek-lencois-maranhenses-1-768x960.jpg 768w\" sizes=\"(max-width: 1080px) 100vw, 1080px\" \/>\t\t\t\t\t\t\t\t\t\t\t\t\t\t\t<\/div>\n\t\t\t\t<\/div>\n\t\t\t\t\t<\/div>\n\t\t<\/div>\n\t\t\t\t<div class=\"elementor-column elementor-col-50 elementor-inner-column elementor-element elementor-element-928b005 elementor-invisible\" data-id=\"928b005\" data-element_type=\"column\" data-e-type=\"column\" data-settings=\"{&quot;background_background&quot;:&quot;classic&quot;,&quot;animation&quot;:&quot;fadeInRight&quot;,&quot;animation_delay&quot;:350}\">\n\t\t\t<div class=\"elementor-widget-wrap elementor-element-populated\">\n\t\t\t\t\t\t<div class=\"elementor-element elementor-element-491fc00 elementor-invisible elementor-widget elementor-widget-heading\" data-id=\"491fc00\" data-element_type=\"widget\" data-e-type=\"widget\" data-settings=\"{&quot;_animation&quot;:&quot;fadeInUp&quot;,&quot;_animation_delay&quot;:400}\" data-widget_type=\"heading.default\">\n\t\t\t\t<div class=\"elementor-widget-container\">\n\t\t\t\t\t<h3 class=\"elementor-heading-title elementor-size-default\">Tag 08:<\/h3>\t\t\t\t<\/div>\n\t\t\t\t<\/div>\n\t\t\t\t<div class=\"elementor-element elementor-element-4ec8972 elementor-invisible elementor-widget elementor-widget-heading\" data-id=\"4ec8972\" data-element_type=\"widget\" data-e-type=\"widget\" data-settings=\"{&quot;_animation&quot;:&quot;fadeInUp&quot;,&quot;_animation_delay&quot;:500}\" data-widget_type=\"heading.default\">\n\t\t\t\t<div class=\"elementor-widget-container\">\n\t\t\t\t\t<h2 class=\"elementor-heading-title elementor-size-default\"> Barreirinhas \u2013 Len\u00e7ois Maranhenses \u2013 Atins<\/h2>\t\t\t\t<\/div>\n\t\t\t\t<\/div>\n\t\t\t\t<div class=\"elementor-element elementor-element-2ae3a65 elementor-invisible elementor-widget elementor-widget-text-editor\" data-id=\"2ae3a65\" data-element_type=\"widget\" data-e-type=\"widget\" data-settings=\"{&quot;_animation&quot;:&quot;fadeInUp&quot;,&quot;_animation_delay&quot;:500}\" data-widget_type=\"text-editor.default\">\n\t\t\t\t<div class=\"elementor-widget-container\">\n\t\t\t\t\t\t\t\t\t<p>Nach dem Fr\u00fchst\u00fcck machen Sie einen privaten Ausflug: Lencois Marahenses, die wahre Perle Brasiliens!<br \/>Der Nationalpark von Len\u00e7\u00f3is Maranhenses, \u201eBl\u00e4tter von Maranh\u00e3o\u201c auf Portugiesisch. Auf mehr als 150.000 Hektar erstreckt sich eine W\u00fcste aus wei\u00dfen Sandd\u00fcnen, deren mit Regenwasser gef\u00fcllte Mulden kristallklare blaue Lagunen bilden. Der Sand erstreckt sich so weit das Auge reicht und diese W\u00fcste bietet uns eine einzigartige Sicht auf perfekt ges\u00e4umte D\u00fcnen, die mit Pools aus transparentem Wasser \u00fcbers\u00e4t sind, manchmal gr\u00fcn, manchmal blau.<br \/>In einem kostenlosen Spaziergang entdecken Sie die Lagunen und D\u00fcnen der Umgebung.<\/p><p>Am Nachmittag unternehmen Sie einen privaten Ausflug auf dem Fluss \u201eRio preguicas\u201c, um an Atins teilzunehmen, eine Schnellbootstour auf dem Fluss Pregui\u00e7as mit Zwischenstopps in Mandacaru und Vassouras, um einen kurzen Ausflug auf dem Pequenos Lencois zu machen. \u201c Kleiner Len\u00e7ois \u201c<\/p><p>In Atins angekommen bringt Sie ein privates 4 \u00d7 4 zu Ihrem Hotel. Nacht im Hotel<\/p>\t\t\t\t\t\t\t\t<\/div>\n\t\t\t\t<\/div>\n\t\t\t\t\t<\/div>\n\t\t<\/div>\n\t\t\t\t\t<\/div>\n\t\t<\/section>\n\t\t\t\t<section class=\"elementor-section elementor-inner-section elementor-element elementor-element-f86fed1 elementor-section-boxed elementor-section-height-default elementor-section-height-default\" data-id=\"f86fed1\" data-element_type=\"section\" data-e-type=\"section\">\n\t\t\t\t\t\t<div class=\"elementor-container elementor-column-gap-default\">\n\t\t\t\t\t<div class=\"elementor-column elementor-col-50 elementor-inner-column elementor-element elementor-element-c3c8bac elementor-invisible\" data-id=\"c3c8bac\" data-element_type=\"column\" data-e-type=\"column\" data-settings=\"{&quot;animation&quot;:&quot;fadeInLeft&quot;,&quot;animation_delay&quot;:300}\">\n\t\t\t<div class=\"elementor-widget-wrap elementor-element-populated\">\n\t\t\t\t\t\t<div class=\"elementor-element elementor-element-534d64d elementor-widget elementor-widget-image\" data-id=\"534d64d\" data-element_type=\"widget\" data-e-type=\"widget\" data-widget_type=\"image.default\">\n\t\t\t\t<div class=\"elementor-widget-container\">\n\t\t\t\t\t\t\t\t\t\t\t\t\t\t\t<img loading=\"lazy\" decoding=\"async\" width=\"640\" height=\"640\" src=\"https:\/\/www.brazilecotour.com\/wp-content\/uploads\/2021\/03\/Atins-Tour-Lencois-Maranhenses.jpg\" class=\"attachment-full size-full wp-image-17955\" alt=\"Atins Tour Len\u00e7ois Maranhenses\" srcset=\"https:\/\/www.brazilecotour.com\/wp-content\/uploads\/2021\/03\/Atins-Tour-Lencois-Maranhenses.jpg 640w, https:\/\/www.brazilecotour.com\/wp-content\/uploads\/2021\/03\/Atins-Tour-Lencois-Maranhenses-300x300.jpg 300w, https:\/\/www.brazilecotour.com\/wp-content\/uploads\/2021\/03\/Atins-Tour-Lencois-Maranhenses-150x150.jpg 150w\" sizes=\"(max-width: 640px) 100vw, 640px\" \/>\t\t\t\t\t\t\t\t\t\t\t\t\t\t\t<\/div>\n\t\t\t\t<\/div>\n\t\t\t\t\t<\/div>\n\t\t<\/div>\n\t\t\t\t<div class=\"elementor-column elementor-col-50 elementor-inner-column elementor-element elementor-element-4c1427b elementor-invisible\" data-id=\"4c1427b\" data-element_type=\"column\" data-e-type=\"column\" data-settings=\"{&quot;background_background&quot;:&quot;classic&quot;,&quot;animation&quot;:&quot;fadeInRight&quot;,&quot;animation_delay&quot;:350}\">\n\t\t\t<div class=\"elementor-widget-wrap elementor-element-populated\">\n\t\t\t\t\t\t<div class=\"elementor-element elementor-element-6ce3a2e elementor-invisible elementor-widget elementor-widget-heading\" data-id=\"6ce3a2e\" data-element_type=\"widget\" data-e-type=\"widget\" data-settings=\"{&quot;_animation&quot;:&quot;fadeInUp&quot;,&quot;_animation_delay&quot;:400}\" data-widget_type=\"heading.default\">\n\t\t\t\t<div class=\"elementor-widget-container\">\n\t\t\t\t\t<h3 class=\"elementor-heading-title elementor-size-default\">Tag 09:<\/h3>\t\t\t\t<\/div>\n\t\t\t\t<\/div>\n\t\t\t\t<div class=\"elementor-element elementor-element-a438f10 elementor-invisible elementor-widget elementor-widget-heading\" data-id=\"a438f10\" data-element_type=\"widget\" data-e-type=\"widget\" data-settings=\"{&quot;_animation&quot;:&quot;fadeInUp&quot;,&quot;_animation_delay&quot;:500}\" data-widget_type=\"heading.default\">\n\t\t\t\t<div class=\"elementor-widget-container\">\n\t\t\t\t\t<h2 class=\"elementor-heading-title elementor-size-default\">Atins<\/h2>\t\t\t\t<\/div>\n\t\t\t\t<\/div>\n\t\t\t\t<div class=\"elementor-element elementor-element-412fc91 elementor-invisible elementor-widget elementor-widget-text-editor\" data-id=\"412fc91\" data-element_type=\"widget\" data-e-type=\"widget\" data-settings=\"{&quot;_animation&quot;:&quot;fadeInUp&quot;,&quot;_animation_delay&quot;:500}\" data-widget_type=\"text-editor.default\">\n\t\t\t\t<div class=\"elementor-widget-container\">\n\t\t\t\t\t\t\t\t\t<p>Freier Tag in Atins, um den Strand zu genie\u00dfen:<br \/>Viele Ausfl\u00fcge k\u00f6nnen in Atins gebucht werden:<\/p><p>Reittour im Lencois Maranhenses.<br \/>4 \u00d7 4 Ausflug auf dem Lencois Maranhenses.<br \/>Kitesurfkurse f\u00fcr Anf\u00e4nger.<br \/>Nacht im Hotel<\/p>\t\t\t\t\t\t\t\t<\/div>\n\t\t\t\t<\/div>\n\t\t\t\t\t<\/div>\n\t\t<\/div>\n\t\t\t\t\t<\/div>\n\t\t<\/section>\n\t\t\t\t<section class=\"elementor-section elementor-inner-section elementor-element elementor-element-97d80bb elementor-section-boxed elementor-section-height-default elementor-section-height-default\" data-id=\"97d80bb\" data-element_type=\"section\" data-e-type=\"section\">\n\t\t\t\t\t\t<div class=\"elementor-container elementor-column-gap-default\">\n\t\t\t\t\t<div class=\"elementor-column elementor-col-50 elementor-inner-column elementor-element elementor-element-8ba0b32 elementor-invisible\" data-id=\"8ba0b32\" data-element_type=\"column\" data-e-type=\"column\" data-settings=\"{&quot;animation&quot;:&quot;fadeInLeft&quot;,&quot;animation_delay&quot;:300}\">\n\t\t\t<div class=\"elementor-widget-wrap elementor-element-populated\">\n\t\t\t\t\t\t<div class=\"elementor-element elementor-element-581c188 elementor-widget elementor-widget-image\" data-id=\"581c188\" data-element_type=\"widget\" data-e-type=\"widget\" data-widget_type=\"image.default\">\n\t\t\t\t<div class=\"elementor-widget-container\">\n\t\t\t\t\t\t\t\t\t\t\t\t\t\t\t<img loading=\"lazy\" decoding=\"async\" width=\"1220\" height=\"860\" src=\"https:\/\/www.brazilecotour.com\/wp-content\/uploads\/2017\/05\/delta-of-parnaiba-www.brazilecotour.com-guaras-2016.jpg\" class=\"attachment-full size-full wp-image-10474\" alt=\"\" srcset=\"https:\/\/www.brazilecotour.com\/wp-content\/uploads\/2017\/05\/delta-of-parnaiba-www.brazilecotour.com-guaras-2016.jpg 1220w, https:\/\/www.brazilecotour.com\/wp-content\/uploads\/2017\/05\/delta-of-parnaiba-www.brazilecotour.com-guaras-2016-300x211.jpg 300w, https:\/\/www.brazilecotour.com\/wp-content\/uploads\/2017\/05\/delta-of-parnaiba-www.brazilecotour.com-guaras-2016-768x541.jpg 768w, https:\/\/www.brazilecotour.com\/wp-content\/uploads\/2017\/05\/delta-of-parnaiba-www.brazilecotour.com-guaras-2016-1024x722.jpg 1024w, https:\/\/www.brazilecotour.com\/wp-content\/uploads\/2017\/05\/delta-of-parnaiba-www.brazilecotour.com-guaras-2016-960x677.jpg 960w, https:\/\/www.brazilecotour.com\/wp-content\/uploads\/2017\/05\/delta-of-parnaiba-www.brazilecotour.com-guaras-2016-440x310.jpg 440w\" sizes=\"(max-width: 1220px) 100vw, 1220px\" \/>\t\t\t\t\t\t\t\t\t\t\t\t\t\t\t<\/div>\n\t\t\t\t<\/div>\n\t\t\t\t\t<\/div>\n\t\t<\/div>\n\t\t\t\t<div class=\"elementor-column elementor-col-50 elementor-inner-column elementor-element elementor-element-cac2b43 elementor-invisible\" data-id=\"cac2b43\" data-element_type=\"column\" data-e-type=\"column\" data-settings=\"{&quot;background_background&quot;:&quot;classic&quot;,&quot;animation&quot;:&quot;fadeInRight&quot;,&quot;animation_delay&quot;:350}\">\n\t\t\t<div class=\"elementor-widget-wrap elementor-element-populated\">\n\t\t\t\t\t\t<div class=\"elementor-element elementor-element-f7afd2c elementor-invisible elementor-widget elementor-widget-heading\" data-id=\"f7afd2c\" data-element_type=\"widget\" data-e-type=\"widget\" data-settings=\"{&quot;_animation&quot;:&quot;fadeInUp&quot;,&quot;_animation_delay&quot;:400}\" data-widget_type=\"heading.default\">\n\t\t\t\t<div class=\"elementor-widget-container\">\n\t\t\t\t\t<h3 class=\"elementor-heading-title elementor-size-default\">Tag 10:<\/h3>\t\t\t\t<\/div>\n\t\t\t\t<\/div>\n\t\t\t\t<div class=\"elementor-element elementor-element-fc921f8 elementor-invisible elementor-widget elementor-widget-heading\" data-id=\"fc921f8\" data-element_type=\"widget\" data-e-type=\"widget\" data-settings=\"{&quot;_animation&quot;:&quot;fadeInUp&quot;,&quot;_animation_delay&quot;:500}\" data-widget_type=\"heading.default\">\n\t\t\t\t<div class=\"elementor-widget-container\">\n\t\t\t\t\t<h2 class=\"elementor-heading-title elementor-size-default\"> Atins \u2013 Cabur\u00e9-Tutoia \u2013 Parnaiba<\/h2>\t\t\t\t<\/div>\n\t\t\t\t<\/div>\n\t\t\t\t<div class=\"elementor-element elementor-element-f23761f elementor-invisible elementor-widget elementor-widget-text-editor\" data-id=\"f23761f\" data-element_type=\"widget\" data-e-type=\"widget\" data-settings=\"{&quot;_animation&quot;:&quot;fadeInUp&quot;,&quot;_animation_delay&quot;:500}\" data-widget_type=\"text-editor.default\">\n\t\t\t\t<div class=\"elementor-widget-container\">\n\t\t\t\t\t\t\t\t\t<p>Am Morgen \u00fcberqueren Sie den Rio Pregui\u00e7as mit dem Boot in das kleine Dorf Cabur\u00e9. In Cabur\u00e9 fahren Sie mit einem 4 \u00d7 4-Fahrzeug nach Tutoia, um einen privaten Ausflug auf der Detla von Parnaiba zu unternehmen. In Parnaiba bringt Sie ein privates Auto zu Ihrem Hotel. (Optional ist es m\u00f6glich, eine Nachtsafari zu organisieren, um die Nachtfauna wie die Ca\u00efmans und andere Tiere des Deltas zu beobachten).<br \/>Nacht im Hotel<\/p>\t\t\t\t\t\t\t\t<\/div>\n\t\t\t\t<\/div>\n\t\t\t\t\t<\/div>\n\t\t<\/div>\n\t\t\t\t\t<\/div>\n\t\t<\/section>\n\t\t\t\t<section class=\"elementor-section elementor-inner-section elementor-element elementor-element-d14df1a elementor-section-boxed elementor-section-height-default elementor-section-height-default\" data-id=\"d14df1a\" data-element_type=\"section\" data-e-type=\"section\">\n\t\t\t\t\t\t<div class=\"elementor-container elementor-column-gap-default\">\n\t\t\t\t\t<div class=\"elementor-column elementor-col-50 elementor-inner-column elementor-element elementor-element-fc5962c elementor-invisible\" data-id=\"fc5962c\" data-element_type=\"column\" data-e-type=\"column\" data-settings=\"{&quot;animation&quot;:&quot;fadeInLeft&quot;,&quot;animation_delay&quot;:300}\">\n\t\t\t<div class=\"elementor-widget-wrap elementor-element-populated\">\n\t\t\t\t\t\t<div class=\"elementor-element elementor-element-9d182f6 elementor-widget elementor-widget-image\" data-id=\"9d182f6\" data-element_type=\"widget\" data-e-type=\"widget\" data-widget_type=\"image.default\">\n\t\t\t\t<div class=\"elementor-widget-container\">\n\t\t\t\t\t\t\t\t\t\t\t\t\t\t\t<img loading=\"lazy\" decoding=\"async\" width=\"640\" height=\"640\" src=\"https:\/\/www.brazilecotour.com\/wp-content\/uploads\/2021\/02\/buggy-tour-galinhos.jpg\" class=\"attachment-full size-full wp-image-13240\" alt=\"buggy tour galinhos\" srcset=\"https:\/\/www.brazilecotour.com\/wp-content\/uploads\/2021\/02\/buggy-tour-galinhos.jpg 640w, https:\/\/www.brazilecotour.com\/wp-content\/uploads\/2021\/02\/buggy-tour-galinhos-300x300.jpg 300w, https:\/\/www.brazilecotour.com\/wp-content\/uploads\/2021\/02\/buggy-tour-galinhos-150x150.jpg 150w\" sizes=\"(max-width: 640px) 100vw, 640px\" \/>\t\t\t\t\t\t\t\t\t\t\t\t\t\t\t<\/div>\n\t\t\t\t<\/div>\n\t\t\t\t\t<\/div>\n\t\t<\/div>\n\t\t\t\t<div class=\"elementor-column elementor-col-50 elementor-inner-column elementor-element elementor-element-d7ec232 elementor-invisible\" data-id=\"d7ec232\" data-element_type=\"column\" data-e-type=\"column\" data-settings=\"{&quot;background_background&quot;:&quot;classic&quot;,&quot;animation&quot;:&quot;fadeInRight&quot;,&quot;animation_delay&quot;:350}\">\n\t\t\t<div class=\"elementor-widget-wrap elementor-element-populated\">\n\t\t\t\t\t\t<div class=\"elementor-element elementor-element-c7a3c8a elementor-invisible elementor-widget elementor-widget-heading\" data-id=\"c7a3c8a\" data-element_type=\"widget\" data-e-type=\"widget\" data-settings=\"{&quot;_animation&quot;:&quot;fadeInUp&quot;,&quot;_animation_delay&quot;:400}\" data-widget_type=\"heading.default\">\n\t\t\t\t<div class=\"elementor-widget-container\">\n\t\t\t\t\t<h3 class=\"elementor-heading-title elementor-size-default\">Tag 11:<\/h3>\t\t\t\t<\/div>\n\t\t\t\t<\/div>\n\t\t\t\t<div class=\"elementor-element elementor-element-b2e5f14 elementor-invisible elementor-widget elementor-widget-heading\" data-id=\"b2e5f14\" data-element_type=\"widget\" data-e-type=\"widget\" data-settings=\"{&quot;_animation&quot;:&quot;fadeInUp&quot;,&quot;_animation_delay&quot;:500}\" data-widget_type=\"heading.default\">\n\t\t\t\t<div class=\"elementor-widget-container\">\n\t\t\t\t\t<h2 class=\"elementor-heading-title elementor-size-default\"> Parnaiba \u2013 Jericoacoara<\/h2>\t\t\t\t<\/div>\n\t\t\t\t<\/div>\n\t\t\t\t<div class=\"elementor-element elementor-element-b62e1b8 elementor-invisible elementor-widget elementor-widget-text-editor\" data-id=\"b62e1b8\" data-element_type=\"widget\" data-e-type=\"widget\" data-settings=\"{&quot;_animation&quot;:&quot;fadeInUp&quot;,&quot;_animation_delay&quot;:500}\" data-widget_type=\"text-editor.default\">\n\t\t\t\t<div class=\"elementor-widget-container\">\n\t\t\t\t\t\t\t\t\t<p>Am Morgen nach Ihrer Fr\u00fchst\u00fcckspause bringt Sie ein privates Auto in das kleine Dorf Camocim. Sobald Sie in Camocim sind, machen Sie eine private Tour durch den Strand in das kleine Dorf Jericoacoara.<\/p>\t\t\t\t\t\t\t\t<\/div>\n\t\t\t\t<\/div>\n\t\t\t\t\t<\/div>\n\t\t<\/div>\n\t\t\t\t\t<\/div>\n\t\t<\/section>\n\t\t\t\t<section class=\"elementor-section elementor-inner-section elementor-element elementor-element-76acef9 elementor-section-boxed elementor-section-height-default elementor-section-height-default\" data-id=\"76acef9\" data-element_type=\"section\" data-e-type=\"section\">\n\t\t\t\t\t\t<div class=\"elementor-container elementor-column-gap-default\">\n\t\t\t\t\t<div class=\"elementor-column elementor-col-50 elementor-inner-column elementor-element elementor-element-c08d3c7 elementor-invisible\" data-id=\"c08d3c7\" data-element_type=\"column\" data-e-type=\"column\" data-settings=\"{&quot;animation&quot;:&quot;fadeInLeft&quot;,&quot;animation_delay&quot;:300}\">\n\t\t\t<div class=\"elementor-widget-wrap elementor-element-populated\">\n\t\t\t\t\t\t<div class=\"elementor-element elementor-element-7979959 elementor-widget elementor-widget-image\" data-id=\"7979959\" data-element_type=\"widget\" data-e-type=\"widget\" data-widget_type=\"image.default\">\n\t\t\t\t<div class=\"elementor-widget-container\">\n\t\t\t\t\t\t\t\t\t\t\t\t\t\t\t<img loading=\"lazy\" decoding=\"async\" width=\"1080\" height=\"1350\" src=\"https:\/\/www.brazilecotour.com\/wp-content\/uploads\/2021\/02\/jericoacoara-plage.jpg\" class=\"attachment-full size-full wp-image-16041\" alt=\"jericoacoara plage\" srcset=\"https:\/\/www.brazilecotour.com\/wp-content\/uploads\/2021\/02\/jericoacoara-plage.jpg 1080w, https:\/\/www.brazilecotour.com\/wp-content\/uploads\/2021\/02\/jericoacoara-plage-240x300.jpg 240w, https:\/\/www.brazilecotour.com\/wp-content\/uploads\/2021\/02\/jericoacoara-plage-819x1024.jpg 819w, https:\/\/www.brazilecotour.com\/wp-content\/uploads\/2021\/02\/jericoacoara-plage-768x960.jpg 768w\" sizes=\"(max-width: 1080px) 100vw, 1080px\" \/>\t\t\t\t\t\t\t\t\t\t\t\t\t\t\t<\/div>\n\t\t\t\t<\/div>\n\t\t\t\t\t<\/div>\n\t\t<\/div>\n\t\t\t\t<div class=\"elementor-column elementor-col-50 elementor-inner-column elementor-element elementor-element-51d21fd elementor-invisible\" data-id=\"51d21fd\" data-element_type=\"column\" data-e-type=\"column\" data-settings=\"{&quot;background_background&quot;:&quot;classic&quot;,&quot;animation&quot;:&quot;fadeInRight&quot;,&quot;animation_delay&quot;:350}\">\n\t\t\t<div class=\"elementor-widget-wrap elementor-element-populated\">\n\t\t\t\t\t\t<div class=\"elementor-element elementor-element-fdd129a elementor-invisible elementor-widget elementor-widget-heading\" data-id=\"fdd129a\" data-element_type=\"widget\" data-e-type=\"widget\" data-settings=\"{&quot;_animation&quot;:&quot;fadeInUp&quot;,&quot;_animation_delay&quot;:400}\" data-widget_type=\"heading.default\">\n\t\t\t\t<div class=\"elementor-widget-container\">\n\t\t\t\t\t<h3 class=\"elementor-heading-title elementor-size-default\">Tag 12 &amp; Tag 13: <\/h3>\t\t\t\t<\/div>\n\t\t\t\t<\/div>\n\t\t\t\t<div class=\"elementor-element elementor-element-225b091 elementor-invisible elementor-widget elementor-widget-heading\" data-id=\"225b091\" data-element_type=\"widget\" data-e-type=\"widget\" data-settings=\"{&quot;_animation&quot;:&quot;fadeInUp&quot;,&quot;_animation_delay&quot;:500}\" data-widget_type=\"heading.default\">\n\t\t\t\t<div class=\"elementor-widget-container\">\n\t\t\t\t\t<h2 class=\"elementor-heading-title elementor-size-default\">Jericoacoara<\/h2>\t\t\t\t<\/div>\n\t\t\t\t<\/div>\n\t\t\t\t<div class=\"elementor-element elementor-element-f39cee5 elementor-invisible elementor-widget elementor-widget-text-editor\" data-id=\"f39cee5\" data-element_type=\"widget\" data-e-type=\"widget\" data-settings=\"{&quot;_animation&quot;:&quot;fadeInUp&quot;,&quot;_animation_delay&quot;:500}\" data-widget_type=\"text-editor.default\">\n\t\t\t\t<div class=\"elementor-widget-container\">\n\t\t\t\t\t\t\t\t\t<p>Freie Tage in Jericoacoara<\/p>\t\t\t\t\t\t\t\t<\/div>\n\t\t\t\t<\/div>\n\t\t\t\t\t<\/div>\n\t\t<\/div>\n\t\t\t\t\t<\/div>\n\t\t<\/section>\n\t\t\t\t<section class=\"elementor-section elementor-inner-section elementor-element elementor-element-cb193ce elementor-section-boxed elementor-section-height-default elementor-section-height-default\" data-id=\"cb193ce\" data-element_type=\"section\" data-e-type=\"section\">\n\t\t\t\t\t\t<div class=\"elementor-container elementor-column-gap-default\">\n\t\t\t\t\t<div class=\"elementor-column elementor-col-50 elementor-inner-column elementor-element elementor-element-4b705f0 elementor-invisible\" data-id=\"4b705f0\" data-element_type=\"column\" data-e-type=\"column\" data-settings=\"{&quot;animation&quot;:&quot;fadeInLeft&quot;,&quot;animation_delay&quot;:300}\">\n\t\t\t<div class=\"elementor-widget-wrap elementor-element-populated\">\n\t\t\t\t\t\t<div class=\"elementor-element elementor-element-d98638b elementor-widget elementor-widget-image\" data-id=\"d98638b\" data-element_type=\"widget\" data-e-type=\"widget\" data-widget_type=\"image.default\">\n\t\t\t\t<div class=\"elementor-widget-container\">\n\t\t\t\t\t\t\t\t\t\t\t\t\t\t\t<img loading=\"lazy\" decoding=\"async\" width=\"750\" height=\"496\" src=\"https:\/\/www.brazilecotour.com\/wp-content\/uploads\/2021\/02\/ceara-fortaleza-front-de-mer.jpg\" class=\"attachment-full size-full wp-image-14111\" alt=\"ceara fortaleza front de mer\" srcset=\"https:\/\/www.brazilecotour.com\/wp-content\/uploads\/2021\/02\/ceara-fortaleza-front-de-mer.jpg 750w, https:\/\/www.brazilecotour.com\/wp-content\/uploads\/2021\/02\/ceara-fortaleza-front-de-mer-300x198.jpg 300w\" sizes=\"(max-width: 750px) 100vw, 750px\" \/>\t\t\t\t\t\t\t\t\t\t\t\t\t\t\t<\/div>\n\t\t\t\t<\/div>\n\t\t\t\t\t<\/div>\n\t\t<\/div>\n\t\t\t\t<div class=\"elementor-column elementor-col-50 elementor-inner-column elementor-element elementor-element-d9df3a9 elementor-invisible\" data-id=\"d9df3a9\" data-element_type=\"column\" data-e-type=\"column\" data-settings=\"{&quot;background_background&quot;:&quot;classic&quot;,&quot;animation&quot;:&quot;fadeInRight&quot;,&quot;animation_delay&quot;:350}\">\n\t\t\t<div class=\"elementor-widget-wrap elementor-element-populated\">\n\t\t\t\t\t\t<div class=\"elementor-element elementor-element-d60ee5a elementor-invisible elementor-widget elementor-widget-heading\" data-id=\"d60ee5a\" data-element_type=\"widget\" data-e-type=\"widget\" data-settings=\"{&quot;_animation&quot;:&quot;fadeInUp&quot;,&quot;_animation_delay&quot;:400}\" data-widget_type=\"heading.default\">\n\t\t\t\t<div class=\"elementor-widget-container\">\n\t\t\t\t\t<h3 class=\"elementor-heading-title elementor-size-default\">Tag 14: <\/h3>\t\t\t\t<\/div>\n\t\t\t\t<\/div>\n\t\t\t\t<div class=\"elementor-element elementor-element-2fde4e4 elementor-invisible elementor-widget elementor-widget-heading\" data-id=\"2fde4e4\" data-element_type=\"widget\" data-e-type=\"widget\" data-settings=\"{&quot;_animation&quot;:&quot;fadeInUp&quot;,&quot;_animation_delay&quot;:500}\" data-widget_type=\"heading.default\">\n\t\t\t\t<div class=\"elementor-widget-container\">\n\t\t\t\t\t<h2 class=\"elementor-heading-title elementor-size-default\">Jericoacoara \u2013 Fortaleza \u2013 Rio de Janeiro<\/h2>\t\t\t\t<\/div>\n\t\t\t\t<\/div>\n\t\t\t\t<div class=\"elementor-element elementor-element-e5f5ac3 elementor-invisible elementor-widget elementor-widget-text-editor\" data-id=\"e5f5ac3\" data-element_type=\"widget\" data-e-type=\"widget\" data-settings=\"{&quot;_animation&quot;:&quot;fadeInUp&quot;,&quot;_animation_delay&quot;:500}\" data-widget_type=\"text-editor.default\">\n\t\t\t\t<div class=\"elementor-widget-container\">\n\t\t\t\t\t\t\t\t\t<p>Zur festgelegten Zeit wartet ein privater Transfer 2 Stunden vor dem Start Ihres Fluges auf einen Transfer zum Flughafen Fortaleza.<br \/>Bei Ihrer Ankunft in Rio de Janeiroa wartet ein privates Auto auf Sie, um Sie zu Ihrem Hotel zu fahren<br \/>Nacht im Hotel.<\/p>\t\t\t\t\t\t\t\t<\/div>\n\t\t\t\t<\/div>\n\t\t\t\t\t<\/div>\n\t\t<\/div>\n\t\t\t\t\t<\/div>\n\t\t<\/section>\n\t\t\t\t<section class=\"elementor-section elementor-inner-section elementor-element elementor-element-0305f84 elementor-section-boxed elementor-section-height-default elementor-section-height-default\" data-id=\"0305f84\" data-element_type=\"section\" data-e-type=\"section\">\n\t\t\t\t\t\t<div class=\"elementor-container elementor-column-gap-default\">\n\t\t\t\t\t<div class=\"elementor-column elementor-col-50 elementor-inner-column elementor-element elementor-element-27e907c elementor-invisible\" data-id=\"27e907c\" data-element_type=\"column\" data-e-type=\"column\" data-settings=\"{&quot;animation&quot;:&quot;fadeInLeft&quot;,&quot;animation_delay&quot;:300}\">\n\t\t\t<div class=\"elementor-widget-wrap elementor-element-populated\">\n\t\t\t\t\t\t<div class=\"elementor-element elementor-element-58b45ef elementor-widget elementor-widget-image\" data-id=\"58b45ef\" data-element_type=\"widget\" data-e-type=\"widget\" data-widget_type=\"image.default\">\n\t\t\t\t<div class=\"elementor-widget-container\">\n\t\t\t\t\t\t\t\t\t\t\t\t\t\t\t<img loading=\"lazy\" decoding=\"async\" width=\"1080\" height=\"1350\" src=\"https:\/\/www.brazilecotour.com\/wp-content\/uploads\/2021\/02\/Campo-Grande-air-port.jpg\" class=\"attachment-full size-full wp-image-17548\" alt=\"Campo Grande airport\" srcset=\"https:\/\/www.brazilecotour.com\/wp-content\/uploads\/2021\/02\/Campo-Grande-air-port.jpg 1080w, https:\/\/www.brazilecotour.com\/wp-content\/uploads\/2021\/02\/Campo-Grande-air-port-240x300.jpg 240w, https:\/\/www.brazilecotour.com\/wp-content\/uploads\/2021\/02\/Campo-Grande-air-port-819x1024.jpg 819w, https:\/\/www.brazilecotour.com\/wp-content\/uploads\/2021\/02\/Campo-Grande-air-port-768x960.jpg 768w\" sizes=\"(max-width: 1080px) 100vw, 1080px\" \/>\t\t\t\t\t\t\t\t\t\t\t\t\t\t\t<\/div>\n\t\t\t\t<\/div>\n\t\t\t\t\t<\/div>\n\t\t<\/div>\n\t\t\t\t<div class=\"elementor-column elementor-col-50 elementor-inner-column elementor-element elementor-element-3c06668 elementor-invisible\" data-id=\"3c06668\" data-element_type=\"column\" data-e-type=\"column\" data-settings=\"{&quot;background_background&quot;:&quot;classic&quot;,&quot;animation&quot;:&quot;fadeInRight&quot;,&quot;animation_delay&quot;:350}\">\n\t\t\t<div class=\"elementor-widget-wrap elementor-element-populated\">\n\t\t\t\t\t\t<div class=\"elementor-element elementor-element-9e917ff elementor-invisible elementor-widget elementor-widget-heading\" data-id=\"9e917ff\" data-element_type=\"widget\" data-e-type=\"widget\" data-settings=\"{&quot;_animation&quot;:&quot;fadeInUp&quot;,&quot;_animation_delay&quot;:400}\" data-widget_type=\"heading.default\">\n\t\t\t\t<div class=\"elementor-widget-container\">\n\t\t\t\t\t<h3 class=\"elementor-heading-title elementor-size-default\">Tag 15: <\/h3>\t\t\t\t<\/div>\n\t\t\t\t<\/div>\n\t\t\t\t<div class=\"elementor-element elementor-element-6180d58 elementor-invisible elementor-widget elementor-widget-heading\" data-id=\"6180d58\" data-element_type=\"widget\" data-e-type=\"widget\" data-settings=\"{&quot;_animation&quot;:&quot;fadeInUp&quot;,&quot;_animation_delay&quot;:500}\" data-widget_type=\"heading.default\">\n\t\t\t\t<div class=\"elementor-widget-container\">\n\t\t\t\t\t<h2 class=\"elementor-heading-title elementor-size-default\">Tag 15: Rio de Janeiro \u2013 Aus<\/h2>\t\t\t\t<\/div>\n\t\t\t\t<\/div>\n\t\t\t\t<div class=\"elementor-element elementor-element-282d5fa elementor-invisible elementor-widget elementor-widget-text-editor\" data-id=\"282d5fa\" data-element_type=\"widget\" data-e-type=\"widget\" data-settings=\"{&quot;_animation&quot;:&quot;fadeInUp&quot;,&quot;_animation_delay&quot;:500}\" data-widget_type=\"text-editor.default\">\n\t\t\t\t<div class=\"elementor-widget-container\">\n\t\t\t\t\t\t\t\t\t<p>Zur festgelegten Zeit wartet 2 Stunden vor dem Start Ihres Fluges ein privater Transfer auf einen Transfer zum Flughafen von Rio de Janeiro.<\/p>\t\t\t\t\t\t\t\t<\/div>\n\t\t\t\t<\/div>\n\t\t\t\t\t<\/div>\n\t\t<\/div>\n\t\t\t\t\t<\/div>\n\t\t<\/section>\n\t\t\t\t\t<\/div>\n\t\t<\/div>\n\t\t\t\t\t<\/div>\n\t\t<\/section>\n\t\t\t\t<section class=\"elementor-section elementor-top-section elementor-element elementor-element-1165fe09 elementor-section-height-min-height elementor-section-items-stretch elementor-section-boxed elementor-section-height-default elementor-invisible\" data-id=\"1165fe09\" data-element_type=\"section\" data-e-type=\"section\" data-settings=\"{&quot;background_background&quot;:&quot;classic&quot;,&quot;animation&quot;:&quot;fadeIn&quot;}\">\n\t\t\t\t\t\t\t<div class=\"elementor-background-overlay\"><\/div>\n\t\t\t\t\t\t\t<div class=\"elementor-container elementor-column-gap-default\">\n\t\t\t\t\t<div class=\"elementor-column elementor-col-100 elementor-top-column elementor-element elementor-element-564cb587\" data-id=\"564cb587\" data-element_type=\"column\" data-e-type=\"column\">\n\t\t\t<div class=\"elementor-widget-wrap elementor-element-populated\">\n\t\t\t\t\t\t<div class=\"elementor-element elementor-element-51156636 elementor-invisible elementor-widget elementor-widget-heading\" data-id=\"51156636\" data-element_type=\"widget\" data-e-type=\"widget\" data-settings=\"{&quot;_animation&quot;:&quot;fadeInUp&quot;,&quot;_animation_delay&quot;:400}\" data-widget_type=\"heading.default\">\n\t\t\t\t<div class=\"elementor-widget-container\">\n\t\t\t\t\t<h1 class=\"elementor-heading-title elementor-size-default\">Fordern Sie Ihr kostenloses Angebot an<\/h1>\t\t\t\t<\/div>\n\t\t\t\t<\/div>\n\t\t\t\t<div class=\"elementor-element elementor-element-5e898ac elementor-widget elementor-widget-shortcode\" data-id=\"5e898ac\" data-element_type=\"widget\" data-e-type=\"widget\" data-widget_type=\"shortcode.default\">\n\t\t\t\t<div class=\"elementor-widget-container\">\n\t\t\t\t\t\t\t<div class=\"elementor-shortcode\"> \n<div class=\"wpcf7 no-js\" id=\"wpcf7-f25230-o1\" lang=\"fr-FR\" dir=\"ltr\" data-wpcf7-id=\"25230\">\n<div class=\"screen-reader-response\"><p role=\"status\" aria-live=\"polite\" aria-atomic=\"true\"><\/p> <ul><\/ul><\/div>\n<form action=\"\/de\/wp-json\/wp\/v2\/pages\/9611#wpcf7-f25230-o1\" method=\"post\" class=\"wpcf7-form init\" aria-label=\"Formulaire de contact\" novalidate=\"novalidate\" data-status=\"init\">\n<fieldset class=\"hidden-fields-container\"><input type=\"hidden\" name=\"_wpcf7\" value=\"25230\" \/><input type=\"hidden\" name=\"_wpcf7_version\" value=\"6.1.5\" \/><input type=\"hidden\" name=\"_wpcf7_locale\" value=\"fr_FR\" \/><input type=\"hidden\" name=\"_wpcf7_unit_tag\" value=\"wpcf7-f25230-o1\" \/><input type=\"hidden\" name=\"_wpcf7_container_post\" value=\"0\" \/><input type=\"hidden\" name=\"_wpcf7_posted_data_hash\" value=\"\" \/>\n<\/fieldset>\n<p><label><span style=\"background-color: #ffffff;\"> Your Name<\/span> <span class=\"wpcf7-form-control-wrap\" data-name=\"your-name\"><input size=\"40\" maxlength=\"400\" class=\"wpcf7-form-control wpcf7-text wpcf7-validates-as-required\" autocomplete=\"name\" aria-required=\"true\" aria-invalid=\"false\" value=\"\" type=\"text\" name=\"your-name\" \/><\/span> <\/label><label><span style=\"background-color: #ffffff;\"> Your Email<\/span> <span class=\"wpcf7-form-control-wrap\" data-name=\"your-email\"><input size=\"40\" maxlength=\"400\" class=\"wpcf7-form-control wpcf7-email wpcf7-validates-as-required wpcf7-text wpcf7-validates-as-email\" autocomplete=\"email\" aria-required=\"true\" aria-invalid=\"false\" value=\"\" type=\"email\" name=\"your-email\" \/><\/span> <\/label><label><span style=\"background-color: #ffffff;\"> Phone<\/span> <span class=\"wpcf7-form-control-wrap\" data-name=\"your-subject\"><input size=\"40\" maxlength=\"400\" class=\"wpcf7-form-control wpcf7-text wpcf7-validates-as-required\" aria-required=\"true\" aria-invalid=\"false\" value=\"\" type=\"text\" name=\"your-subject\" \/><\/span> <\/label><label><span style=\"background-color: #ffffff;\"> Your Message&nbsp;<\/span> <span class=\"wpcf7-form-control-wrap\" data-name=\"your-message\"><textarea cols=\"40\" rows=\"10\" maxlength=\"2000\" class=\"wpcf7-form-control wpcf7-textarea\" aria-invalid=\"false\" name=\"your-message\"><\/textarea><\/span> <\/label><input class=\"wpcf7-form-control wpcf7-submit has-spinner\" type=\"submit\" value=\"Envoyer\" \/>\n<\/p><div class=\"wpcf7-response-output\" aria-hidden=\"true\"><\/div>\n<\/form>\n<\/div>\n<\/div>\n\t\t\t\t\t\t<\/div>\n\t\t\t\t<\/div>\n\t\t\t\t\t<\/div>\n\t\t<\/div>\n\t\t\t\t\t<\/div>\n\t\t<\/section>\n\t\t\t\t<\/div>\n\t\t","protected":false},"excerpt":{"rendered":"<p>Familienausflug Nach Brasilien\u200b Rio de Janeiro Iguazu Falls Len\u00e7ois Maranhenses Rio De Janeiro Die Stadt der Engel Die drittgr\u00f6\u00dfte Metropolregion S\u00fcdamerikas. Und eine der meistbesuchten St\u00e4dte der s\u00fcdlichen Hemisph\u00e4re. Rio de Janeiro, allgemein nur als Rio bezeichnet. Befindet sich an einem Streifen der brasilianischen Atlantikk\u00fcste. Es ist das Muss auf Brasilien-Touren. brazil Ecotour Ihr Reiseb\u00fcro [&hellip;]<\/p>\n","protected":false},"author":2,"featured_media":0,"parent":0,"menu_order":0,"comment_status":"closed","ping_status":"closed","template":"elementor_canvas","meta":{"_coblocks_attr":"","_coblocks_dimensions":"","_coblocks_responsive_height":"","_coblocks_accordion_ie_support":"","hide_page_title":"","footnotes":""},"class_list":["post-9611","page","type-page","status-publish","hentry"],"yoast_head":"<!-- This site is optimized with the Yoast SEO Premium plugin v25.9 (Yoast SEO v27.4) - https:\/\/yoast.com\/product\/yoast-seo-premium-wordpress\/ -->\n<title>Familienreise Brasilien | Urlaub mit Kindern | Urlaub in Brasilien<\/title>\n<meta name=\"description\" content=\"Sie m\u00f6chten mit der ganzen Familie einen Familien Urlaub in Brasilien verbringen? Hier k\u00f6nnen Sie sich \u00fcber das Angebot von Brazil Ecotour informieren.\" \/>\n<meta name=\"robots\" content=\"index, follow, max-snippet:-1, max-image-preview:large, max-video-preview:-1\" \/>\n<link rel=\"canonical\" href=\"https:\/\/www.brazilecotour.com\/de\/familienurlaub-in-brasilien\/\" \/>\n<meta property=\"og:locale\" content=\"de_DE\" \/>\n<meta property=\"og:type\" content=\"article\" \/>\n<meta property=\"og:title\" content=\"Familienurlaub in Brasilien\" \/>\n<meta property=\"og:description\" content=\"Sie m\u00f6chten mit der ganzen Familie einen Familien Urlaub in Brasilien verbringen? Hier k\u00f6nnen Sie sich \u00fcber das Angebot von Brazil Ecotour informieren.\" \/>\n<meta property=\"og:url\" content=\"https:\/\/www.brazilecotour.com\/de\/familienurlaub-in-brasilien\/\" \/>\n<meta property=\"og:site_name\" content=\"Brazil Ecotour | DMC &amp; Travel agency in Brazil\" \/>\n<meta property=\"article:publisher\" content=\"https:\/\/www.facebook.com\/brazilecotour\/\" \/>\n<meta property=\"article:modified_time\" content=\"2024-03-23T19:27:40+00:00\" \/>\n<meta property=\"og:image\" content=\"https:\/\/www.brazilecotour.com\/wp-content\/uploads\/elementor\/thumbs\/Rio-de-Janeiro-Paraty-Ilha-Grande-tour-oaanslv6zd9inwglpenhck2lzph26mcozs0tdu86l8.jpg\" \/>\n<meta name=\"twitter:card\" content=\"summary_large_image\" \/>\n<meta name=\"twitter:site\" content=\"@brazilecotour01\" \/>\n<meta name=\"twitter:label1\" content=\"Gesch\u00e4tzte Lesezeit\" \/>\n\t<meta name=\"twitter:data1\" content=\"6\u00a0Minuten\" \/>\n<script type=\"application\/ld+json\" class=\"yoast-schema-graph\">{\"@context\":\"https:\\\/\\\/schema.org\",\"@graph\":[{\"@type\":\"WebPage\",\"@id\":\"https:\\\/\\\/www.brazilecotour.com\\\/de\\\/familienurlaub-in-brasilien\\\/\",\"url\":\"https:\\\/\\\/www.brazilecotour.com\\\/de\\\/familienurlaub-in-brasilien\\\/\",\"name\":\"Familienreise Brasilien | Urlaub mit Kindern | Urlaub in Brasilien\",\"isPartOf\":{\"@id\":\"https:\\\/\\\/www.brazilecotour.com\\\/de\\\/#website\"},\"primaryImageOfPage\":{\"@id\":\"https:\\\/\\\/www.brazilecotour.com\\\/de\\\/familienurlaub-in-brasilien\\\/#primaryimage\"},\"image\":{\"@id\":\"https:\\\/\\\/www.brazilecotour.com\\\/de\\\/familienurlaub-in-brasilien\\\/#primaryimage\"},\"thumbnailUrl\":\"https:\\\/\\\/www.brazilecotour.com\\\/wp-content\\\/uploads\\\/elementor\\\/thumbs\\\/Rio-de-Janeiro-Paraty-Ilha-Grande-tour-p6ctytgb8378zuhe0vct42je8b1yhzbnx4spo7g57g.jpg\",\"datePublished\":\"2020-03-28T22:44:23+00:00\",\"dateModified\":\"2024-03-23T19:27:40+00:00\",\"description\":\"Sie m\u00f6chten mit der ganzen Familie einen Familien Urlaub in Brasilien verbringen? Hier k\u00f6nnen Sie sich \u00fcber das Angebot von Brazil Ecotour informieren.\",\"breadcrumb\":{\"@id\":\"https:\\\/\\\/www.brazilecotour.com\\\/de\\\/familienurlaub-in-brasilien\\\/#breadcrumb\"},\"inLanguage\":\"de\",\"potentialAction\":[{\"@type\":\"ReadAction\",\"target\":[\"https:\\\/\\\/www.brazilecotour.com\\\/de\\\/familienurlaub-in-brasilien\\\/\"]}]},{\"@type\":\"ImageObject\",\"inLanguage\":\"de\",\"@id\":\"https:\\\/\\\/www.brazilecotour.com\\\/de\\\/familienurlaub-in-brasilien\\\/#primaryimage\",\"url\":\"https:\\\/\\\/www.brazilecotour.com\\\/wp-content\\\/uploads\\\/elementor\\\/thumbs\\\/Rio-de-Janeiro-Paraty-Ilha-Grande-tour-p6ctytgb8378zuhe0vct42je8b1yhzbnx4spo7g57g.jpg\",\"contentUrl\":\"https:\\\/\\\/www.brazilecotour.com\\\/wp-content\\\/uploads\\\/elementor\\\/thumbs\\\/Rio-de-Janeiro-Paraty-Ilha-Grande-tour-p6ctytgb8378zuhe0vct42je8b1yhzbnx4spo7g57g.jpg\"},{\"@type\":\"BreadcrumbList\",\"@id\":\"https:\\\/\\\/www.brazilecotour.com\\\/de\\\/familienurlaub-in-brasilien\\\/#breadcrumb\",\"itemListElement\":[{\"@type\":\"ListItem\",\"position\":1,\"name\":\"Accueil\",\"item\":\"https:\\\/\\\/www.brazilecotour.com\\\/de\\\/\"},{\"@type\":\"ListItem\",\"position\":2,\"name\":\"Familienurlaub in Brasilien\"}]},{\"@type\":\"WebSite\",\"@id\":\"https:\\\/\\\/www.brazilecotour.com\\\/de\\\/#website\",\"url\":\"https:\\\/\\\/www.brazilecotour.com\\\/de\\\/\",\"name\":\"Brazil Ecotour | DMC and Travel Agency in Brazil\",\"description\":\"Beyond Travel, Real Experiences\",\"publisher\":{\"@id\":\"https:\\\/\\\/www.brazilecotour.com\\\/de\\\/#organization\"},\"potentialAction\":[{\"@type\":\"SearchAction\",\"target\":{\"@type\":\"EntryPoint\",\"urlTemplate\":\"https:\\\/\\\/www.brazilecotour.com\\\/de\\\/?s={search_term_string}\"},\"query-input\":{\"@type\":\"PropertyValueSpecification\",\"valueRequired\":true,\"valueName\":\"search_term_string\"}}],\"inLanguage\":\"de\"},{\"@type\":\"Organization\",\"@id\":\"https:\\\/\\\/www.brazilecotour.com\\\/de\\\/#organization\",\"name\":\"Brazil Ecotour | DMC & Travel agency in Brazil\",\"url\":\"https:\\\/\\\/www.brazilecotour.com\\\/de\\\/\",\"logo\":{\"@type\":\"ImageObject\",\"inLanguage\":\"de\",\"@id\":\"https:\\\/\\\/www.brazilecotour.com\\\/de\\\/#\\\/schema\\\/logo\\\/image\\\/\",\"url\":\"https:\\\/\\\/www.brazilecotour.com\\\/wp-content\\\/uploads\\\/2017\\\/06\\\/brazilecotour_logo.png\",\"contentUrl\":\"https:\\\/\\\/www.brazilecotour.com\\\/wp-content\\\/uploads\\\/2017\\\/06\\\/brazilecotour_logo.png\",\"width\":350,\"height\":100,\"caption\":\"Brazil Ecotour | DMC & Travel agency in Brazil\"},\"image\":{\"@id\":\"https:\\\/\\\/www.brazilecotour.com\\\/de\\\/#\\\/schema\\\/logo\\\/image\\\/\"},\"sameAs\":[\"https:\\\/\\\/www.facebook.com\\\/brazilecotour\\\/\",\"https:\\\/\\\/x.com\\\/brazilecotour01\",\"https:\\\/\\\/www.instagram.com\\\/brazilecotour\\\/\",\"https:\\\/\\\/www.linkedin.com\\\/company\\\/brazilecotour\",\"https:\\\/\\\/www.pinterest.com\\\/brazilecotour\\\/\",\"https:\\\/\\\/www.youtube.com\\\/channel\\\/UCbaIa7Xo7DuwNz0z3H1zDnA\"]}]}<\/script>\n<!-- \/ Yoast SEO Premium plugin. -->","yoast_head_json":{"title":"Familienreise Brasilien | Urlaub mit Kindern | Urlaub in Brasilien","description":"Sie m\u00f6chten mit der ganzen Familie einen Familien Urlaub in Brasilien verbringen? Hier k\u00f6nnen Sie sich \u00fcber das Angebot von Brazil Ecotour informieren.","robots":{"index":"index","follow":"follow","max-snippet":"max-snippet:-1","max-image-preview":"max-image-preview:large","max-video-preview":"max-video-preview:-1"},"canonical":"https:\/\/www.brazilecotour.com\/de\/familienurlaub-in-brasilien\/","og_locale":"de_DE","og_type":"article","og_title":"Familienurlaub in Brasilien","og_description":"Sie m\u00f6chten mit der ganzen Familie einen Familien Urlaub in Brasilien verbringen? Hier k\u00f6nnen Sie sich \u00fcber das Angebot von Brazil Ecotour informieren.","og_url":"https:\/\/www.brazilecotour.com\/de\/familienurlaub-in-brasilien\/","og_site_name":"Brazil Ecotour | DMC &amp; Travel agency in Brazil","article_publisher":"https:\/\/www.facebook.com\/brazilecotour\/","article_modified_time":"2024-03-23T19:27:40+00:00","og_image":[{"url":"https:\/\/www.brazilecotour.com\/wp-content\/uploads\/elementor\/thumbs\/Rio-de-Janeiro-Paraty-Ilha-Grande-tour-oaanslv6zd9inwglpenhck2lzph26mcozs0tdu86l8.jpg","type":"","width":"","height":""}],"twitter_card":"summary_large_image","twitter_site":"@brazilecotour01","twitter_misc":{"Gesch\u00e4tzte Lesezeit":"6\u00a0Minuten"},"schema":{"@context":"https:\/\/schema.org","@graph":[{"@type":"WebPage","@id":"https:\/\/www.brazilecotour.com\/de\/familienurlaub-in-brasilien\/","url":"https:\/\/www.brazilecotour.com\/de\/familienurlaub-in-brasilien\/","name":"Familienreise Brasilien | Urlaub mit Kindern | Urlaub in Brasilien","isPartOf":{"@id":"https:\/\/www.brazilecotour.com\/de\/#website"},"primaryImageOfPage":{"@id":"https:\/\/www.brazilecotour.com\/de\/familienurlaub-in-brasilien\/#primaryimage"},"image":{"@id":"https:\/\/www.brazilecotour.com\/de\/familienurlaub-in-brasilien\/#primaryimage"},"thumbnailUrl":"https:\/\/www.brazilecotour.com\/wp-content\/uploads\/elementor\/thumbs\/Rio-de-Janeiro-Paraty-Ilha-Grande-tour-p6ctytgb8378zuhe0vct42je8b1yhzbnx4spo7g57g.jpg","datePublished":"2020-03-28T22:44:23+00:00","dateModified":"2024-03-23T19:27:40+00:00","description":"Sie m\u00f6chten mit der ganzen Familie einen Familien Urlaub in Brasilien verbringen? Hier k\u00f6nnen Sie sich \u00fcber das Angebot von Brazil Ecotour informieren.","breadcrumb":{"@id":"https:\/\/www.brazilecotour.com\/de\/familienurlaub-in-brasilien\/#breadcrumb"},"inLanguage":"de","potentialAction":[{"@type":"ReadAction","target":["https:\/\/www.brazilecotour.com\/de\/familienurlaub-in-brasilien\/"]}]},{"@type":"ImageObject","inLanguage":"de","@id":"https:\/\/www.brazilecotour.com\/de\/familienurlaub-in-brasilien\/#primaryimage","url":"https:\/\/www.brazilecotour.com\/wp-content\/uploads\/elementor\/thumbs\/Rio-de-Janeiro-Paraty-Ilha-Grande-tour-p6ctytgb8378zuhe0vct42je8b1yhzbnx4spo7g57g.jpg","contentUrl":"https:\/\/www.brazilecotour.com\/wp-content\/uploads\/elementor\/thumbs\/Rio-de-Janeiro-Paraty-Ilha-Grande-tour-p6ctytgb8378zuhe0vct42je8b1yhzbnx4spo7g57g.jpg"},{"@type":"BreadcrumbList","@id":"https:\/\/www.brazilecotour.com\/de\/familienurlaub-in-brasilien\/#breadcrumb","itemListElement":[{"@type":"ListItem","position":1,"name":"Accueil","item":"https:\/\/www.brazilecotour.com\/de\/"},{"@type":"ListItem","position":2,"name":"Familienurlaub in Brasilien"}]},{"@type":"WebSite","@id":"https:\/\/www.brazilecotour.com\/de\/#website","url":"https:\/\/www.brazilecotour.com\/de\/","name":"Brazil Ecotour | DMC and Travel Agency in Brazil","description":"Beyond Travel, Real Experiences","publisher":{"@id":"https:\/\/www.brazilecotour.com\/de\/#organization"},"potentialAction":[{"@type":"SearchAction","target":{"@type":"EntryPoint","urlTemplate":"https:\/\/www.brazilecotour.com\/de\/?s={search_term_string}"},"query-input":{"@type":"PropertyValueSpecification","valueRequired":true,"valueName":"search_term_string"}}],"inLanguage":"de"},{"@type":"Organization","@id":"https:\/\/www.brazilecotour.com\/de\/#organization","name":"Brazil Ecotour | DMC & Travel agency in Brazil","url":"https:\/\/www.brazilecotour.com\/de\/","logo":{"@type":"ImageObject","inLanguage":"de","@id":"https:\/\/www.brazilecotour.com\/de\/#\/schema\/logo\/image\/","url":"https:\/\/www.brazilecotour.com\/wp-content\/uploads\/2017\/06\/brazilecotour_logo.png","contentUrl":"https:\/\/www.brazilecotour.com\/wp-content\/uploads\/2017\/06\/brazilecotour_logo.png","width":350,"height":100,"caption":"Brazil Ecotour | DMC & Travel agency in Brazil"},"image":{"@id":"https:\/\/www.brazilecotour.com\/de\/#\/schema\/logo\/image\/"},"sameAs":["https:\/\/www.facebook.com\/brazilecotour\/","https:\/\/x.com\/brazilecotour01","https:\/\/www.instagram.com\/brazilecotour\/","https:\/\/www.linkedin.com\/company\/brazilecotour","https:\/\/www.pinterest.com\/brazilecotour\/","https:\/\/www.youtube.com\/channel\/UCbaIa7Xo7DuwNz0z3H1zDnA"]}]}},"_links":{"self":[{"href":"https:\/\/www.brazilecotour.com\/de\/wp-json\/wp\/v2\/pages\/9611","targetHints":{"allow":["GET"]}}],"collection":[{"href":"https:\/\/www.brazilecotour.com\/de\/wp-json\/wp\/v2\/pages"}],"about":[{"href":"https:\/\/www.brazilecotour.com\/de\/wp-json\/wp\/v2\/types\/page"}],"author":[{"embeddable":true,"href":"https:\/\/www.brazilecotour.com\/de\/wp-json\/wp\/v2\/users\/2"}],"replies":[{"embeddable":true,"href":"https:\/\/www.brazilecotour.com\/de\/wp-json\/wp\/v2\/comments?post=9611"}],"version-history":[{"count":3,"href":"https:\/\/www.brazilecotour.com\/de\/wp-json\/wp\/v2\/pages\/9611\/revisions"}],"predecessor-version":[{"id":25553,"href":"https:\/\/www.brazilecotour.com\/de\/wp-json\/wp\/v2\/pages\/9611\/revisions\/25553"}],"wp:attachment":[{"href":"https:\/\/www.brazilecotour.com\/de\/wp-json\/wp\/v2\/media?parent=9611"}],"curies":[{"name":"wp","href":"https:\/\/api.w.org\/{rel}","templated":true}]}}