{"id":9700,"date":"2020-03-29T07:08:14","date_gmt":"2020-03-29T05:08:14","guid":{"rendered":"https:\/\/www.brazilecotour.com\/?page_id=9700"},"modified":"2024-03-23T20:24:34","modified_gmt":"2024-03-23T19:24:34","slug":"karneval-in-rio-de-janeiro","status":"publish","type":"page","link":"https:\/\/www.brazilecotour.com\/de\/karneval-in-rio-de-janeiro\/","title":{"rendered":"Karneval in Rio de Janeiro"},"content":{"rendered":"\t\t<div data-elementor-type=\"wp-page\" data-elementor-id=\"9700\" class=\"elementor elementor-9700\">\n\t\t\t\t\t\t<section class=\"elementor-section elementor-top-section elementor-element elementor-element-5dbc5237 elementor-section-height-min-height elementor-section-boxed elementor-section-height-default elementor-section-items-middle elementor-invisible\" data-id=\"5dbc5237\" data-element_type=\"section\" data-e-type=\"section\" data-settings=\"{&quot;background_background&quot;:&quot;classic&quot;,&quot;animation&quot;:&quot;fadeIn&quot;}\">\n\t\t\t\t\t\t\t<div class=\"elementor-background-overlay\"><\/div>\n\t\t\t\t\t\t\t<div class=\"elementor-container elementor-column-gap-default\">\n\t\t\t\t\t<div class=\"elementor-column elementor-col-100 elementor-top-column elementor-element elementor-element-705b14c\" data-id=\"705b14c\" data-element_type=\"column\" data-e-type=\"column\">\n\t\t\t<div class=\"elementor-widget-wrap elementor-element-populated\">\n\t\t\t\t\t\t<section class=\"elementor-section elementor-inner-section elementor-element elementor-element-423e48ec elementor-section-boxed elementor-section-height-default elementor-section-height-default\" data-id=\"423e48ec\" data-element_type=\"section\" data-e-type=\"section\">\n\t\t\t\t\t\t<div class=\"elementor-container elementor-column-gap-default\">\n\t\t\t\t\t<div class=\"elementor-column elementor-col-100 elementor-inner-column elementor-element elementor-element-2b11ecd9\" data-id=\"2b11ecd9\" data-element_type=\"column\" data-e-type=\"column\">\n\t\t\t<div class=\"elementor-widget-wrap elementor-element-populated\">\n\t\t\t\t\t\t<div class=\"elementor-element elementor-element-44d5f7ca elementor-invisible elementor-widget elementor-widget-heading\" data-id=\"44d5f7ca\" data-element_type=\"widget\" data-e-type=\"widget\" data-settings=\"{&quot;_animation&quot;:&quot;fadeInUp&quot;,&quot;_animation_delay&quot;:400}\" data-widget_type=\"heading.default\">\n\t\t\t\t<div class=\"elementor-widget-container\">\n\t\t\t\t\t<h1 class=\"elementor-heading-title elementor-size-default\">Brasilien Karneval Rio de Janeiro<\/h1>\t\t\t\t<\/div>\n\t\t\t\t<\/div>\n\t\t\t\t\t<\/div>\n\t\t<\/div>\n\t\t\t\t\t<\/div>\n\t\t<\/section>\n\t\t\t\t\t<\/div>\n\t\t<\/div>\n\t\t\t\t\t<\/div>\n\t\t<\/section>\n\t\t\t\t<section class=\"elementor-section elementor-top-section elementor-element elementor-element-78c6ad5a elementor-section-boxed elementor-section-height-default elementor-section-height-default\" data-id=\"78c6ad5a\" data-element_type=\"section\" data-e-type=\"section\" data-settings=\"{&quot;background_background&quot;:&quot;classic&quot;}\">\n\t\t\t\t\t\t<div class=\"elementor-container elementor-column-gap-default\">\n\t\t\t\t\t<div class=\"elementor-column elementor-col-33 elementor-top-column elementor-element elementor-element-393fd1eb\" data-id=\"393fd1eb\" data-element_type=\"column\" data-e-type=\"column\">\n\t\t\t<div class=\"elementor-widget-wrap elementor-element-populated\">\n\t\t\t\t\t\t<div class=\"elementor-element elementor-element-4bcf3f72 elementor-invisible elementor-widget elementor-widget-image\" data-id=\"4bcf3f72\" data-element_type=\"widget\" data-e-type=\"widget\" data-settings=\"{&quot;_animation&quot;:&quot;fadeInUp&quot;,&quot;_animation_delay&quot;:300}\" data-widget_type=\"image.default\">\n\t\t\t\t<div class=\"elementor-widget-container\">\n\t\t\t\t\t\t\t\t\t\t\t\t\t\t\t\t<a href=\"https:\/\/www.brazilecotour.com\/wp-content\/uploads\/2020\/04\/Rio-de-janeiro-brazil.png\" data-elementor-open-lightbox=\"yes\" data-elementor-lightbox-title=\"Rio de janeiro brazil\" data-elementor-lightbox-description=\"Rio de janeiro brazil\" data-e-action-hash=\"#elementor-action%3Aaction%3Dlightbox%26settings%3DeyJpZCI6OTg3NSwidXJsIjoiaHR0cHM6XC9cL3d3dy5icmF6aWxlY290b3VyLmNvbVwvd3AtY29udGVudFwvdXBsb2Fkc1wvMjAyMFwvMDRcL1Jpby1kZS1qYW5laXJvLWJyYXppbC5wbmcifQ%3D%3D\">\n\t\t\t\t\t\t\t<img decoding=\"async\" src=\"https:\/\/www.brazilecotour.com\/wp-content\/uploads\/elementor\/thumbs\/Rio-de-janeiro-brazil-p6cvb2i21x94z8e89q7d3w780d89mmvmjye0jjwlss.png\" title=\"Rio de janeiro brazil\" alt=\"Rio de janeiro brazil\" class=\"elementor-animation-shrink\" loading=\"lazy\" \/>\t\t\t\t\t\t\t\t<\/a>\n\t\t\t\t\t\t\t\t\t\t\t\t\t\t\t<\/div>\n\t\t\t\t<\/div>\n\t\t\t\t<div class=\"elementor-element elementor-element-6cb33494 elementor-invisible elementor-widget elementor-widget-heading\" data-id=\"6cb33494\" data-element_type=\"widget\" data-e-type=\"widget\" data-settings=\"{&quot;_animation&quot;:&quot;fadeInUp&quot;,&quot;_animation_delay&quot;:500}\" data-widget_type=\"heading.default\">\n\t\t\t\t<div class=\"elementor-widget-container\">\n\t\t\t\t\t<h2 class=\"elementor-heading-title elementor-size-default\"><a href=\"#\">Corcovado City tour <\/a><\/h2>\t\t\t\t<\/div>\n\t\t\t\t<\/div>\n\t\t\t\t\t<\/div>\n\t\t<\/div>\n\t\t\t\t<div class=\"elementor-column elementor-col-33 elementor-top-column elementor-element elementor-element-261bff68\" data-id=\"261bff68\" data-element_type=\"column\" data-e-type=\"column\">\n\t\t\t<div class=\"elementor-widget-wrap elementor-element-populated\">\n\t\t\t\t\t\t<div class=\"elementor-element elementor-element-3452de1e elementor-invisible elementor-widget elementor-widget-image\" data-id=\"3452de1e\" data-element_type=\"widget\" data-e-type=\"widget\" data-settings=\"{&quot;_animation&quot;:&quot;fadeInUp&quot;,&quot;_animation_delay&quot;:400}\" data-widget_type=\"image.default\">\n\t\t\t\t<div class=\"elementor-widget-container\">\n\t\t\t\t\t\t\t\t\t\t\t\t\t\t\t\t<a href=\"https:\/\/www.brazilecotour.com\/wp-content\/uploads\/2017\/06\/brazil_special_oil_and_gas_customs_tax.jpg\" data-elementor-open-lightbox=\"yes\" data-elementor-lightbox-title=\"rio de janeiro - ipanema- corcovado-agence-de-voyage-au-bresil\" data-elementor-lightbox-description=\"Agence de voyages dans le nordeste du  Br\u00e9sil, 100% francophone, sp\u00e9cialiste dans les voyages \u00e0 la carte,et hors des sentier battus.\" data-e-action-hash=\"#elementor-action%3Aaction%3Dlightbox%26settings%3DeyJpZCI6OTM4OSwidXJsIjoiaHR0cHM6XC9cL3d3dy5icmF6aWxlY290b3VyLmNvbVwvd3AtY29udGVudFwvdXBsb2Fkc1wvMjAxN1wvMDZcL2JyYXppbF9zcGVjaWFsX29pbF9hbmRfZ2FzX2N1c3RvbXNfdGF4LmpwZyJ9\">\n\t\t\t\t\t\t\t<img decoding=\"async\" src=\"https:\/\/www.brazilecotour.com\/wp-content\/uploads\/elementor\/thumbs\/brazil_special_oil_and_gas_customs_tax-p6cvcwarcbr7jxqnlin8yflhlc7ylg4u50204x71p8.jpg\" title=\"rio de janeiro &#8211; ipanema- corcovado-agence-de-voyage-au-bresil\" alt=\"Agence de voyages dans le nordeste du  Br\u00e9sil, 100% francophone, sp\u00e9cialiste dans les voyages \u00e0 la carte,et hors des sentier battus.\" class=\"elementor-animation-shrink\" loading=\"lazy\" \/>\t\t\t\t\t\t\t\t<\/a>\n\t\t\t\t\t\t\t\t\t\t\t\t\t\t\t<\/div>\n\t\t\t\t<\/div>\n\t\t\t\t<div class=\"elementor-element elementor-element-e5bfe1f elementor-invisible elementor-widget elementor-widget-heading\" data-id=\"e5bfe1f\" data-element_type=\"widget\" data-e-type=\"widget\" data-settings=\"{&quot;_animation&quot;:&quot;fadeInUp&quot;,&quot;_animation_delay&quot;:500}\" data-widget_type=\"heading.default\">\n\t\t\t\t<div class=\"elementor-widget-container\">\n\t\t\t\t\t<h2 class=\"elementor-heading-title elementor-size-default\"><a href=\"#\">Rio de Janeiro Zuckerhut<\/a><\/h2>\t\t\t\t<\/div>\n\t\t\t\t<\/div>\n\t\t\t\t\t<\/div>\n\t\t<\/div>\n\t\t\t\t<div class=\"elementor-column elementor-col-33 elementor-top-column elementor-element elementor-element-6e60e678\" data-id=\"6e60e678\" data-element_type=\"column\" data-e-type=\"column\">\n\t\t\t<div class=\"elementor-widget-wrap elementor-element-populated\">\n\t\t\t\t\t\t<div class=\"elementor-element elementor-element-283af29c elementor-invisible elementor-widget elementor-widget-image\" data-id=\"283af29c\" data-element_type=\"widget\" data-e-type=\"widget\" data-settings=\"{&quot;_animation&quot;:&quot;fadeInUp&quot;,&quot;_animation_delay&quot;:500}\" data-widget_type=\"image.default\">\n\t\t\t\t<div class=\"elementor-widget-container\">\n\t\t\t\t\t\t\t\t\t\t\t\t\t\t\t\t<a href=\"https:\/\/www.brazilecotour.com\/wp-content\/uploads\/2021\/03\/rio-de-janeiro-city-tour.jpg\" data-elementor-open-lightbox=\"yes\" data-elementor-lightbox-title=\"rio de janeiro city tour bresil\" data-elementor-lightbox-description=\"rio de janeiro city tour bresil\" data-e-action-hash=\"#elementor-action%3Aaction%3Dlightbox%26settings%3DeyJpZCI6MTc4MDUsInVybCI6Imh0dHBzOlwvXC93d3cuYnJhemlsZWNvdG91ci5jb21cL3dwLWNvbnRlbnRcL3VwbG9hZHNcLzIwMjFcLzAzXC9yaW8tZGUtamFuZWlyby1jaXR5LXRvdXIuanBnIn0%3D\">\n\t\t\t\t\t\t\t<img decoding=\"async\" src=\"https:\/\/www.brazilecotour.com\/wp-content\/uploads\/elementor\/thumbs\/rio-de-janeiro-city-tour-p3ku0z3zkdivx2kwehnl8mumlubqfevd7d7pungml8.jpg\" title=\"rio de janeiro city tour bresil\" alt=\"rio de janeiro city tour bresil\" class=\"elementor-animation-shrink\" loading=\"lazy\" \/>\t\t\t\t\t\t\t\t<\/a>\n\t\t\t\t\t\t\t\t\t\t\t\t\t\t\t<\/div>\n\t\t\t\t<\/div>\n\t\t\t\t<div class=\"elementor-element elementor-element-6c6dc82e elementor-invisible elementor-widget elementor-widget-heading\" data-id=\"6c6dc82e\" data-element_type=\"widget\" data-e-type=\"widget\" data-settings=\"{&quot;_animation&quot;:&quot;fadeInUp&quot;,&quot;_animation_delay&quot;:500}\" data-widget_type=\"heading.default\">\n\t\t\t\t<div class=\"elementor-widget-container\">\n\t\t\t\t\t<h2 class=\"elementor-heading-title elementor-size-default\"><a href=\"#\">City tour Rio de Janeiro<\/a><\/h2>\t\t\t\t<\/div>\n\t\t\t\t<\/div>\n\t\t\t\t\t<\/div>\n\t\t<\/div>\n\t\t\t\t\t<\/div>\n\t\t<\/section>\n\t\t\t\t<section class=\"elementor-section elementor-top-section elementor-element elementor-element-490c125a elementor-section-boxed elementor-section-height-default elementor-section-height-default\" data-id=\"490c125a\" data-element_type=\"section\" data-e-type=\"section\" data-settings=\"{&quot;background_background&quot;:&quot;classic&quot;}\">\n\t\t\t\t\t\t<div class=\"elementor-container elementor-column-gap-default\">\n\t\t\t\t\t<div class=\"elementor-column elementor-col-50 elementor-top-column elementor-element elementor-element-139d0463 elementor-invisible\" data-id=\"139d0463\" data-element_type=\"column\" data-e-type=\"column\" data-settings=\"{&quot;animation&quot;:&quot;fadeInUp&quot;,&quot;animation_delay&quot;:300,&quot;background_background&quot;:&quot;classic&quot;}\">\n\t\t\t<div class=\"elementor-widget-wrap elementor-element-populated\">\n\t\t\t\t\t\t<div class=\"elementor-element elementor-element-875ed95 elementor-widget elementor-widget-image\" data-id=\"875ed95\" data-element_type=\"widget\" data-e-type=\"widget\" data-widget_type=\"image.default\">\n\t\t\t\t<div class=\"elementor-widget-container\">\n\t\t\t\t\t\t\t\t\t\t\t\t\t\t\t<img fetchpriority=\"high\" decoding=\"async\" width=\"660\" height=\"440\" src=\"https:\/\/www.brazilecotour.com\/wp-content\/uploads\/2017\/05\/carnaval-rio-www.brazilecotour.com_-1024x682.jpg\" class=\"attachment-large size-large wp-image-3886\" alt=\"rio-de-janeiro-carnaval-carnival-bresil-brazil-corcovado\" srcset=\"https:\/\/www.brazilecotour.com\/wp-content\/uploads\/2017\/05\/carnaval-rio-www.brazilecotour.com_-1024x682.jpg 1024w, https:\/\/www.brazilecotour.com\/wp-content\/uploads\/2017\/05\/carnaval-rio-www.brazilecotour.com_-300x200.jpg 300w, https:\/\/www.brazilecotour.com\/wp-content\/uploads\/2017\/05\/carnaval-rio-www.brazilecotour.com_-768x512.jpg 768w, https:\/\/www.brazilecotour.com\/wp-content\/uploads\/2017\/05\/carnaval-rio-www.brazilecotour.com_-960x640.jpg 960w, https:\/\/www.brazilecotour.com\/wp-content\/uploads\/2017\/05\/carnaval-rio-www.brazilecotour.com_-440x293.jpg 440w, https:\/\/www.brazilecotour.com\/wp-content\/uploads\/2017\/05\/carnaval-rio-www.brazilecotour.com_.jpg 1247w\" sizes=\"(max-width: 660px) 100vw, 660px\" \/>\t\t\t\t\t\t\t\t\t\t\t\t\t\t\t<\/div>\n\t\t\t\t<\/div>\n\t\t\t\t<div class=\"elementor-element elementor-element-2ebe2eb elementor-widget elementor-widget-text-editor\" data-id=\"2ebe2eb\" data-element_type=\"widget\" data-e-type=\"widget\" data-widget_type=\"text-editor.default\">\n\t\t\t\t<div class=\"elementor-widget-container\">\n\t\t\t\t\t\t\t\t\t<h3>Carnival Rio de Janeiro\u00a0 Calendar<\/h3><table><tbody><tr><td width=\"100\"><strong>2021 :<\/strong><\/td><td width=\"200\">12 rd von Februar<\/td><\/tr><tr><td><strong>2022 :<\/strong><\/td><td>\u00a014th von Februar<\/td><\/tr><tr><td width=\"100\"><strong>2023 :<\/strong><\/td><td width=\"200\">25th von Februar<\/td><\/tr><\/tbody><\/table>\t\t\t\t\t\t\t\t<\/div>\n\t\t\t\t<\/div>\n\t\t\t\t\t<\/div>\n\t\t<\/div>\n\t\t\t\t<div class=\"elementor-column elementor-col-50 elementor-top-column elementor-element elementor-element-1de2cb89\" data-id=\"1de2cb89\" data-element_type=\"column\" data-e-type=\"column\">\n\t\t\t<div class=\"elementor-widget-wrap elementor-element-populated\">\n\t\t\t\t\t\t<div class=\"elementor-element elementor-element-2f8e3507 elementor-invisible elementor-widget elementor-widget-text-editor\" data-id=\"2f8e3507\" data-element_type=\"widget\" data-e-type=\"widget\" data-settings=\"{&quot;_animation&quot;:&quot;fadeInUp&quot;,&quot;_animation_delay&quot;:500}\" data-widget_type=\"text-editor.default\">\n\t\t\t\t<div class=\"elementor-widget-container\">\n\t\t\t\t\t\t\t\t\t<h2>Rio De Janeiro &#8211; Karneval 2025 Von Brazil Ecotour<\/h2>\t\t\t\t\t\t\t\t<\/div>\n\t\t\t\t<\/div>\n\t\t\t\t<div class=\"elementor-element elementor-element-73bb748a elementor-invisible elementor-widget elementor-widget-text-editor\" data-id=\"73bb748a\" data-element_type=\"widget\" data-e-type=\"widget\" data-settings=\"{&quot;_animation&quot;:&quot;fadeInUp&quot;,&quot;_animation_delay&quot;:500}\" data-widget_type=\"text-editor.default\">\n\t\t\t\t<div class=\"elementor-widget-container\">\n\t\t\t\t\t\t\t\t\t<p>Samba! Der Karneval in Rio ist das bekannteste Festival der Welt. Unter der s\u00fcdlichen Sonne f\u00fcnf Tage voller Freude, die die ganze Stadt erfassten und mit den Paraden der zw\u00f6lf gro\u00dfen Sambaschulen auf dem Sambodrom gipfelten, einer Allee, die von riesigen Betonk\u00e4sten und Trib\u00fcnen ges\u00e4umt war und vom Architekten Niemeyer entworfen wurde. Eine Flut von Federn und Pailletten, eine gro\u00dfartige farbenfrohe Show und ein heftiger Wettbewerb, auf den sich die gro\u00dfen Sambaschulen das ganze Jahr \u00fcber vorbereitet haben. Sie werden nach Choreografie, Szenografie, Musik, Kost\u00fcmen, Rhythmus und gew\u00e4hltem Thema beurteilt. Eine ausverkaufte Parade, die von Fernsehern auf der ganzen Welt gedreht wurde.<\/p>\t\t\t\t\t\t\t\t<\/div>\n\t\t\t\t<\/div>\n\t\t\t\t\t<\/div>\n\t\t<\/div>\n\t\t\t\t\t<\/div>\n\t\t<\/section>\n\t\t\t\t<section class=\"elementor-section elementor-top-section elementor-element elementor-element-5c0362bc elementor-section-boxed elementor-section-height-default elementor-section-height-default\" data-id=\"5c0362bc\" data-element_type=\"section\" data-e-type=\"section\" data-settings=\"{&quot;background_background&quot;:&quot;classic&quot;}\">\n\t\t\t\t\t\t<div class=\"elementor-container elementor-column-gap-default\">\n\t\t\t\t\t<div class=\"elementor-column elementor-col-100 elementor-top-column elementor-element elementor-element-3466d0dd\" data-id=\"3466d0dd\" data-element_type=\"column\" data-e-type=\"column\">\n\t\t\t<div class=\"elementor-widget-wrap elementor-element-populated\">\n\t\t\t\t\t\t<section class=\"elementor-section elementor-inner-section elementor-element elementor-element-28fba1fd elementor-section-boxed elementor-section-height-default elementor-section-height-default\" data-id=\"28fba1fd\" data-element_type=\"section\" data-e-type=\"section\">\n\t\t\t\t\t\t<div class=\"elementor-container elementor-column-gap-default\">\n\t\t\t\t\t<div class=\"elementor-column elementor-col-50 elementor-inner-column elementor-element elementor-element-1a1a255e elementor-invisible\" data-id=\"1a1a255e\" data-element_type=\"column\" data-e-type=\"column\" data-settings=\"{&quot;animation&quot;:&quot;fadeInLeft&quot;,&quot;animation_delay&quot;:300}\">\n\t\t\t<div class=\"elementor-widget-wrap elementor-element-populated\">\n\t\t\t\t\t\t<div class=\"elementor-element elementor-element-15fc5ebb elementor-widget elementor-widget-image\" data-id=\"15fc5ebb\" data-element_type=\"widget\" data-e-type=\"widget\" data-widget_type=\"image.default\">\n\t\t\t\t<div class=\"elementor-widget-container\">\n\t\t\t\t\t\t\t\t\t\t\t\t\t\t\t<img decoding=\"async\" src=\"https:\/\/www.brazilecotour.com\/wp-content\/uploads\/elementor\/thumbs\/sugarloaf-rio-de-janeiro-p3ksl83vaqmzu7jhxmtznc5lr9ayi5bvsxq68lnam8.jpg\" title=\"sugarloaf rio de janeiro brazil\" alt=\"sugarloaf rio de janeiro brazil\" loading=\"lazy\" \/>\t\t\t\t\t\t\t\t\t\t\t\t\t\t\t<\/div>\n\t\t\t\t<\/div>\n\t\t\t\t\t<\/div>\n\t\t<\/div>\n\t\t\t\t<div class=\"elementor-column elementor-col-50 elementor-inner-column elementor-element elementor-element-27f6b119 elementor-invisible\" data-id=\"27f6b119\" data-element_type=\"column\" data-e-type=\"column\" data-settings=\"{&quot;background_background&quot;:&quot;classic&quot;,&quot;animation&quot;:&quot;fadeInRight&quot;,&quot;animation_delay&quot;:350}\">\n\t\t\t<div class=\"elementor-widget-wrap elementor-element-populated\">\n\t\t\t\t\t\t<div class=\"elementor-element elementor-element-30bdf85e elementor-invisible elementor-widget elementor-widget-heading\" data-id=\"30bdf85e\" data-element_type=\"widget\" data-e-type=\"widget\" data-settings=\"{&quot;_animation&quot;:&quot;fadeInUp&quot;,&quot;_animation_delay&quot;:400}\" data-widget_type=\"heading.default\">\n\t\t\t\t<div class=\"elementor-widget-container\">\n\t\t\t\t\t<h3 class=\"elementor-heading-title elementor-size-default\">Tag 01:<\/h3>\t\t\t\t<\/div>\n\t\t\t\t<\/div>\n\t\t\t\t<div class=\"elementor-element elementor-element-2bc13322 elementor-invisible elementor-widget elementor-widget-heading\" data-id=\"2bc13322\" data-element_type=\"widget\" data-e-type=\"widget\" data-settings=\"{&quot;_animation&quot;:&quot;fadeInUp&quot;,&quot;_animation_delay&quot;:500}\" data-widget_type=\"heading.default\">\n\t\t\t\t<div class=\"elementor-widget-container\">\n\t\t\t\t\t<h2 class=\"elementor-heading-title elementor-size-default\"> Flughafen Rio de Janeiro \u2013 Ankunft<\/h2>\t\t\t\t<\/div>\n\t\t\t\t<\/div>\n\t\t\t\t<div class=\"elementor-element elementor-element-3f96c856 elementor-invisible elementor-widget elementor-widget-text-editor\" data-id=\"3f96c856\" data-element_type=\"widget\" data-e-type=\"widget\" data-settings=\"{&quot;_animation&quot;:&quot;fadeInUp&quot;,&quot;_animation_delay&quot;:500}\" data-widget_type=\"text-editor.default\">\n\t\t\t\t<div class=\"elementor-widget-container\">\n\t\t\t\t\t\t\t\t\t<p>Bei Ihrer Ankunft am Flughafen Rio de Janeiro. Ein privates Auto wartet auf Sie, um zu Ihrem Hotel gebracht zu werden.<\/p><p>Nacht im Hotel in Ipanema<\/p>\t\t\t\t\t\t\t\t<\/div>\n\t\t\t\t<\/div>\n\t\t\t\t\t<\/div>\n\t\t<\/div>\n\t\t\t\t\t<\/div>\n\t\t<\/section>\n\t\t\t\t<section class=\"elementor-section elementor-inner-section elementor-element elementor-element-1051cc62 elementor-section-boxed elementor-section-height-default elementor-section-height-default\" data-id=\"1051cc62\" data-element_type=\"section\" data-e-type=\"section\">\n\t\t\t\t\t\t<div class=\"elementor-container elementor-column-gap-default\">\n\t\t\t\t\t<div class=\"elementor-column elementor-col-50 elementor-inner-column elementor-element elementor-element-20f7d973 elementor-invisible\" data-id=\"20f7d973\" data-element_type=\"column\" data-e-type=\"column\" data-settings=\"{&quot;animation&quot;:&quot;fadeInLeft&quot;,&quot;animation_delay&quot;:300}\">\n\t\t\t<div class=\"elementor-widget-wrap elementor-element-populated\">\n\t\t\t\t\t\t<div class=\"elementor-element elementor-element-49a7139e elementor-widget elementor-widget-image\" data-id=\"49a7139e\" data-element_type=\"widget\" data-e-type=\"widget\" data-widget_type=\"image.default\">\n\t\t\t\t<div class=\"elementor-widget-container\">\n\t\t\t\t\t\t\t\t\t\t\t\t\t\t\t<img decoding=\"async\" src=\"https:\/\/www.brazilecotour.com\/wp-content\/uploads\/elementor\/thumbs\/9805_xlarge-p6615k3h94gvyg0xmaxzl7k1wcedr272997iimetfk.jpg\" title=\"copacabana-rio-de-janeiro-ipanema-brazil-trip-\" alt=\"Localized in the Northeast of Brazil Brazilecotour is a travel agency specialized in tailor made trips off beaten path all over Brazil All our trips are unique designed around your tastes, interests and budget, with an absolute commitment to quality.\" loading=\"lazy\" \/>\t\t\t\t\t\t\t\t\t\t\t\t\t\t\t<\/div>\n\t\t\t\t<\/div>\n\t\t\t\t\t<\/div>\n\t\t<\/div>\n\t\t\t\t<div class=\"elementor-column elementor-col-50 elementor-inner-column elementor-element elementor-element-7ccb9bad elementor-invisible\" data-id=\"7ccb9bad\" data-element_type=\"column\" data-e-type=\"column\" data-settings=\"{&quot;background_background&quot;:&quot;classic&quot;,&quot;animation&quot;:&quot;fadeInRight&quot;,&quot;animation_delay&quot;:350}\">\n\t\t\t<div class=\"elementor-widget-wrap elementor-element-populated\">\n\t\t\t\t\t\t<div class=\"elementor-element elementor-element-66949515 elementor-invisible elementor-widget elementor-widget-heading\" data-id=\"66949515\" data-element_type=\"widget\" data-e-type=\"widget\" data-settings=\"{&quot;_animation&quot;:&quot;fadeInUp&quot;,&quot;_animation_delay&quot;:400}\" data-widget_type=\"heading.default\">\n\t\t\t\t<div class=\"elementor-widget-container\">\n\t\t\t\t\t<h3 class=\"elementor-heading-title elementor-size-default\">Tag 02:<\/h3>\t\t\t\t<\/div>\n\t\t\t\t<\/div>\n\t\t\t\t<div class=\"elementor-element elementor-element-48138200 elementor-invisible elementor-widget elementor-widget-heading\" data-id=\"48138200\" data-element_type=\"widget\" data-e-type=\"widget\" data-settings=\"{&quot;_animation&quot;:&quot;fadeInUp&quot;,&quot;_animation_delay&quot;:500}\" data-widget_type=\"heading.default\">\n\t\t\t\t<div class=\"elementor-widget-container\">\n\t\t\t\t\t<h2 class=\"elementor-heading-title elementor-size-default\"> Stadtrundfahrt durch Rio de Janeiro<\/h2>\t\t\t\t<\/div>\n\t\t\t\t<\/div>\n\t\t\t\t<div class=\"elementor-element elementor-element-4837dce8 elementor-invisible elementor-widget elementor-widget-text-editor\" data-id=\"4837dce8\" data-element_type=\"widget\" data-e-type=\"widget\" data-settings=\"{&quot;_animation&quot;:&quot;fadeInUp&quot;,&quot;_animation_delay&quot;:500}\" data-widget_type=\"text-editor.default\">\n\t\t\t\t<div class=\"elementor-widget-container\">\n\t\t\t\t\t\t\t\t\t<p>Nach deiner Pause schnell. Ein englischsprachiger Reiseleiter begleitet Sie an der Rezeption Ihres Hotels zu einer ganzt\u00e4gigen Tour. Sie beginnen Ihren Besuch an der ber\u00fchmtesten Symbole von Rio, dem \u00abCorcovado\u00bb. Das Statut segne die Stadt mit seinen offenen Armen. Nach dem Corcovado besuchen Sie das Viertel Santa Tereza, eines der ber\u00fchmtesten Viertel der Hauptstadt Carioca. Nach Santa Tereza besuchen Sie eine der Hauptattraktionen der Stadt, den \u00abPao Asucar\u00bb mit seiner ber\u00fchmten Seilbahn. Einmal oben k\u00f6nnen Sie ein wundersch\u00f6nes Panorama von Rio de Janeiro genie\u00dfen.<\/p><p>Die Tour ist zu 100% anpassbar<\/p><p>Nacht im Hotel in Ipanema<\/p>\t\t\t\t\t\t\t\t<\/div>\n\t\t\t\t<\/div>\n\t\t\t\t\t<\/div>\n\t\t<\/div>\n\t\t\t\t\t<\/div>\n\t\t<\/section>\n\t\t\t\t<section class=\"elementor-section elementor-inner-section elementor-element elementor-element-16a62aca elementor-section-boxed elementor-section-height-default elementor-section-height-default\" data-id=\"16a62aca\" data-element_type=\"section\" data-e-type=\"section\">\n\t\t\t\t\t\t<div class=\"elementor-container elementor-column-gap-default\">\n\t\t\t\t\t<div class=\"elementor-column elementor-col-50 elementor-inner-column elementor-element elementor-element-41c841ef elementor-invisible\" data-id=\"41c841ef\" data-element_type=\"column\" data-e-type=\"column\" data-settings=\"{&quot;animation&quot;:&quot;fadeInLeft&quot;,&quot;animation_delay&quot;:300}\">\n\t\t\t<div class=\"elementor-widget-wrap elementor-element-populated\">\n\t\t\t\t\t\t<div class=\"elementor-element elementor-element-1f1b5c3d elementor-widget elementor-widget-image\" data-id=\"1f1b5c3d\" data-element_type=\"widget\" data-e-type=\"widget\" data-widget_type=\"image.default\">\n\t\t\t\t<div class=\"elementor-widget-container\">\n\t\t\t\t\t\t\t\t\t\t\t\t\t\t\t<img decoding=\"async\" width=\"1920\" height=\"1080\" src=\"https:\/\/www.brazilecotour.com\/wp-content\/uploads\/2021\/02\/rio-de-janeiro-copacabana-.png\" class=\"attachment-full size-full wp-image-17315\" alt=\"rio de janeiro copacabana\" srcset=\"https:\/\/www.brazilecotour.com\/wp-content\/uploads\/2021\/02\/rio-de-janeiro-copacabana-.png 1920w, https:\/\/www.brazilecotour.com\/wp-content\/uploads\/2021\/02\/rio-de-janeiro-copacabana--300x169.png 300w, https:\/\/www.brazilecotour.com\/wp-content\/uploads\/2021\/02\/rio-de-janeiro-copacabana--1024x576.png 1024w, https:\/\/www.brazilecotour.com\/wp-content\/uploads\/2021\/02\/rio-de-janeiro-copacabana--768x432.png 768w, https:\/\/www.brazilecotour.com\/wp-content\/uploads\/2021\/02\/rio-de-janeiro-copacabana--1536x864.png 1536w\" sizes=\"(max-width: 1920px) 100vw, 1920px\" \/>\t\t\t\t\t\t\t\t\t\t\t\t\t\t\t<\/div>\n\t\t\t\t<\/div>\n\t\t\t\t\t<\/div>\n\t\t<\/div>\n\t\t\t\t<div class=\"elementor-column elementor-col-50 elementor-inner-column elementor-element elementor-element-3b286f19 elementor-invisible\" data-id=\"3b286f19\" data-element_type=\"column\" data-e-type=\"column\" data-settings=\"{&quot;background_background&quot;:&quot;classic&quot;,&quot;animation&quot;:&quot;fadeInRight&quot;,&quot;animation_delay&quot;:350}\">\n\t\t\t<div class=\"elementor-widget-wrap elementor-element-populated\">\n\t\t\t\t\t\t<div class=\"elementor-element elementor-element-56734d3b elementor-invisible elementor-widget elementor-widget-heading\" data-id=\"56734d3b\" data-element_type=\"widget\" data-e-type=\"widget\" data-settings=\"{&quot;_animation&quot;:&quot;fadeInUp&quot;,&quot;_animation_delay&quot;:400}\" data-widget_type=\"heading.default\">\n\t\t\t\t<div class=\"elementor-widget-container\">\n\t\t\t\t\t<h3 class=\"elementor-heading-title elementor-size-default\">Tag 03:<\/h3>\t\t\t\t<\/div>\n\t\t\t\t<\/div>\n\t\t\t\t<div class=\"elementor-element elementor-element-77951cf8 elementor-invisible elementor-widget elementor-widget-heading\" data-id=\"77951cf8\" data-element_type=\"widget\" data-e-type=\"widget\" data-settings=\"{&quot;_animation&quot;:&quot;fadeInUp&quot;,&quot;_animation_delay&quot;:500}\" data-widget_type=\"heading.default\">\n\t\t\t\t<div class=\"elementor-widget-container\">\n\t\t\t\t\t<h2 class=\"elementor-heading-title elementor-size-default\"> Freier Tag in Rio de Janeiro<\/h2>\t\t\t\t<\/div>\n\t\t\t\t<\/div>\n\t\t\t\t<div class=\"elementor-element elementor-element-56e8fc9c elementor-invisible elementor-widget elementor-widget-text-editor\" data-id=\"56e8fc9c\" data-element_type=\"widget\" data-e-type=\"widget\" data-settings=\"{&quot;_animation&quot;:&quot;fadeInUp&quot;,&quot;_animation_delay&quot;:500}\" data-widget_type=\"text-editor.default\">\n\t\t\t\t<div class=\"elementor-widget-container\">\n\t\t\t\t\t\t\t\t\t<p>Freier Tag in Rio de Janeiro.<\/p><p>Nacht in einem Hotel in Ipanema<\/p>\t\t\t\t\t\t\t\t<\/div>\n\t\t\t\t<\/div>\n\t\t\t\t\t<\/div>\n\t\t<\/div>\n\t\t\t\t\t<\/div>\n\t\t<\/section>\n\t\t\t\t<section class=\"elementor-section elementor-inner-section elementor-element elementor-element-8c4a8e4 elementor-section-boxed elementor-section-height-default elementor-section-height-default\" data-id=\"8c4a8e4\" data-element_type=\"section\" data-e-type=\"section\">\n\t\t\t\t\t\t<div class=\"elementor-container elementor-column-gap-default\">\n\t\t\t\t\t<div class=\"elementor-column elementor-col-50 elementor-inner-column elementor-element elementor-element-1934e7b elementor-invisible\" data-id=\"1934e7b\" data-element_type=\"column\" data-e-type=\"column\" data-settings=\"{&quot;animation&quot;:&quot;fadeInLeft&quot;,&quot;animation_delay&quot;:300}\">\n\t\t\t<div class=\"elementor-widget-wrap elementor-element-populated\">\n\t\t\t\t\t\t<div class=\"elementor-element elementor-element-fe3ac6d elementor-widget elementor-widget-image\" data-id=\"fe3ac6d\" data-element_type=\"widget\" data-e-type=\"widget\" data-widget_type=\"image.default\">\n\t\t\t\t<div class=\"elementor-widget-container\">\n\t\t\t\t\t\t\t\t\t\t\t\t\t\t\t<img decoding=\"async\" width=\"480\" height=\"480\" src=\"https:\/\/www.brazilecotour.com\/wp-content\/uploads\/2021\/03\/rio-de-janeiro-carnaval-brazil.jpg\" class=\"attachment-full size-full wp-image-17905\" alt=\"rio de janeiro carnaval brazil\" srcset=\"https:\/\/www.brazilecotour.com\/wp-content\/uploads\/2021\/03\/rio-de-janeiro-carnaval-brazil.jpg 480w, https:\/\/www.brazilecotour.com\/wp-content\/uploads\/2021\/03\/rio-de-janeiro-carnaval-brazil-300x300.jpg 300w, https:\/\/www.brazilecotour.com\/wp-content\/uploads\/2021\/03\/rio-de-janeiro-carnaval-brazil-150x150.jpg 150w\" sizes=\"(max-width: 480px) 100vw, 480px\" \/>\t\t\t\t\t\t\t\t\t\t\t\t\t\t\t<\/div>\n\t\t\t\t<\/div>\n\t\t\t\t\t<\/div>\n\t\t<\/div>\n\t\t\t\t<div class=\"elementor-column elementor-col-50 elementor-inner-column elementor-element elementor-element-036e61c elementor-invisible\" data-id=\"036e61c\" data-element_type=\"column\" data-e-type=\"column\" data-settings=\"{&quot;background_background&quot;:&quot;classic&quot;,&quot;animation&quot;:&quot;fadeInRight&quot;,&quot;animation_delay&quot;:350}\">\n\t\t\t<div class=\"elementor-widget-wrap elementor-element-populated\">\n\t\t\t\t\t\t<div class=\"elementor-element elementor-element-e1f16e3 elementor-invisible elementor-widget elementor-widget-heading\" data-id=\"e1f16e3\" data-element_type=\"widget\" data-e-type=\"widget\" data-settings=\"{&quot;_animation&quot;:&quot;fadeInUp&quot;,&quot;_animation_delay&quot;:400}\" data-widget_type=\"heading.default\">\n\t\t\t\t<div class=\"elementor-widget-container\">\n\t\t\t\t\t<h3 class=\"elementor-heading-title elementor-size-default\">Tag 04:<\/h3>\t\t\t\t<\/div>\n\t\t\t\t<\/div>\n\t\t\t\t<div class=\"elementor-element elementor-element-c451f64 elementor-invisible elementor-widget elementor-widget-heading\" data-id=\"c451f64\" data-element_type=\"widget\" data-e-type=\"widget\" data-settings=\"{&quot;_animation&quot;:&quot;fadeInUp&quot;,&quot;_animation_delay&quot;:500}\" data-widget_type=\"heading.default\">\n\t\t\t\t<div class=\"elementor-widget-container\">\n\t\t\t\t\t<h2 class=\"elementor-heading-title elementor-size-default\"> Rio de Janeiro Sambadrome<\/h2>\t\t\t\t<\/div>\n\t\t\t\t<\/div>\n\t\t\t\t<div class=\"elementor-element elementor-element-1863ae7 elementor-invisible elementor-widget elementor-widget-text-editor\" data-id=\"1863ae7\" data-element_type=\"widget\" data-e-type=\"widget\" data-settings=\"{&quot;_animation&quot;:&quot;fadeInUp&quot;,&quot;_animation_delay&quot;:500}\" data-widget_type=\"text-editor.default\">\n\t\t\t\t<div class=\"elementor-widget-container\">\n\t\t\t\t\t\t\t\t\t<p>Freier Morgen<\/p><p>Am Abend ist es Zeit f\u00fcr das Hauptereignis der Woche \u2013 die Parade im Sambadrom. Die besten Sambaschulen zeigen ihre fantastischen Wagen und Kost\u00fcme und die Party geht bis in die fr\u00fchen Morgenstunden des Montags.<\/p><p>Nacht im Hotel in Ipanema<\/p><p>Ende unserer Dienstleistungen<\/p><p>Finden Sie alle unsere Ideen f\u00fcr Reiseziele in Brasilien.<\/p><p>Hier sind unsere Top-Liebesziele in Brasilien<\/p><p>Entdecken Sie unsere andere Reiseidee im Bundesstaat Rio de Janeiro<\/p>\t\t\t\t\t\t\t\t<\/div>\n\t\t\t\t<\/div>\n\t\t\t\t\t<\/div>\n\t\t<\/div>\n\t\t\t\t\t<\/div>\n\t\t<\/section>\n\t\t\t\t\t<\/div>\n\t\t<\/div>\n\t\t\t\t\t<\/div>\n\t\t<\/section>\n\t\t\t\t<section class=\"elementor-section elementor-top-section elementor-element elementor-element-2f21bd46 elementor-section-height-min-height elementor-section-items-stretch elementor-section-boxed elementor-section-height-default elementor-invisible\" data-id=\"2f21bd46\" data-element_type=\"section\" data-e-type=\"section\" data-settings=\"{&quot;background_background&quot;:&quot;classic&quot;,&quot;animation&quot;:&quot;fadeIn&quot;}\">\n\t\t\t\t\t\t\t<div class=\"elementor-background-overlay\"><\/div>\n\t\t\t\t\t\t\t<div class=\"elementor-container elementor-column-gap-default\">\n\t\t\t\t\t<div class=\"elementor-column elementor-col-100 elementor-top-column elementor-element elementor-element-55e29305\" data-id=\"55e29305\" data-element_type=\"column\" data-e-type=\"column\">\n\t\t\t<div class=\"elementor-widget-wrap elementor-element-populated\">\n\t\t\t\t\t\t<div class=\"elementor-element elementor-element-509b412 elementor-invisible elementor-widget elementor-widget-heading\" data-id=\"509b412\" data-element_type=\"widget\" data-e-type=\"widget\" data-settings=\"{&quot;_animation&quot;:&quot;fadeInUp&quot;,&quot;_animation_delay&quot;:400}\" data-widget_type=\"heading.default\">\n\t\t\t\t<div class=\"elementor-widget-container\">\n\t\t\t\t\t<h1 class=\"elementor-heading-title elementor-size-default\">Fragen Sie nach Ihrer kostenlosen Anfrage<\/h1>\t\t\t\t<\/div>\n\t\t\t\t<\/div>\n\t\t\t\t<div class=\"elementor-element elementor-element-76d1713 elementor-widget elementor-widget-shortcode\" data-id=\"76d1713\" data-element_type=\"widget\" data-e-type=\"widget\" data-widget_type=\"shortcode.default\">\n\t\t\t\t<div class=\"elementor-widget-container\">\n\t\t\t\t\t\t\t<div class=\"elementor-shortcode\"> \n<div class=\"wpcf7 no-js\" id=\"wpcf7-f25230-o1\" lang=\"fr-FR\" dir=\"ltr\" data-wpcf7-id=\"25230\">\n<div class=\"screen-reader-response\"><p role=\"status\" aria-live=\"polite\" aria-atomic=\"true\"><\/p> <ul><\/ul><\/div>\n<form action=\"\/de\/wp-json\/wp\/v2\/pages\/9700#wpcf7-f25230-o1\" method=\"post\" class=\"wpcf7-form init\" aria-label=\"Formulaire de contact\" novalidate=\"novalidate\" data-status=\"init\">\n<fieldset class=\"hidden-fields-container\"><input type=\"hidden\" name=\"_wpcf7\" value=\"25230\" \/><input type=\"hidden\" name=\"_wpcf7_version\" value=\"6.1.5\" \/><input type=\"hidden\" name=\"_wpcf7_locale\" value=\"fr_FR\" \/><input type=\"hidden\" name=\"_wpcf7_unit_tag\" value=\"wpcf7-f25230-o1\" \/><input type=\"hidden\" name=\"_wpcf7_container_post\" value=\"0\" \/><input type=\"hidden\" name=\"_wpcf7_posted_data_hash\" value=\"\" \/>\n<\/fieldset>\n<p><label><span style=\"background-color: #ffffff;\"> Your Name<\/span> <span class=\"wpcf7-form-control-wrap\" data-name=\"your-name\"><input size=\"40\" maxlength=\"400\" class=\"wpcf7-form-control wpcf7-text wpcf7-validates-as-required\" autocomplete=\"name\" aria-required=\"true\" aria-invalid=\"false\" value=\"\" type=\"text\" name=\"your-name\" \/><\/span> <\/label><label><span style=\"background-color: #ffffff;\"> Your Email<\/span> <span class=\"wpcf7-form-control-wrap\" data-name=\"your-email\"><input size=\"40\" maxlength=\"400\" class=\"wpcf7-form-control wpcf7-email wpcf7-validates-as-required wpcf7-text wpcf7-validates-as-email\" autocomplete=\"email\" aria-required=\"true\" aria-invalid=\"false\" value=\"\" type=\"email\" name=\"your-email\" \/><\/span> <\/label><label><span style=\"background-color: #ffffff;\"> Phone<\/span> <span class=\"wpcf7-form-control-wrap\" data-name=\"your-subject\"><input size=\"40\" maxlength=\"400\" class=\"wpcf7-form-control wpcf7-text wpcf7-validates-as-required\" aria-required=\"true\" aria-invalid=\"false\" value=\"\" type=\"text\" name=\"your-subject\" \/><\/span> <\/label><label><span style=\"background-color: #ffffff;\"> Your Message&nbsp;<\/span> <span class=\"wpcf7-form-control-wrap\" data-name=\"your-message\"><textarea cols=\"40\" rows=\"10\" maxlength=\"2000\" class=\"wpcf7-form-control wpcf7-textarea\" aria-invalid=\"false\" name=\"your-message\"><\/textarea><\/span> <\/label><input class=\"wpcf7-form-control wpcf7-submit has-spinner\" type=\"submit\" value=\"Envoyer\" \/>\n<\/p><div class=\"wpcf7-response-output\" aria-hidden=\"true\"><\/div>\n<\/form>\n<\/div>\n<\/div>\n\t\t\t\t\t\t<\/div>\n\t\t\t\t<\/div>\n\t\t\t\t\t<\/div>\n\t\t<\/div>\n\t\t\t\t\t<\/div>\n\t\t<\/section>\n\t\t\t\t<\/div>\n\t\t","protected":false},"excerpt":{"rendered":"<p>Brasilien Karneval Rio de Janeiro Corcovado City tour Rio de Janeiro Zuckerhut City tour Rio de Janeiro Carnival Rio de Janeiro\u00a0 Calendar 2021 : 12 rd von Februar 2022 : \u00a014th von Februar 2023 : 25th von Februar Rio De Janeiro &#8211; Karneval 2025 Von Brazil Ecotour Samba! Der Karneval in Rio ist das bekannteste [&hellip;]<\/p>\n","protected":false},"author":2,"featured_media":0,"parent":0,"menu_order":0,"comment_status":"closed","ping_status":"closed","template":"elementor_canvas","meta":{"_coblocks_attr":"","_coblocks_dimensions":"","_coblocks_responsive_height":"","_coblocks_accordion_ie_support":"","hide_page_title":"","footnotes":""},"class_list":["post-9700","page","type-page","status-publish","hentry"],"yoast_head":"<!-- This site is optimized with the Yoast SEO Premium plugin v25.9 (Yoast SEO v27.4) - https:\/\/yoast.com\/product\/yoast-seo-premium-wordpress\/ -->\n<title>Karneval in Rio de Janeiro | Reiseb\u00fcro Brasilien | Brasilien<\/title>\n<meta name=\"description\" content=\"Karneval in Rio ist ein unvergessliches Erlebnis. Sehen Sie die besten Sambaschulen bei der Parade im Samb\u00f3dromo Reiseb\u00fcro Brasilien\" \/>\n<meta name=\"robots\" content=\"index, follow, max-snippet:-1, max-image-preview:large, max-video-preview:-1\" \/>\n<link rel=\"canonical\" href=\"https:\/\/www.brazilecotour.com\/de\/karneval-in-rio-de-janeiro\/\" \/>\n<meta property=\"og:locale\" content=\"de_DE\" \/>\n<meta property=\"og:type\" content=\"article\" \/>\n<meta property=\"og:title\" content=\"Karneval in Rio de Janeiro\" \/>\n<meta property=\"og:description\" content=\"Karneval in Rio ist ein unvergessliches Erlebnis. Sehen Sie die besten Sambaschulen bei der Parade im Samb\u00f3dromo Reiseb\u00fcro Brasilien\" \/>\n<meta property=\"og:url\" content=\"https:\/\/www.brazilecotour.com\/de\/karneval-in-rio-de-janeiro\/\" \/>\n<meta property=\"og:site_name\" content=\"Brazil Ecotour | DMC &amp; Travel agency in Brazil\" \/>\n<meta property=\"article:publisher\" content=\"https:\/\/www.facebook.com\/brazilecotour\/\" \/>\n<meta property=\"article:modified_time\" content=\"2024-03-23T19:24:34+00:00\" \/>\n<meta property=\"og:image\" content=\"https:\/\/www.brazilecotour.com\/wp-content\/uploads\/elementor\/thumbs\/Rio-de-janeiro-brazil-onfy714u6hk7nm9m5u1fo50nnnkv8x23kwgmtfzqsc.png\" \/>\n<meta name=\"twitter:card\" content=\"summary_large_image\" \/>\n<meta name=\"twitter:site\" content=\"@brazilecotour01\" \/>\n<meta name=\"twitter:label1\" content=\"Gesch\u00e4tzte Lesezeit\" \/>\n\t<meta name=\"twitter:data1\" content=\"2\u00a0Minuten\" \/>\n<script type=\"application\/ld+json\" class=\"yoast-schema-graph\">{\"@context\":\"https:\\\/\\\/schema.org\",\"@graph\":[{\"@type\":\"WebPage\",\"@id\":\"https:\\\/\\\/www.brazilecotour.com\\\/de\\\/karneval-in-rio-de-janeiro\\\/\",\"url\":\"https:\\\/\\\/www.brazilecotour.com\\\/de\\\/karneval-in-rio-de-janeiro\\\/\",\"name\":\"Karneval in Rio de Janeiro | Reiseb\u00fcro Brasilien | Brasilien\",\"isPartOf\":{\"@id\":\"https:\\\/\\\/www.brazilecotour.com\\\/de\\\/#website\"},\"primaryImageOfPage\":{\"@id\":\"https:\\\/\\\/www.brazilecotour.com\\\/de\\\/karneval-in-rio-de-janeiro\\\/#primaryimage\"},\"image\":{\"@id\":\"https:\\\/\\\/www.brazilecotour.com\\\/de\\\/karneval-in-rio-de-janeiro\\\/#primaryimage\"},\"thumbnailUrl\":\"https:\\\/\\\/www.brazilecotour.com\\\/wp-content\\\/uploads\\\/elementor\\\/thumbs\\\/Rio-de-janeiro-brazil-p6cvb2i21x94z8e89q7d3w780d89mmvmjye0jjwlss.png\",\"datePublished\":\"2020-03-29T05:08:14+00:00\",\"dateModified\":\"2024-03-23T19:24:34+00:00\",\"description\":\"Karneval in Rio ist ein unvergessliches Erlebnis. Sehen Sie die besten Sambaschulen bei der Parade im Samb\u00f3dromo Reiseb\u00fcro Brasilien\",\"breadcrumb\":{\"@id\":\"https:\\\/\\\/www.brazilecotour.com\\\/de\\\/karneval-in-rio-de-janeiro\\\/#breadcrumb\"},\"inLanguage\":\"de\",\"potentialAction\":[{\"@type\":\"ReadAction\",\"target\":[\"https:\\\/\\\/www.brazilecotour.com\\\/de\\\/karneval-in-rio-de-janeiro\\\/\"]}]},{\"@type\":\"ImageObject\",\"inLanguage\":\"de\",\"@id\":\"https:\\\/\\\/www.brazilecotour.com\\\/de\\\/karneval-in-rio-de-janeiro\\\/#primaryimage\",\"url\":\"https:\\\/\\\/www.brazilecotour.com\\\/wp-content\\\/uploads\\\/elementor\\\/thumbs\\\/Rio-de-janeiro-brazil-p6cvb2i21x94z8e89q7d3w780d89mmvmjye0jjwlss.png\",\"contentUrl\":\"https:\\\/\\\/www.brazilecotour.com\\\/wp-content\\\/uploads\\\/elementor\\\/thumbs\\\/Rio-de-janeiro-brazil-p6cvb2i21x94z8e89q7d3w780d89mmvmjye0jjwlss.png\"},{\"@type\":\"BreadcrumbList\",\"@id\":\"https:\\\/\\\/www.brazilecotour.com\\\/de\\\/karneval-in-rio-de-janeiro\\\/#breadcrumb\",\"itemListElement\":[{\"@type\":\"ListItem\",\"position\":1,\"name\":\"Accueil\",\"item\":\"https:\\\/\\\/www.brazilecotour.com\\\/de\\\/\"},{\"@type\":\"ListItem\",\"position\":2,\"name\":\"Karneval in Rio de Janeiro\"}]},{\"@type\":\"WebSite\",\"@id\":\"https:\\\/\\\/www.brazilecotour.com\\\/de\\\/#website\",\"url\":\"https:\\\/\\\/www.brazilecotour.com\\\/de\\\/\",\"name\":\"Brazil Ecotour | DMC and Travel Agency in Brazil\",\"description\":\"Beyond Travel, Real Experiences\",\"publisher\":{\"@id\":\"https:\\\/\\\/www.brazilecotour.com\\\/de\\\/#organization\"},\"potentialAction\":[{\"@type\":\"SearchAction\",\"target\":{\"@type\":\"EntryPoint\",\"urlTemplate\":\"https:\\\/\\\/www.brazilecotour.com\\\/de\\\/?s={search_term_string}\"},\"query-input\":{\"@type\":\"PropertyValueSpecification\",\"valueRequired\":true,\"valueName\":\"search_term_string\"}}],\"inLanguage\":\"de\"},{\"@type\":\"Organization\",\"@id\":\"https:\\\/\\\/www.brazilecotour.com\\\/de\\\/#organization\",\"name\":\"Brazil Ecotour | DMC & Travel agency in Brazil\",\"url\":\"https:\\\/\\\/www.brazilecotour.com\\\/de\\\/\",\"logo\":{\"@type\":\"ImageObject\",\"inLanguage\":\"de\",\"@id\":\"https:\\\/\\\/www.brazilecotour.com\\\/de\\\/#\\\/schema\\\/logo\\\/image\\\/\",\"url\":\"https:\\\/\\\/www.brazilecotour.com\\\/wp-content\\\/uploads\\\/2017\\\/06\\\/brazilecotour_logo.png\",\"contentUrl\":\"https:\\\/\\\/www.brazilecotour.com\\\/wp-content\\\/uploads\\\/2017\\\/06\\\/brazilecotour_logo.png\",\"width\":350,\"height\":100,\"caption\":\"Brazil Ecotour | DMC & Travel agency in Brazil\"},\"image\":{\"@id\":\"https:\\\/\\\/www.brazilecotour.com\\\/de\\\/#\\\/schema\\\/logo\\\/image\\\/\"},\"sameAs\":[\"https:\\\/\\\/www.facebook.com\\\/brazilecotour\\\/\",\"https:\\\/\\\/x.com\\\/brazilecotour01\",\"https:\\\/\\\/www.instagram.com\\\/brazilecotour\\\/\",\"https:\\\/\\\/www.linkedin.com\\\/company\\\/brazilecotour\",\"https:\\\/\\\/www.pinterest.com\\\/brazilecotour\\\/\",\"https:\\\/\\\/www.youtube.com\\\/channel\\\/UCbaIa7Xo7DuwNz0z3H1zDnA\"]}]}<\/script>\n<!-- \/ Yoast SEO Premium plugin. -->","yoast_head_json":{"title":"Karneval in Rio de Janeiro | Reiseb\u00fcro Brasilien | Brasilien","description":"Karneval in Rio ist ein unvergessliches Erlebnis. Sehen Sie die besten Sambaschulen bei der Parade im Samb\u00f3dromo Reiseb\u00fcro Brasilien","robots":{"index":"index","follow":"follow","max-snippet":"max-snippet:-1","max-image-preview":"max-image-preview:large","max-video-preview":"max-video-preview:-1"},"canonical":"https:\/\/www.brazilecotour.com\/de\/karneval-in-rio-de-janeiro\/","og_locale":"de_DE","og_type":"article","og_title":"Karneval in Rio de Janeiro","og_description":"Karneval in Rio ist ein unvergessliches Erlebnis. Sehen Sie die besten Sambaschulen bei der Parade im Samb\u00f3dromo Reiseb\u00fcro Brasilien","og_url":"https:\/\/www.brazilecotour.com\/de\/karneval-in-rio-de-janeiro\/","og_site_name":"Brazil Ecotour | DMC &amp; Travel agency in Brazil","article_publisher":"https:\/\/www.facebook.com\/brazilecotour\/","article_modified_time":"2024-03-23T19:24:34+00:00","og_image":[{"url":"https:\/\/www.brazilecotour.com\/wp-content\/uploads\/elementor\/thumbs\/Rio-de-janeiro-brazil-onfy714u6hk7nm9m5u1fo50nnnkv8x23kwgmtfzqsc.png","type":"","width":"","height":""}],"twitter_card":"summary_large_image","twitter_site":"@brazilecotour01","twitter_misc":{"Gesch\u00e4tzte Lesezeit":"2\u00a0Minuten"},"schema":{"@context":"https:\/\/schema.org","@graph":[{"@type":"WebPage","@id":"https:\/\/www.brazilecotour.com\/de\/karneval-in-rio-de-janeiro\/","url":"https:\/\/www.brazilecotour.com\/de\/karneval-in-rio-de-janeiro\/","name":"Karneval in Rio de Janeiro | Reiseb\u00fcro Brasilien | Brasilien","isPartOf":{"@id":"https:\/\/www.brazilecotour.com\/de\/#website"},"primaryImageOfPage":{"@id":"https:\/\/www.brazilecotour.com\/de\/karneval-in-rio-de-janeiro\/#primaryimage"},"image":{"@id":"https:\/\/www.brazilecotour.com\/de\/karneval-in-rio-de-janeiro\/#primaryimage"},"thumbnailUrl":"https:\/\/www.brazilecotour.com\/wp-content\/uploads\/elementor\/thumbs\/Rio-de-janeiro-brazil-p6cvb2i21x94z8e89q7d3w780d89mmvmjye0jjwlss.png","datePublished":"2020-03-29T05:08:14+00:00","dateModified":"2024-03-23T19:24:34+00:00","description":"Karneval in Rio ist ein unvergessliches Erlebnis. Sehen Sie die besten Sambaschulen bei der Parade im Samb\u00f3dromo Reiseb\u00fcro Brasilien","breadcrumb":{"@id":"https:\/\/www.brazilecotour.com\/de\/karneval-in-rio-de-janeiro\/#breadcrumb"},"inLanguage":"de","potentialAction":[{"@type":"ReadAction","target":["https:\/\/www.brazilecotour.com\/de\/karneval-in-rio-de-janeiro\/"]}]},{"@type":"ImageObject","inLanguage":"de","@id":"https:\/\/www.brazilecotour.com\/de\/karneval-in-rio-de-janeiro\/#primaryimage","url":"https:\/\/www.brazilecotour.com\/wp-content\/uploads\/elementor\/thumbs\/Rio-de-janeiro-brazil-p6cvb2i21x94z8e89q7d3w780d89mmvmjye0jjwlss.png","contentUrl":"https:\/\/www.brazilecotour.com\/wp-content\/uploads\/elementor\/thumbs\/Rio-de-janeiro-brazil-p6cvb2i21x94z8e89q7d3w780d89mmvmjye0jjwlss.png"},{"@type":"BreadcrumbList","@id":"https:\/\/www.brazilecotour.com\/de\/karneval-in-rio-de-janeiro\/#breadcrumb","itemListElement":[{"@type":"ListItem","position":1,"name":"Accueil","item":"https:\/\/www.brazilecotour.com\/de\/"},{"@type":"ListItem","position":2,"name":"Karneval in Rio de Janeiro"}]},{"@type":"WebSite","@id":"https:\/\/www.brazilecotour.com\/de\/#website","url":"https:\/\/www.brazilecotour.com\/de\/","name":"Brazil Ecotour | DMC and Travel Agency in Brazil","description":"Beyond Travel, Real Experiences","publisher":{"@id":"https:\/\/www.brazilecotour.com\/de\/#organization"},"potentialAction":[{"@type":"SearchAction","target":{"@type":"EntryPoint","urlTemplate":"https:\/\/www.brazilecotour.com\/de\/?s={search_term_string}"},"query-input":{"@type":"PropertyValueSpecification","valueRequired":true,"valueName":"search_term_string"}}],"inLanguage":"de"},{"@type":"Organization","@id":"https:\/\/www.brazilecotour.com\/de\/#organization","name":"Brazil Ecotour | DMC & Travel agency in Brazil","url":"https:\/\/www.brazilecotour.com\/de\/","logo":{"@type":"ImageObject","inLanguage":"de","@id":"https:\/\/www.brazilecotour.com\/de\/#\/schema\/logo\/image\/","url":"https:\/\/www.brazilecotour.com\/wp-content\/uploads\/2017\/06\/brazilecotour_logo.png","contentUrl":"https:\/\/www.brazilecotour.com\/wp-content\/uploads\/2017\/06\/brazilecotour_logo.png","width":350,"height":100,"caption":"Brazil Ecotour | DMC & Travel agency in Brazil"},"image":{"@id":"https:\/\/www.brazilecotour.com\/de\/#\/schema\/logo\/image\/"},"sameAs":["https:\/\/www.facebook.com\/brazilecotour\/","https:\/\/x.com\/brazilecotour01","https:\/\/www.instagram.com\/brazilecotour\/","https:\/\/www.linkedin.com\/company\/brazilecotour","https:\/\/www.pinterest.com\/brazilecotour\/","https:\/\/www.youtube.com\/channel\/UCbaIa7Xo7DuwNz0z3H1zDnA"]}]}},"_links":{"self":[{"href":"https:\/\/www.brazilecotour.com\/de\/wp-json\/wp\/v2\/pages\/9700","targetHints":{"allow":["GET"]}}],"collection":[{"href":"https:\/\/www.brazilecotour.com\/de\/wp-json\/wp\/v2\/pages"}],"about":[{"href":"https:\/\/www.brazilecotour.com\/de\/wp-json\/wp\/v2\/types\/page"}],"author":[{"embeddable":true,"href":"https:\/\/www.brazilecotour.com\/de\/wp-json\/wp\/v2\/users\/2"}],"replies":[{"embeddable":true,"href":"https:\/\/www.brazilecotour.com\/de\/wp-json\/wp\/v2\/comments?post=9700"}],"version-history":[{"count":3,"href":"https:\/\/www.brazilecotour.com\/de\/wp-json\/wp\/v2\/pages\/9700\/revisions"}],"predecessor-version":[{"id":25541,"href":"https:\/\/www.brazilecotour.com\/de\/wp-json\/wp\/v2\/pages\/9700\/revisions\/25541"}],"wp:attachment":[{"href":"https:\/\/www.brazilecotour.com\/de\/wp-json\/wp\/v2\/media?parent=9700"}],"curies":[{"name":"wp","href":"https:\/\/api.w.org\/{rel}","templated":true}]}}